{"id":597452,"date":"2025-03-05T01:26:19","date_gmt":"2025-03-05T00:26:19","guid":{"rendered":"https:\/\/shop.kustom.ch\/?post_type=product&#038;p=597452"},"modified":"2026-03-31T09:04:12","modified_gmt":"2026-03-31T08:04:12","slug":"high-vis-winterjacke-4","status":"publish","type":"product","link":"https:\/\/shop.kustom.ch\/fr\/produit\/high-vis-winterjacke-4\/","title":{"rendered":"Veste d'hiver haute visibilit\u00e9"},"content":{"rendered":"<p>Le choix des v\u00eatements de travail est tr\u00e8s important lorsque l'on travaille dans un environnement difficile. C'est pourquoi il faut choisir une veste haute visibilit\u00e9 fonctionnelle avec des couleurs fluorescentes et des r\u00e9flecteurs. La veste est dot\u00e9e d'une doublure rapport\u00e9e qui maintient le corps au chaud et est confortable \u00e0 porter toute la journ\u00e9e. Double poche doubl\u00e9e et fermeture \u00e9clair dans la doublure dorsale pour le meilleur confort. Certifi\u00e9 EN 471 \/ EN ISO 20471 classe 3, v\u00eatement de protection \u00e0 haute visibilit\u00e9. EN 342, protection en cas d'environnement froid.<\/p>\n<p>FERMETURE : Taille r\u00e9glable avec bouton. Poignets r\u00e9glables avec fermeture velcro. D\u00c9TAILS : fermeture \u00e0 glissi\u00e8re dans la doublure, pour une finition textile facile. Poche pour carte d'identit\u00e9 escamotable. Capuche amovible et r\u00e9glable (vendue s\u00e9par\u00e9ment, art. n\u00b0 2165, 2166). FERMETURE FRONTALE : fermeture \u00e0 glissi\u00e8re invisible et renforc\u00e9e en plastique. FONCTIONNALIT\u00c9 : Mat\u00e9riau durablement d\u00e9perlant. CARACT\u00c9RISTIQUES PRINCIPALES : Conducteur. EN ISO 20471. REFLEX : Mat\u00e9riau r\u00e9fl\u00e9chissant sur le torse, les manches et les \u00e9paules. TISSU : pour hommes. Jaune haute visibilit\u00e9. Hydrofuge. Protection haute visibilit\u00e9. POCHES : Poches de poitrine avec fermeture \u00e0 glissi\u00e8re. Poche pour t\u00e9l\u00e9phone portable \u00e0 l'int\u00e9rieur. Poche int\u00e9rieure avec fermeture velcro. Poches avant avec rabats et poches lat\u00e9rales. Poche sur la manche avec poche pour stylo. INSTRUCTIONS DE LAVAGE : Nombre de lavages : 25. Ne pas blanchir. CERTIFICATION : EN 342 avec art. 1883 ou 1885. EN ISO 20471, classe 3.<\/p>\n<p>70% polyester, 30% coton, serg\u00e9, ext\u00e9rieur hydrofuge, 230g\/m<\/p>","protected":false},"excerpt":{"rendered":"<p>Die Wahl der Arbeitskleidung ist bei der Arbeit in rauer Umgebung sehr wichtig. W\u00e4hlen Sie deswegen eine funktionelle High Vis Jacke mit fluoreszierenden Farben und Reflektoren aus. Die Jacke hat ein aufgesetztes Futter, das den K\u00f6rper warm h\u00e4lt und den ganzen Tag bequem zu tragen ist. Gef\u00fctterte Doppeltasche und Reissverschluss im R\u00fcckenfutter f\u00fcr den besten [&hellip;]<\/p>\n","protected":false},"featured_media":597516,"template":"","meta":[],"product_brand":[],"product_cat":[4186],"product_tag":[],"class_list":{"0":"post-597452","1":"product","2":"type-product","3":"status-publish","4":"has-post-thumbnail","6":"product_cat-jacken","7":"pa_brand-blaklaeder","8":"pa_brand-type-workwear","9":"pa_filter-color-blau","10":"pa_filter-color-gelb","11":"pa_filter-color-schwarz","13":"first","14":"instock","15":"sale","16":"taxable","17":"shipping-taxable","18":"purchasable","19":"product-type-variable","20":"add-to-wishlist-before_image"},"exclude_global_add_ons":[],"addons":[],"acf":[],"_links":{"self":[{"href":"https:\/\/shop.kustom.ch\/fr\/wp-json\/wp\/v2\/product\/597452"}],"collection":[{"href":"https:\/\/shop.kustom.ch\/fr\/wp-json\/wp\/v2\/product"}],"about":[{"href":"https:\/\/shop.kustom.ch\/fr\/wp-json\/wp\/v2\/types\/product"}],"wp:featuredmedia":[{"embeddable":true,"href":"https:\/\/shop.kustom.ch\/fr\/wp-json\/wp\/v2\/media\/597516"}],"wp:attachment":[{"href":"https:\/\/shop.kustom.ch\/fr\/wp-json\/wp\/v2\/media?parent=597452"}],"wp:term":[{"taxonomy":"product_brand","embeddable":true,"href":"https:\/\/shop.kustom.ch\/fr\/wp-json\/wp\/v2\/product_brand?post=597452"},{"taxonomy":"product_cat","embeddable":true,"href":"https:\/\/shop.kustom.ch\/fr\/wp-json\/wp\/v2\/product_cat?post=597452"},{"taxonomy":"product_tag","embeddable":true,"href":"https:\/\/shop.kustom.ch\/fr\/wp-json\/wp\/v2\/product_tag?post=597452"}],"curies":[{"name":"wp","href":"https:\/\/api.w.org\/{rel}","templated":true}]}}