{"id":597215,"date":"2025-03-05T01:17:21","date_gmt":"2025-03-05T00:17:21","guid":{"rendered":"https:\/\/shop.kustom.ch\/?post_type=product&#038;p=597215"},"modified":"2026-03-31T09:03:43","modified_gmt":"2026-03-31T08:03:43","slug":"shell-jacke-2","status":"publish","type":"product","link":"https:\/\/shop.kustom.ch\/fr\/produit\/shell-jacke-2\/","title":{"rendered":"Veste Shell"},"content":{"rendered":"<p>Veste shell avec des coutures soud\u00e9es et un tissu ext\u00e9rieur coupe-vent et imperm\u00e9able qui prot\u00e8ge du vent, de la pluie et de l'usure ext\u00e9rieure. La veste Shell s'int\u00e8gre avec d'autres couches de v\u00eatements en \u00e9vacuant l'humidit\u00e9. Cordon de serrage et stoppeur \u00e0 la fermeture. Capuche amovible avec doublure en mesh. Poches fonctionnelles, y compris une poche int\u00e9rieure et une poche pour t\u00e9l\u00e9phone portable \u00e0 l'int\u00e9rieur. Dos rallong\u00e9 pour un bon maintien. Certifi\u00e9 selon la norme EN 343.<\/p>\n<p>FERMETURE : Ceinture r\u00e9glable avec cordon de serrage. Poignets r\u00e9glables. D\u00c9TAILS : fermeture \u00e0 glissi\u00e8re dans la doublure, pour une finition textile facile. Impression sur la poitrine. Capuche amovible et r\u00e9glable. FERMETURE FRONTALE : Fermeture \u00e0 glissi\u00e8re en plastique. FONCTIONNALIT\u00c9 : Mat\u00e9riau imperm\u00e9able au vent et \u00e0 l'eau avec respirabilit\u00e9, coutures soud\u00e9es. EXTENSION DES TAILLES : le produit a une gamme de tailles \u00e9largie dans certaines couleurs. CARACT\u00c9RISTIQUES PRINCIPALES : Conducteur. EN 343. REFLEX : Impression r\u00e9fl\u00e9chissante sur les manches et la capuche. SYMBOLS : Cordons de serrage tap\u00e9s. POCHES : Poche de poitrine avec fermeture \u00e0 glissi\u00e8re. Poche int\u00e9rieure avec fermeture \u00e9clair. Poches avant avec fermetures \u00e0 glissi\u00e8re. INSTRUCTIONS DE LAVAGE : Ne pas essorer. CERTIFICATION : EN 343, classe 3.3. Non certifi\u00e9 High Vis.<\/p>\n<p>100% Polyester, Oxford, enduit, imperm\u00e9able 15.000 mm, coupe-vent, respirant Ret 8,5, 200g\/m<\/p>","protected":false},"excerpt":{"rendered":"<p>Shell Jacke mit verschweissten N\u00e4hten und wind- und wasserdichtem Obermaterial, das vor Wind, Regen und \u00e4usserem Verschleiss sch\u00fctzt. Die Shell Jacke integriert sich mit anderen Kleidungslagen, indem sie Feuchtigkeit ableitet. Kordelzug und Stopper am Abschluss. Abnehmbare Kapuze mit Meshfutter. Funktionelle Taschen einschliesslich Innentasche und innenliegender Handytasche. Verl\u00e4ngerter R\u00fccken f\u00fcr guten Sitz. Zertifiziert nach EN 343. [&hellip;]<\/p>\n","protected":false},"featured_media":597245,"template":"","meta":[],"product_brand":[],"product_cat":[4186],"product_tag":[],"class_list":{"0":"post-597215","1":"product","2":"type-product","3":"status-publish","4":"has-post-thumbnail","6":"product_cat-jacken","7":"pa_brand-blaklaeder","8":"pa_brand-type-workwear","9":"pa_filter-color-blau","10":"pa_filter-color-braun","11":"pa_filter-color-gelb","12":"pa_filter-color-grau","13":"pa_filter-color-rot","14":"pa_filter-color-schwarz","16":"first","17":"instock","18":"sale","19":"taxable","20":"shipping-taxable","21":"purchasable","22":"product-type-variable","23":"add-to-wishlist-before_image"},"exclude_global_add_ons":[],"addons":[],"acf":[],"_links":{"self":[{"href":"https:\/\/shop.kustom.ch\/fr\/wp-json\/wp\/v2\/product\/597215"}],"collection":[{"href":"https:\/\/shop.kustom.ch\/fr\/wp-json\/wp\/v2\/product"}],"about":[{"href":"https:\/\/shop.kustom.ch\/fr\/wp-json\/wp\/v2\/types\/product"}],"wp:featuredmedia":[{"embeddable":true,"href":"https:\/\/shop.kustom.ch\/fr\/wp-json\/wp\/v2\/media\/597245"}],"wp:attachment":[{"href":"https:\/\/shop.kustom.ch\/fr\/wp-json\/wp\/v2\/media?parent=597215"}],"wp:term":[{"taxonomy":"product_brand","embeddable":true,"href":"https:\/\/shop.kustom.ch\/fr\/wp-json\/wp\/v2\/product_brand?post=597215"},{"taxonomy":"product_cat","embeddable":true,"href":"https:\/\/shop.kustom.ch\/fr\/wp-json\/wp\/v2\/product_cat?post=597215"},{"taxonomy":"product_tag","embeddable":true,"href":"https:\/\/shop.kustom.ch\/fr\/wp-json\/wp\/v2\/product_tag?post=597215"}],"curies":[{"name":"wp","href":"https:\/\/api.w.org\/{rel}","templated":true}]}}