{"id":597120,"date":"2025-03-05T01:15:32","date_gmt":"2025-03-05T00:15:32","guid":{"rendered":"https:\/\/shop.kustom.ch\/?post_type=product&#038;p=597120"},"modified":"2026-03-31T09:03:36","modified_gmt":"2026-03-31T08:03:36","slug":"faserpelzjacke","status":"publish","type":"product","link":"https:\/\/shop.kustom.ch\/fr\/produit\/faserpelzjacke\/","title":{"rendered":"Veste en fourrure de fibres"},"content":{"rendered":"<p>Veste en fibre polaire de style forestier pour une agr\u00e9able sensation de chaleur. En plus des trous pour les pouces sur les manches, la veste poss\u00e8de un dos allong\u00e9 qui permet de conserver la chaleur.<\/p>\n<p>FERMETURE : Dos rallong\u00e9. Poignets avec ouverture pour le pouce. D\u00c9TAILS : Col montant. FERMETURE FRONTALE : Fermeture \u00e0 glissi\u00e8re en plastique. CARACTERISTIQUES PRINCIPALES : P\u00eacheur. TISSU : Hommes. Bleu. Vent \/ humidit\u00e9 \/ froid. INSTRUCTIONS DE LAVAGE : repassage - bas<\/p>\n<p>100% Polyester, fourrure de fibres, 370g\/m<\/p>","protected":false},"excerpt":{"rendered":"<p>Faserpelzjacke im Forststil f\u00fcr ein angenehmes W\u00e4rmegef\u00fchl. Neben Daumenl\u00f6chern an den \u00c4rmeln hat die Jacke einen verl\u00e4ngerten R\u00fccken, der die W\u00e4rme speichert. ABSCHLUSS: Verl\u00e4ngerter R\u00fccken. \u00c4rmelb\u00fcndchen mit Daumen\u00f6ffnung. DETAILS: Stehkragen. FRONTVERSCHLUSS: Reissverschluss aus Kunststoff. HAUPTEIGENSCHAFTEN: Fischer. STOFF: Herren. blau. Wind \/ N\u00e4sse \/ K\u00e4lte. WASCHANLEITUNG: B\u00fcgeln &#8211; niedrig 100% Polyester, Faserpelz, 370g\/m\u00b2<\/p>","protected":false},"featured_media":597184,"template":"","meta":[],"product_brand":[],"product_cat":[4186],"product_tag":[],"class_list":{"0":"post-597120","1":"product","2":"type-product","3":"status-publish","4":"has-post-thumbnail","6":"product_cat-jacken","7":"pa_brand-blaklaeder","8":"pa_brand-type-workwear","9":"pa_filter-color-blau","11":"first","12":"instock","13":"sale","14":"taxable","15":"shipping-taxable","16":"purchasable","17":"product-type-variable","18":"add-to-wishlist-before_image"},"exclude_global_add_ons":[],"addons":[],"acf":[],"_links":{"self":[{"href":"https:\/\/shop.kustom.ch\/fr\/wp-json\/wp\/v2\/product\/597120"}],"collection":[{"href":"https:\/\/shop.kustom.ch\/fr\/wp-json\/wp\/v2\/product"}],"about":[{"href":"https:\/\/shop.kustom.ch\/fr\/wp-json\/wp\/v2\/types\/product"}],"wp:featuredmedia":[{"embeddable":true,"href":"https:\/\/shop.kustom.ch\/fr\/wp-json\/wp\/v2\/media\/597184"}],"wp:attachment":[{"href":"https:\/\/shop.kustom.ch\/fr\/wp-json\/wp\/v2\/media?parent=597120"}],"wp:term":[{"taxonomy":"product_brand","embeddable":true,"href":"https:\/\/shop.kustom.ch\/fr\/wp-json\/wp\/v2\/product_brand?post=597120"},{"taxonomy":"product_cat","embeddable":true,"href":"https:\/\/shop.kustom.ch\/fr\/wp-json\/wp\/v2\/product_cat?post=597120"},{"taxonomy":"product_tag","embeddable":true,"href":"https:\/\/shop.kustom.ch\/fr\/wp-json\/wp\/v2\/product_tag?post=597120"}],"curies":[{"name":"wp","href":"https:\/\/api.w.org\/{rel}","templated":true}]}}