{"id":596873,"date":"2025-03-05T01:11:23","date_gmt":"2025-03-05T00:11:23","guid":{"rendered":"https:\/\/shop.kustom.ch\/?post_type=product&#038;p=596873"},"modified":"2026-03-31T09:02:34","modified_gmt":"2026-03-31T08:02:34","slug":"pile-jacke","status":"publish","type":"product","link":"https:\/\/shop.kustom.ch\/fr\/produit\/pile-jacke\/","title":{"rendered":"Veste Pile"},"content":{"rendered":"<p>La veste Pile de Bl\u00e5kl\u00e4der est un compagnon chaud au style classique. La veste, qui peut \u00e9galement \u00eatre utilis\u00e9e comme un pull chaud, est fabriqu\u00e9e dans un tissu \u00e0 poils de haute qualit\u00e9 et r\u00e9pond \u00e0 tous les besoins lorsqu'il s'agit de vous garder au chaud et \u00e0 l'aise. La veste est dot\u00e9e d'une capuche, d'un dos allong\u00e9 et de trous pour les pouces. C'est un classique imbattable dans le style Bl\u00e5kl\u00e4der. Donc, si vous recherchez la chaleur et le confort dans un seul v\u00eatement, c'est le choix parfait pour vous. \u00c9galement disponible en mod\u00e8le femme 4727.<\/p>\n<p>FERMETURE : Bande \u00e9lastique dans l'ourlet inf\u00e9rieur. Poignets \u00e9largis avec ouverture pour le pouce et ourlet \u00e9lastique. D\u00c9TAILS : Capuche fixe. FERMETURE FRONTALE : Patte \u00e0 vent avec doublure en polaire \u00e0 l'int\u00e9rieur. CARACTERISTIQUES PRINCIPALES : Conducteur. TISSU : Hommes. Vert. Vent \/ humidit\u00e9 \/ froid. PORTEFEUILLE : Poche de poitrine avec fermeture \u00e9clair. Poches lat\u00e9rales avec fermeture \u00e9clair. INSTRUCTIONS DE LAVAGE : Ne pas blanchir.<\/p>\n<p>100% velours polyester, 350g\/m<\/p>","protected":false},"excerpt":{"rendered":"<p>Die Bl\u00e5kl\u00e4der Pile Jacke ist ein w\u00e4rmender Begleiter im klassischen Stil. Die Jacke, die auch als warmer Pullover verwendet werden kann, ist aus hochwertigem Florgewebe gefertigt und l\u00e4sst keine W\u00fcnsche offen, wenn es darum geht, Sie warm und bequem zu halten. Die Jacke hat eine Kapuze, einen verl\u00e4ngerten R\u00fccken und Daumenl\u00f6cher. Sie ist ein unschlagbarer [&hellip;]<\/p>\n","protected":false},"featured_media":596938,"template":"","meta":[],"product_brand":[],"product_cat":[4186],"product_tag":[],"class_list":{"0":"post-596873","1":"product","2":"type-product","3":"status-publish","4":"has-post-thumbnail","6":"product_cat-jacken","7":"pa_brand-blaklaeder","8":"pa_brand-type-workwear","9":"pa_filter-color-gruen","10":"pa_filter-color-schwarz","12":"first","13":"instock","14":"sale","15":"taxable","16":"shipping-taxable","17":"purchasable","18":"product-type-variable","19":"add-to-wishlist-before_image"},"exclude_global_add_ons":[],"addons":[],"acf":[],"_links":{"self":[{"href":"https:\/\/shop.kustom.ch\/fr\/wp-json\/wp\/v2\/product\/596873"}],"collection":[{"href":"https:\/\/shop.kustom.ch\/fr\/wp-json\/wp\/v2\/product"}],"about":[{"href":"https:\/\/shop.kustom.ch\/fr\/wp-json\/wp\/v2\/types\/product"}],"wp:featuredmedia":[{"embeddable":true,"href":"https:\/\/shop.kustom.ch\/fr\/wp-json\/wp\/v2\/media\/596938"}],"wp:attachment":[{"href":"https:\/\/shop.kustom.ch\/fr\/wp-json\/wp\/v2\/media?parent=596873"}],"wp:term":[{"taxonomy":"product_brand","embeddable":true,"href":"https:\/\/shop.kustom.ch\/fr\/wp-json\/wp\/v2\/product_brand?post=596873"},{"taxonomy":"product_cat","embeddable":true,"href":"https:\/\/shop.kustom.ch\/fr\/wp-json\/wp\/v2\/product_cat?post=596873"},{"taxonomy":"product_tag","embeddable":true,"href":"https:\/\/shop.kustom.ch\/fr\/wp-json\/wp\/v2\/product_tag?post=596873"}],"curies":[{"name":"wp","href":"https:\/\/api.w.org\/{rel}","templated":true}]}}