{"id":596264,"date":"2025-03-05T00:39:44","date_gmt":"2025-03-04T23:39:44","guid":{"rendered":"https:\/\/shop.kustom.ch\/?post_type=product&#038;p=596264"},"modified":"2026-03-31T09:00:56","modified_gmt":"2026-03-31T08:00:56","slug":"damen-high-vis-winterjacke","status":"publish","type":"product","link":"https:\/\/shop.kustom.ch\/fr\/produit\/damen-high-vis-winterjacke\/","title":{"rendered":"Veste d'hiver haute visibilit\u00e9 pour femmes"},"content":{"rendered":"<p>Une veste d'hiver de coupe f\u00e9minine, classe 2 haute visibilit\u00e9, qui offre une visibilit\u00e9 suppl\u00e9mentaire lorsque vous en avez le plus besoin. La veste a une doublure matelass\u00e9e, est imperm\u00e9able au vent et \u00e0 l'eau avec des coutures scell\u00e9es et a une coupe confortable, plus large et ajustable pour plus de confort. La capuche est amovible et peut \u00eatre utilis\u00e9e pour les casques et les cache-oreilles. \u00c9galement disponible en mod\u00e8le 4455 pour hommes.<\/p>\n<p>FERMETURE : Ceinture r\u00e9glable avec cordon de serrage. Poignet int\u00e9rieur avec trou pour le pouce. D\u00c9TAILS : Bonnes surfaces pour les finitions. Anneau en D. Impression r\u00e9fl\u00e9chissante \u00e0 l'arri\u00e8re de la capuche. Capuche amovible et r\u00e9glable avec doublure chaude. Mousqueton en m\u00e9tal. Boutons en m\u00e9tal. Col doubl\u00e9 en polaire. Coutures soud\u00e9es. Passants de chaque c\u00f4t\u00e9 de la poitrine pour microphones et autres \u00e9quipements. Manches raglan. FERMETURE FRONTALE : Double coupe-vent avec fermeture velcro, poign\u00e9e en hypalon avec transfert r\u00e9fl\u00e9chissant. FONCTIONNALIT\u00c9 : Tissu coupe-vent &amp; imperm\u00e9able avec respirabilit\u00e9, coutures soud\u00e9es. Manches pr\u00e9form\u00e9es. TRAVAUX PRINCIPAUX : Travailleurs de la route et du b\u00e2timent. EN 342. REFLEX : bandes r\u00e9fl\u00e9chissantes de transfert de 50 mm de large. TISSU : Disponible pour hommes et femmes. bleu. coupe-vent. Protection haute visibilit\u00e9. POCHES : Poche poitrine avec fermeture \u00e9clair et anneau en D. Poche int\u00e9rieure avec fermeture \u00e9clair. Poches de rangement avec fermeture \u00e9clair et doublure polaire. Poche sur la manche pour les stylos. INSTRUCTIONS DE LAVAGE : nombre de lavages : 20. Ne pas blanchir. CERTIFICATION : Certifi\u00e9e EN 342 avec l'article 1875. EN 343, classe 4,1. EN ISO 20471, classe 2.<\/p>\n<p>100% Polyester, serg\u00e9, stretch, enduit, \u00e9tanche \u00e0 l'eau 11.000mm, coupe-vent, respirant Ret 6,3, 150 g\/m\u00b2.<\/p>","protected":false},"excerpt":{"rendered":"<p>Eine Winterjacke im Damenschnitt, Klasse 2 High Vis, die f\u00fcr zus\u00e4tzliche Sichtbarkeit sorgt, wenn Sie sie am meisten brauchen. Die Jacke hat ein gestepptes Futter, ist wind- und wasserdicht mit versiegelten N\u00e4hten und hat eine bequeme, weitere und verstellbare Passform f\u00fcr zus\u00e4tzlichen Komfort. Die Kapuze ist abnehmbar und f\u00fcr Helme und Ohrensch\u00fctzer geeignet. Auch als [&hellip;]<\/p>\n","protected":false},"featured_media":596322,"template":"","meta":[],"product_brand":[],"product_cat":[4186],"product_tag":[],"class_list":{"0":"post-596264","1":"product","2":"type-product","3":"status-publish","4":"has-post-thumbnail","6":"product_cat-jacken","7":"pa_brand-blaklaeder","8":"pa_brand-type-workwear","9":"pa_filter-color-blau","10":"pa_filter-color-gelb","11":"pa_filter-color-orange","12":"pa_filter-color-rot","13":"pa_filter-color-schwarz","15":"first","16":"instock","17":"sale","18":"taxable","19":"shipping-taxable","20":"purchasable","21":"product-type-variable","22":"add-to-wishlist-before_image"},"exclude_global_add_ons":[],"addons":[],"acf":[],"_links":{"self":[{"href":"https:\/\/shop.kustom.ch\/fr\/wp-json\/wp\/v2\/product\/596264"}],"collection":[{"href":"https:\/\/shop.kustom.ch\/fr\/wp-json\/wp\/v2\/product"}],"about":[{"href":"https:\/\/shop.kustom.ch\/fr\/wp-json\/wp\/v2\/types\/product"}],"wp:featuredmedia":[{"embeddable":true,"href":"https:\/\/shop.kustom.ch\/fr\/wp-json\/wp\/v2\/media\/596322"}],"wp:attachment":[{"href":"https:\/\/shop.kustom.ch\/fr\/wp-json\/wp\/v2\/media?parent=596264"}],"wp:term":[{"taxonomy":"product_brand","embeddable":true,"href":"https:\/\/shop.kustom.ch\/fr\/wp-json\/wp\/v2\/product_brand?post=596264"},{"taxonomy":"product_cat","embeddable":true,"href":"https:\/\/shop.kustom.ch\/fr\/wp-json\/wp\/v2\/product_cat?post=596264"},{"taxonomy":"product_tag","embeddable":true,"href":"https:\/\/shop.kustom.ch\/fr\/wp-json\/wp\/v2\/product_tag?post=596264"}],"curies":[{"name":"wp","href":"https:\/\/api.w.org\/{rel}","templated":true}]}}