{"id":595234,"date":"2025-03-05T00:18:34","date_gmt":"2025-03-04T23:18:34","guid":{"rendered":"https:\/\/shop.kustom.ch\/?post_type=product&#038;p=595234"},"modified":"2026-03-31T08:58:14","modified_gmt":"2026-03-31T07:58:14","slug":"winterweste-2","status":"publish","type":"product","link":"https:\/\/shop.kustom.ch\/fr\/produit\/winterweste-2\/","title":{"rendered":"Gilet d'hiver"},"content":{"rendered":"<p>Gilet d'hiver doubl\u00e9 avec capuche, parfait pour la mi-saison. Le gilet est fabriqu\u00e9 dans un mat\u00e9riau l\u00e9ger et souple et poss\u00e8de des renforts en CORDURA\u00ae Denim sur les \u00e9paules, une fermeture \u00e9clair sur le devant et une capuche amovible, \u00e9galement doubl\u00e9e. Les poches avant sont zipp\u00e9es et les poches int\u00e9rieures comportent une poche pour t\u00e9l\u00e9phone portable. Le dos est long afin de prot\u00e9ger la zone sensible des reins.<\/p>\n<p>FERMETURE : Dos rallong\u00e9. D\u00c9TAILS : Capuche amovible et r\u00e9glable avec doublure chaude. Int\u00e9rieur du col de couleur contrast\u00e9e. \u00c9paules renforc\u00e9es. Broderie Bl\u00e5kl\u00e4der \u00e0 l'arri\u00e8re. FERMETURE FRONTALE : Fermeture \u00e0 glissi\u00e8re en plastique. FONCTIONNALIT\u00c9 : Doublure chaude. CARACTERISTIQUES PRINCIPALES : P\u00eacheur. TISSU : Hommes. Gris. Doublure matelass\u00e9e. Vent \/ humidit\u00e9 \/ froid. POCHES : Poches int\u00e9rieures avec poche pour t\u00e9l\u00e9phone portable. Poches avant avec fermetures \u00e0 glissi\u00e8re. CONDITION DE LAVAGE : S\u00e8che-linge - bas. RENFORCEMENT : \u00c9paules renforc\u00e9es<\/p>\n<p>65% polyester, 35% coton, tissage fin , 166g\/m<\/p>","protected":false},"excerpt":{"rendered":"<p>Gef\u00fctterte Winterweste mit Kapuze, perfekt f\u00fcr die \u00dcbergangszeit. Die Weste besteht aus einem leichten, weichen Material und besitzt CORDURA\u00ae Denim Verst\u00e4rkungen an den Schultern, einen Reissverschluss vorne und eine abnehmbare, ebenfalls gef\u00fctterte, Kapuze. Die Vordertaschen haben einen Reissverschluss und die Innentaschen haben eine Handytasche inkludiert. Der R\u00fccken ist lang geschnitten, um den empfindlichen Lendenbereich zu [&hellip;]<\/p>\n","protected":false},"featured_media":530665,"template":"","meta":[],"product_brand":[],"product_cat":[4208],"product_tag":[],"class_list":{"0":"post-595234","1":"product","2":"type-product","3":"status-publish","4":"has-post-thumbnail","6":"product_cat-westen","7":"pa_brand-blaklaeder","8":"pa_brand-type-workwear","9":"pa_filter-color-grau","11":"first","12":"instock","13":"sale","14":"taxable","15":"shipping-taxable","16":"purchasable","17":"product-type-variable","18":"add-to-wishlist-before_image"},"exclude_global_add_ons":[],"addons":[],"acf":[],"_links":{"self":[{"href":"https:\/\/shop.kustom.ch\/fr\/wp-json\/wp\/v2\/product\/595234"}],"collection":[{"href":"https:\/\/shop.kustom.ch\/fr\/wp-json\/wp\/v2\/product"}],"about":[{"href":"https:\/\/shop.kustom.ch\/fr\/wp-json\/wp\/v2\/types\/product"}],"wp:featuredmedia":[{"embeddable":true,"href":"https:\/\/shop.kustom.ch\/fr\/wp-json\/wp\/v2\/media\/530665"}],"wp:attachment":[{"href":"https:\/\/shop.kustom.ch\/fr\/wp-json\/wp\/v2\/media?parent=595234"}],"wp:term":[{"taxonomy":"product_brand","embeddable":true,"href":"https:\/\/shop.kustom.ch\/fr\/wp-json\/wp\/v2\/product_brand?post=595234"},{"taxonomy":"product_cat","embeddable":true,"href":"https:\/\/shop.kustom.ch\/fr\/wp-json\/wp\/v2\/product_cat?post=595234"},{"taxonomy":"product_tag","embeddable":true,"href":"https:\/\/shop.kustom.ch\/fr\/wp-json\/wp\/v2\/product_tag?post=595234"}],"curies":[{"name":"wp","href":"https:\/\/api.w.org\/{rel}","templated":true}]}}