{"id":595153,"date":"2025-03-05T00:17:21","date_gmt":"2025-03-04T23:17:21","guid":{"rendered":"https:\/\/shop.kustom.ch\/?post_type=product&#038;p=595153"},"modified":"2026-03-31T08:57:57","modified_gmt":"2026-03-31T07:57:57","slug":"damen-weste-warm-gefuettert","status":"publish","type":"product","link":"https:\/\/shop.kustom.ch\/fr\/produit\/damen-weste-warm-gefuettert\/","title":{"rendered":"Gilet pour femme avec doublure chaude"},"content":{"rendered":"<p>Un gilet matelass\u00e9 pour femme de la collection Unite de Bl\u00e5kl\u00e4der. Il est dot\u00e9 d'une fermeture \u00e9clair \u00e0 double sens et d'une doublure chaude \u00e0 l'avant et \u00e0 l'arri\u00e8re. Les c\u00f4t\u00e9s et les \u00e9paules du gilet sont en polyester tricot\u00e9, ce qui contribue \u00e0 une excellente libert\u00e9 de mouvement et \u00e0 un confort optimal. Le gilet offre une bonne surface pour les finitions. \u00c9galement disponible en mod\u00e8le homme 3863.<\/p>\n<p>FERMETURE : Ceinture \u00e9lastique. D\u00c9TAILS : Bonnes surfaces pour les finitions. FERMETURE FRONTALE : Patte \u00e0 vent \u00e0 l'int\u00e9rieur. FONCTIONNALIT\u00c9 : Haut du corps chaudement doubl\u00e9 \u00e0 l'avant et \u00e0 l'arri\u00e8re. CARACTERISTIQUES PRINCIPALES : Jardinier. TISSU : Disponible pour hommes et femmes. bleu. Unite. POCHES : Poches avant avec fermetures \u00e0 glissi\u00e8re. INSTRUCTIONS DE LAVAGE : 40\u00b0 C<\/p>\n<p>100% Polyamide, Dobby, hydrofuge, 52 g\/m<\/p>","protected":false},"excerpt":{"rendered":"<p>Eine gesteppte Weste im Damenschnitt aus Bl\u00e5kl\u00e4ders Unite Kollektion. Sie hat einen Zwei-Wege-Reissverschluss und ist sowohl vorne als auch hinten warm gef\u00fcttert. Die Seiten- und Schulterbereiche der Weste bestehen aus gestricktem Polyester, was zur exzellenten Bewegungsfreiheit und dem besten Komfort beitr\u00e4gt. Die Weste bietet eine gute Oberfl\u00e4che f\u00fcr Veredelungen. Auch als Herrenmodell 3863 erh\u00e4ltlich. ABSCHLUSS: [&hellip;]<\/p>\n","protected":false},"featured_media":595210,"template":"","meta":[],"product_brand":[],"product_cat":[4208],"product_tag":[],"class_list":{"0":"post-595153","1":"product","2":"type-product","3":"status-publish","4":"has-post-thumbnail","6":"product_cat-westen","7":"pa_brand-blaklaeder","8":"pa_brand-type-workwear","9":"pa_filter-color-blau","11":"first","12":"instock","13":"sale","14":"taxable","15":"shipping-taxable","16":"purchasable","17":"product-type-variable","18":"add-to-wishlist-before_image"},"exclude_global_add_ons":[],"addons":[],"acf":[],"_links":{"self":[{"href":"https:\/\/shop.kustom.ch\/fr\/wp-json\/wp\/v2\/product\/595153"}],"collection":[{"href":"https:\/\/shop.kustom.ch\/fr\/wp-json\/wp\/v2\/product"}],"about":[{"href":"https:\/\/shop.kustom.ch\/fr\/wp-json\/wp\/v2\/types\/product"}],"wp:featuredmedia":[{"embeddable":true,"href":"https:\/\/shop.kustom.ch\/fr\/wp-json\/wp\/v2\/media\/595210"}],"wp:attachment":[{"href":"https:\/\/shop.kustom.ch\/fr\/wp-json\/wp\/v2\/media?parent=595153"}],"wp:term":[{"taxonomy":"product_brand","embeddable":true,"href":"https:\/\/shop.kustom.ch\/fr\/wp-json\/wp\/v2\/product_brand?post=595153"},{"taxonomy":"product_cat","embeddable":true,"href":"https:\/\/shop.kustom.ch\/fr\/wp-json\/wp\/v2\/product_cat?post=595153"},{"taxonomy":"product_tag","embeddable":true,"href":"https:\/\/shop.kustom.ch\/fr\/wp-json\/wp\/v2\/product_tag?post=595153"}],"curies":[{"name":"wp","href":"https:\/\/api.w.org\/{rel}","templated":true}]}}