{"id":595068,"date":"2025-03-05T00:16:05","date_gmt":"2025-03-04T23:16:05","guid":{"rendered":"https:\/\/shop.kustom.ch\/?post_type=product&#038;p=595068"},"modified":"2026-03-31T08:57:50","modified_gmt":"2026-03-31T07:57:50","slug":"damen-softshell-weste","status":"publish","type":"product","link":"https:\/\/shop.kustom.ch\/fr\/produit\/damen-softshell-weste\/","title":{"rendered":"Gilet Softshell pour femmes"},"content":{"rendered":"<p>Un v\u00eatement softshell attrayant et flexible con\u00e7u pour les femmes. Il est id\u00e9al comme couche sup\u00e9rieure lorsque l'on veut rester au chaud tout en \u00e9tant libre de ses mouvements. Les inserts stretch \u00e0 l'arri\u00e8re offrent une bonne a\u00e9ration, du confort et de la flexibilit\u00e9. Le tissu r\u00e9siste au vent et la doublure en polaire dans le col est douce et confortable.<\/p>\n<p>FERMETURE : Dos rallong\u00e9. D\u00c9TAILS : col doubl\u00e9 en polaire. FERMETURE FRONTALE : Fermeture \u00e0 glissi\u00e8re sur le devant avec protection du menton en polaire. FONCTIONNALIT\u00c9 : Empi\u00e8cement stretch dans le dos. Coupe cintr\u00e9e. CARACTERISTIQUES PRINCIPALES : Jardinier. TISSU : Disponible pour hommes et femmes. bleu. Fermeture \u00e9clair \u00e0 double sens. Unite. POCHES : Poches int\u00e9rieures. Poche pour stylo. Poches avant avec fermetures \u00e0 glissi\u00e8re. INSTRUCTIONS DE LAVAGE : Ne pas essorer.<\/p>\n<p>100% Polyester, 2 couches, softshell, scell\u00e9, hydrofuge 255 g\/m<\/p>","protected":false},"excerpt":{"rendered":"<p>Ein attraktives und flexibles Softshell Kleidungsst\u00fcck entwickelt f\u00fcr Damen. Es eignet sich ideal als oberste Schicht wenn man sich warm halten will, aber sich trotzdem frei bewegen m\u00f6chte. Die Stretch-Eins\u00e4tze hinten bieten gute Bel\u00fcftung, Komfort und Flexibilit\u00e4t. Das Material ist windbest\u00e4ndig und das Fleece Futter im Kragen ist weich und bequem. ABSCHLUSS: Verl\u00e4ngerter R\u00fccken. DETAILS: [&hellip;]<\/p>\n","protected":false},"featured_media":595096,"template":"","meta":[],"product_brand":[],"product_cat":[4208],"product_tag":[],"class_list":{"0":"post-595068","1":"product","2":"type-product","3":"status-publish","4":"has-post-thumbnail","6":"product_cat-westen","7":"pa_brand-blaklaeder","8":"pa_brand-type-workwear","9":"pa_filter-color-blau","10":"pa_filter-color-gelb","11":"pa_filter-color-grau","12":"pa_filter-color-rot","13":"pa_filter-color-schwarz","15":"first","16":"instock","17":"sale","18":"taxable","19":"shipping-taxable","20":"purchasable","21":"product-type-variable","22":"add-to-wishlist-before_image"},"exclude_global_add_ons":[],"addons":[],"acf":[],"_links":{"self":[{"href":"https:\/\/shop.kustom.ch\/fr\/wp-json\/wp\/v2\/product\/595068"}],"collection":[{"href":"https:\/\/shop.kustom.ch\/fr\/wp-json\/wp\/v2\/product"}],"about":[{"href":"https:\/\/shop.kustom.ch\/fr\/wp-json\/wp\/v2\/types\/product"}],"wp:featuredmedia":[{"embeddable":true,"href":"https:\/\/shop.kustom.ch\/fr\/wp-json\/wp\/v2\/media\/595096"}],"wp:attachment":[{"href":"https:\/\/shop.kustom.ch\/fr\/wp-json\/wp\/v2\/media?parent=595068"}],"wp:term":[{"taxonomy":"product_brand","embeddable":true,"href":"https:\/\/shop.kustom.ch\/fr\/wp-json\/wp\/v2\/product_brand?post=595068"},{"taxonomy":"product_cat","embeddable":true,"href":"https:\/\/shop.kustom.ch\/fr\/wp-json\/wp\/v2\/product_cat?post=595068"},{"taxonomy":"product_tag","embeddable":true,"href":"https:\/\/shop.kustom.ch\/fr\/wp-json\/wp\/v2\/product_tag?post=595068"}],"curies":[{"name":"wp","href":"https:\/\/api.w.org\/{rel}","templated":true}]}}