{"id":594961,"date":"2025-03-05T00:14:17","date_gmt":"2025-03-04T23:14:17","guid":{"rendered":"https:\/\/shop.kustom.ch\/?post_type=product&#038;p=594961"},"modified":"2026-03-31T08:57:38","modified_gmt":"2026-03-31T07:57:38","slug":"winterweste","status":"publish","type":"product","link":"https:\/\/shop.kustom.ch\/fr\/produit\/winterweste\/","title":{"rendered":"Gilet d'hiver"},"content":{"rendered":"<p>Gilet d'hiver avec doublure polaire en version r\u00e9sistante \u00e0 l'eau. Un compl\u00e9ment parfait \u00e0 la veste softshell, au pull \u00e0 capuche ou \u00e0 la veste polaire. Le dos allong\u00e9 garde le bas du dos au chaud.<\/p>\n<p>FERMETURE : Dos rallong\u00e9. D\u00c9TAILS : Poche pour carte d'identit\u00e9 escamotable. FERMETURE FRONTALE : Fermeture \u00e0 glissi\u00e8re en plastique. FONCTIONNALIT\u00c9 : Doublure chaude. CARACTERISTIQUES PRINCIPALES : P\u00eacheur. TISSU : Hommes. kaki. hydrofuge. Doublure int\u00e9rieure en polaire. Vent \/ humidit\u00e9 \/ froid. POCHES : poches poitrine avec rabats, une avec poche pour t\u00e9l\u00e9phone portable et une avec poche pour stylo. Poche int\u00e9rieure avec fermeture \u00e9clair. Poches lat\u00e9rales. Poches avant avec rabats et poches lat\u00e9rales. INSTRUCTIONS DE LAVAGE : repassage - bas<\/p>\n<p>70% polyester, 30% coton, serg\u00e9, ext\u00e9rieur hydrofuge, 230g\/m<\/p>","protected":false},"excerpt":{"rendered":"<p>Winterweste mit Fleecefutter in wasserbest\u00e4ndiger Ausf\u00fchrung. Eine perfekte Erg\u00e4nzung zu Softshell-Jacke, Kapuzenpullover oder Fleecejacke. Der verl\u00e4ngerte R\u00fccken h\u00e4lt den unteren R\u00fccken warm. ABSCHLUSS: Verl\u00e4ngerter R\u00fccken. DETAILS: Ausweistasche versenkbar. FRONTVERSCHLUSS: Reissverschluss aus Kunststoff. FUNKTIONALIT\u00c4T: Warm gef\u00fcttert. HAUPTEIGENSCHAFTEN: Fischer. STOFF: Herren. khaki. wasserabweisend. Fleece-Innenfutter. Wind \/ N\u00e4sse \/ K\u00e4lte. TASCHEN: Brusttaschen mit Patten, eine mit Handytasche und [&hellip;]<\/p>\n","protected":false},"featured_media":595016,"template":"","meta":[],"product_brand":[],"product_cat":[4208],"product_tag":[],"class_list":{"0":"post-594961","1":"product","2":"type-product","3":"status-publish","4":"has-post-thumbnail","6":"product_cat-westen","7":"pa_brand-blaklaeder","8":"pa_brand-type-workwear","9":"pa_filter-color-beige","10":"pa_filter-color-blau","11":"pa_filter-color-grau","12":"pa_filter-color-schwarz","14":"first","15":"instock","16":"sale","17":"taxable","18":"shipping-taxable","19":"purchasable","20":"product-type-variable","21":"add-to-wishlist-before_image"},"exclude_global_add_ons":[],"addons":[],"acf":[],"_links":{"self":[{"href":"https:\/\/shop.kustom.ch\/fr\/wp-json\/wp\/v2\/product\/594961"}],"collection":[{"href":"https:\/\/shop.kustom.ch\/fr\/wp-json\/wp\/v2\/product"}],"about":[{"href":"https:\/\/shop.kustom.ch\/fr\/wp-json\/wp\/v2\/types\/product"}],"wp:featuredmedia":[{"embeddable":true,"href":"https:\/\/shop.kustom.ch\/fr\/wp-json\/wp\/v2\/media\/595016"}],"wp:attachment":[{"href":"https:\/\/shop.kustom.ch\/fr\/wp-json\/wp\/v2\/media?parent=594961"}],"wp:term":[{"taxonomy":"product_brand","embeddable":true,"href":"https:\/\/shop.kustom.ch\/fr\/wp-json\/wp\/v2\/product_brand?post=594961"},{"taxonomy":"product_cat","embeddable":true,"href":"https:\/\/shop.kustom.ch\/fr\/wp-json\/wp\/v2\/product_cat?post=594961"},{"taxonomy":"product_tag","embeddable":true,"href":"https:\/\/shop.kustom.ch\/fr\/wp-json\/wp\/v2\/product_tag?post=594961"}],"curies":[{"name":"wp","href":"https:\/\/api.w.org\/{rel}","templated":true}]}}