{"id":590947,"date":"2025-03-04T23:15:44","date_gmt":"2025-03-04T22:15:44","guid":{"rendered":"https:\/\/shop.kustom.ch\/?post_type=product&#038;p=590947"},"modified":"2026-03-31T09:08:35","modified_gmt":"2026-03-31T08:08:35","slug":"high-vis-winteroverall-2","status":"publish","type":"product","link":"https:\/\/shop.kustom.ch\/fr\/produit\/high-vis-winteroverall-2\/","title":{"rendered":"Combinaison d'hiver haute visibilit\u00e9"},"content":{"rendered":"<p>Une combinaison d'hiver imperm\u00e9able au vent et \u00e0 l'eau, classe 3 haute visibilit\u00e9, avec des coutures scell\u00e9es et une doublure matelass\u00e9e pour apporter la chaleur n\u00e9cessaire par basses temp\u00e9ratures. La combinaison est dot\u00e9e de stretch dans le dos pour une meilleure flexibilit\u00e9 et d'un soufflet dans le dos pour une plus grande libert\u00e9 de mouvement. La capuche est amovible et peut \u00eatre utilis\u00e9e pour les casques et les cache-oreilles. La combinaison poss\u00e8de des poches int\u00e9rieures pour les genoux, une fermeture \u00e9clair lat\u00e9rale \u00e0 double sens jusqu'\u00e0 la taille et un porte marteau \u00e0 la taille des deux c\u00f4t\u00e9s. Vous pouvez y ajouter des poches \u00e0 clous amovibles 2170, vendues s\u00e9par\u00e9ment. Disponible en tailles extra courtes XXSS, XSS, SS, MS, LS, XLS, XXLS, XXXLS, 4XLS (-4 cm par rapport aux tailles normales).<\/p>\n<p>FERMETURE : Ouverture zipp\u00e9e en haut des hanches. Bas de jambes r\u00e9glables avec fermeture velcro. Poignets r\u00e9glables avec fermeture velcro. D\u00c9TAILS : Poche pour carte d'identit\u00e9 amovible. Soufflet au dos. Impression r\u00e9fl\u00e9chissante \u00e0 l'arri\u00e8re de la capuche. Capuche pour casque et prot\u00e8ge-oreilles. Mousqueton en m\u00e9tal. Col doubl\u00e9 en polaire. Fermeture \u00e9clair \u00e0 double sens sur le c\u00f4t\u00e9. Passants de chaque c\u00f4t\u00e9 de la poitrine pour microphones et autres \u00e9quipements. Jupe pare-neige avec fermeture velcro et bouton. Elastique \u00e0 la taille. FERMETURE FRONTALE : Patte \u00e0 vent avec doublure en polaire \u00e0 l'int\u00e9rieur. FONCTIONNALIT\u00c9 : Insert en maille sur l'emmanchure. LIMITATION DE LA TAILLE : pour obtenir diff\u00e9rentes longueurs de jambes int\u00e9rieures, nous proposons le 6725 en deux longueurs. Taille L : LS=court 78cm, L=82cm. Pour plus de clart\u00e9, voir le tableau des tailles. . CARACTERISTIQUES PRINCIPALES : Artisan. Unisexe. EN 343. REFLEX : Bandes r\u00e9fl\u00e9chissantes sur les \u00e9paules. SYMBOLES : Doubl\u00e9. POCHES : Poche sur la jambe avec rabat et poche pour t\u00e9l\u00e9phone portable. Poche de poitrine avec fermeture \u00e9clair et anneau en D. Poche arri\u00e8re avec fermeture \u00e9clair. Poche int\u00e9rieure avec fermeture \u00e9clair. Poches rembourr\u00e9es aux genoux \u00e0 l'int\u00e9rieur. Poches \u00e0 clous en CORDURA\u00ae vendues s\u00e9par\u00e9ment (art. 2170). Poches lat\u00e9rales avec fermeture \u00e9clair. Poche \u00e0 crayons sur la manche. Poche m\u00e8tre avec porte couteau et poche stylo. INSTRUCTIONS DE LAVAGE : Nombre de lavages : 20. Ne pas essorer. CERTIFICATION : EN 14404:2004+A1:2010 avec genouill\u00e8res 4027, 4057, 4058 et 4032. EN 342. EN 343, classe 4,1. EN ISO 20471, classe 3.<\/p>\n<p>100% Polyester, Oxford, enduit, imperm\u00e9able 15.000 mm, coupe-vent, respirant Ret 8,5, 200g\/m<\/p>","protected":false},"excerpt":{"rendered":"<p>Ein wind- und wasserdichter Winteroverall, Klasse 3 High Vis, mit versiegelten N\u00e4hten und wattiertem Futter f\u00fcr die n\u00f6tige W\u00e4rme bei niedrigen Temperaturen. Der Overall hat Stretch am R\u00fccken, um eine bessere Flexibilit\u00e4t zu gew\u00e4hrleisten und einen Faltenbalg im R\u00fccken f\u00fcr mehr Bewegungsfreiheit. Die Kapuze ist abnehmbar und f\u00fcr Helme und Ohrensch\u00fctzer geeignet. Der Overall hat [&hellip;]<\/p>\n","protected":false},"featured_media":590991,"template":"","meta":[],"product_brand":[],"product_cat":[10454],"product_tag":[],"class_list":{"0":"post-590947","1":"product","2":"type-product","3":"status-publish","4":"has-post-thumbnail","6":"product_cat-overalls","7":"pa_brand-blaklaeder","8":"pa_brand-type-workwear","9":"pa_filter-color-blau","10":"pa_filter-color-gelb","11":"pa_filter-color-orange","12":"pa_filter-color-rot","13":"pa_filter-color-schwarz","15":"first","16":"instock","17":"sale","18":"taxable","19":"shipping-taxable","20":"purchasable","21":"product-type-variable","22":"add-to-wishlist-before_image"},"exclude_global_add_ons":[],"addons":[],"acf":[],"_links":{"self":[{"href":"https:\/\/shop.kustom.ch\/fr\/wp-json\/wp\/v2\/product\/590947"}],"collection":[{"href":"https:\/\/shop.kustom.ch\/fr\/wp-json\/wp\/v2\/product"}],"about":[{"href":"https:\/\/shop.kustom.ch\/fr\/wp-json\/wp\/v2\/types\/product"}],"wp:featuredmedia":[{"embeddable":true,"href":"https:\/\/shop.kustom.ch\/fr\/wp-json\/wp\/v2\/media\/590991"}],"wp:attachment":[{"href":"https:\/\/shop.kustom.ch\/fr\/wp-json\/wp\/v2\/media?parent=590947"}],"wp:term":[{"taxonomy":"product_brand","embeddable":true,"href":"https:\/\/shop.kustom.ch\/fr\/wp-json\/wp\/v2\/product_brand?post=590947"},{"taxonomy":"product_cat","embeddable":true,"href":"https:\/\/shop.kustom.ch\/fr\/wp-json\/wp\/v2\/product_cat?post=590947"},{"taxonomy":"product_tag","embeddable":true,"href":"https:\/\/shop.kustom.ch\/fr\/wp-json\/wp\/v2\/product_tag?post=590947"}],"curies":[{"name":"wp","href":"https:\/\/api.w.org\/{rel}","templated":true}]}}