{"id":590926,"date":"2025-03-04T23:15:40","date_gmt":"2025-03-04T22:15:40","guid":{"rendered":"https:\/\/shop.kustom.ch\/?post_type=product&#038;p=590926"},"modified":"2026-03-31T09:08:27","modified_gmt":"2026-03-31T08:08:27","slug":"high-vis-winteroverall","status":"publish","type":"product","link":"https:\/\/shop.kustom.ch\/fr\/produit\/high-vis-winteroverall\/","title":{"rendered":"Combinaison d'hiver haute visibilit\u00e9"},"content":{"rendered":"<p>Une combinaison d'hiver imperm\u00e9able au vent et \u00e0 l'eau, classe 1 haute visibilit\u00e9, avec des coutures scell\u00e9es et une doublure matelass\u00e9e pour apporter la chaleur n\u00e9cessaire par basses temp\u00e9ratures. La combinaison est dot\u00e9e de stretch dans le dos pour une meilleure flexibilit\u00e9 et d'un soufflet dans le dos pour une plus grande libert\u00e9 de mouvement. La capuche est amovible et peut \u00eatre utilis\u00e9e pour les casques et les cache-oreilles. La combinaison poss\u00e8de des poches int\u00e9rieures pour les genoux, une fermeture \u00e9clair lat\u00e9rale \u00e0 double sens jusqu'\u00e0 la taille et un porte marteau \u00e0 la taille de chaque c\u00f4t\u00e9. Des poches \u00e0 clous amovibles 2170 peuvent \u00eatre ajout\u00e9es, vendues s\u00e9par\u00e9ment. Disponible en tailles extra courtes XXSS, XSS, SS, MS, LS, XLS, XXLS, XXXLS, 4XLS (-4 cm par rapport aux tailles normales).<\/p>\n<p>FERMETURE : Ouverture zipp\u00e9e en haut des hanches. Bas de jambes r\u00e9glables avec fermeture velcro. Poignets r\u00e9glables avec fermeture velcro. D\u00c9TAILS : Anneau en D. Soufflet dans le dos. Impression r\u00e9fl\u00e9chissante \u00e0 l'arri\u00e8re de la capuche. Capuche amovible et r\u00e9glable avec doublure chaude. Mousqueton en m\u00e9tal. Col doubl\u00e9 en polaire. Fermeture \u00e9clair \u00e0 double sens sur le c\u00f4t\u00e9. Passants de chaque c\u00f4t\u00e9 de la poitrine pour microphones et autres \u00e9quipements. Jupe pare-neige avec fermeture velcro et bouton. \u00c9lastique \u00e0 la taille. FERMETURE FRONTALE : fermeture \u00e9clair cach\u00e9e \u00e0 double sens en plastique. FONCTIONNALIT\u00c9 : Insert en mesh sur les \u00e9paules. LIMITATION DE LA TAILLE : pour obtenir diff\u00e9rentes longueurs de jambes int\u00e9rieures, nous proposons le 6720 en deux longueurs. Taille L : LS=court 78cm, L=82cm. Pour plus de clart\u00e9, voir le tableau des tailles. TYPE DE TRAVAIL PRINCIPAL : Travailleurs de la rue et du b\u00e2timent. Unisexe, elle est adapt\u00e9e aux femmes. EN 14004. REFLEX : bandes r\u00e9fl\u00e9chissantes de transfert de 50 mm de large. SYMBOLES : R\u00e9sistant au vent. POCHES : Poche sur la jambe avec rabat et poche pour t\u00e9l\u00e9phone portable. Poches poitrine avec fermetures \u00e0 glissi\u00e8re hydrofuges. Poche arri\u00e8re avec fermeture \u00e9clair. Poche int\u00e9rieure en mesh. Poches pour genouill\u00e8res \u00e0 l'int\u00e9rieur. Poches \u00e0 clous en CORDURA\u00ae vendues s\u00e9par\u00e9ment (art. 2170). Poches lat\u00e9rales avec fermeture \u00e9clair. Poche \u00e0 crayons sur la manche. Poche m\u00e8tre avec porte couteau et poche stylo. INSTRUCTIONS DE LAVAGE : Nombre de lavages : 20. Ne pas repasser. CERTIFICATION : EN 14404:2004+A1:2010 avec genouill\u00e8res 4027, 4057, 4058 et 4032. EN 342. EN 343, classe 4,1. EN ISO 20471, classe 1.<\/p>\n<p>100% Polyester, Oxford, enduit, imperm\u00e9able 15.000 mm, coupe-vent, respirant Ret 8,5, 200g\/m<\/p>","protected":false},"excerpt":{"rendered":"<p>Ein wind- und wasserdichter Winteroverall, Klasse 1 High Vis, mit versiegelten N\u00e4hten und wattiertem Futter f\u00fcr die n\u00f6tige W\u00e4rme bei niedrigen Temperaturen. Der Overall hat Stretch am R\u00fccken, um eine bessere Flexibilit\u00e4t zu gew\u00e4hrleisten und einen Faltenbalg im R\u00fccken f\u00fcr mehr Bewegungsfreiheit. Die Kapuze ist abnehmbar und f\u00fcr Helme und Ohrensch\u00fctzer geeignet. Der Overall besitzt [&hellip;]<\/p>\n","protected":false},"featured_media":590962,"template":"","meta":[],"product_brand":[],"product_cat":[10454],"product_tag":[],"class_list":{"0":"post-590926","1":"product","2":"type-product","3":"status-publish","4":"has-post-thumbnail","6":"product_cat-overalls","7":"pa_brand-blaklaeder","8":"pa_brand-type-workwear","9":"pa_filter-color-blau","10":"pa_filter-color-gelb","12":"first","13":"instock","14":"sale","15":"taxable","16":"shipping-taxable","17":"purchasable","18":"product-type-variable","19":"add-to-wishlist-before_image"},"exclude_global_add_ons":[],"addons":[],"acf":[],"_links":{"self":[{"href":"https:\/\/shop.kustom.ch\/fr\/wp-json\/wp\/v2\/product\/590926"}],"collection":[{"href":"https:\/\/shop.kustom.ch\/fr\/wp-json\/wp\/v2\/product"}],"about":[{"href":"https:\/\/shop.kustom.ch\/fr\/wp-json\/wp\/v2\/types\/product"}],"wp:featuredmedia":[{"embeddable":true,"href":"https:\/\/shop.kustom.ch\/fr\/wp-json\/wp\/v2\/media\/590962"}],"wp:attachment":[{"href":"https:\/\/shop.kustom.ch\/fr\/wp-json\/wp\/v2\/media?parent=590926"}],"wp:term":[{"taxonomy":"product_brand","embeddable":true,"href":"https:\/\/shop.kustom.ch\/fr\/wp-json\/wp\/v2\/product_brand?post=590926"},{"taxonomy":"product_cat","embeddable":true,"href":"https:\/\/shop.kustom.ch\/fr\/wp-json\/wp\/v2\/product_cat?post=590926"},{"taxonomy":"product_tag","embeddable":true,"href":"https:\/\/shop.kustom.ch\/fr\/wp-json\/wp\/v2\/product_tag?post=590926"}],"curies":[{"name":"wp","href":"https:\/\/api.w.org\/{rel}","templated":true}]}}