{"id":590722,"date":"2025-03-04T23:12:59","date_gmt":"2025-03-04T22:12:59","guid":{"rendered":"https:\/\/shop.kustom.ch\/?post_type=product&#038;p=590722"},"modified":"2026-03-31T09:08:00","modified_gmt":"2026-03-31T08:08:00","slug":"industrie-overall-stretch","status":"publish","type":"product","link":"https:\/\/shop.kustom.ch\/fr\/produit\/industrie-overall-stretch\/","title":{"rendered":"Combinaison industrielle Stretch"},"content":{"rendered":"<p>Cette combinaison incroyablement confortable et flexible, r\u00e9sistante aux \u00e9raflures, est enti\u00e8rement fabriqu\u00e9e dans un mat\u00e9riau stretch \u00e0 deux sens et convient au lavage industriel. Des bandes r\u00e9fl\u00e9chissantes assurent une visibilit\u00e9 suppl\u00e9mentaire en cas de besoin.<\/p>\n<p>FERMETURE : Possibilit\u00e9 de rallonger l'ourlet des jambes. Poignets r\u00e9glables avec boutons m\u00e9talliques cach\u00e9s. D\u00c9TAILS : Anneau en D. Boutons-pression en m\u00e9tal. Col montant. Couture int\u00e9rieure de la jambe avec triple couture. Taille \u00e9lastique r\u00e9glable. FERMETURE AVANT : Fermeture avant avec boutons-pression m\u00e9talliques cach\u00e9s. FONCTIONNALIT\u00c9 : Anti-rayures. Manches pr\u00e9form\u00e9es. CARACTERISTIQUES PRINCIPALES : M\u00e9canicien. Homme . REFLEX : Mat\u00e9riau r\u00e9fl\u00e9chissant sur les manches. TISSU : Jaune haute visibilit\u00e9. Ne se raye pas. Tissu stretch. POCHES : Poches sur les jambes avec soufflet et rabat, boutons m\u00e9talliques cach\u00e9s. Poches poitrine avec soufflet et rabat. Poche arri\u00e8re, une avec rabat. Poche pour t\u00e9l\u00e9phone portable \u00e0 l'int\u00e9rieur. Poche pour stylo sur la manche. Poches lat\u00e9rales. Poche m\u00e8tre \u00e0 l'int\u00e9rieur. INSTRUCTIONS DE LAVAGE : repassage - moyen. LAVAGE : lavage industriel EN ISO 15797<\/p>\n<p>63% polyester, 33% coton, 4% \u00e9lastofin, serg\u00e9, stretch, 260 g\/m<\/p>","protected":false},"excerpt":{"rendered":"<p>Dieser unglaublich bequeme und flexible, kratzerresistente Overall ist komplett aus 2-Wege-Stretch Material gefertigt und eignet sich f\u00fcr die Industriew\u00e4sche. Reflexstreifen sorgen bei Bedarf f\u00fcr zus\u00e4tzliche Sichtbarkeit. ABSCHLUSS: Verl\u00e4ngerungsm\u00f6glichkeit am Beinsaum. Verstellbarer Armabschluss mit versteckten Metallkn\u00f6pfen. DETAILS: D-Ring. Metall-Druckkn\u00f6pfe. Stehkragen. Innenbeinnaht mit 3-fach-Naht. Verstellbare elastische Taille. FRONTVERSCHLUSS: Frontverschluss mit verdeckten Metall-Druckkn\u00f6pfen. FUNKTIONALIT\u00c4T: Kratzfrei. Vorgeformte \u00c4rmel. HAUPTEIGENSCHAFTEN: [&hellip;]<\/p>\n","protected":false},"featured_media":590765,"template":"","meta":[],"product_brand":[],"product_cat":[10454],"product_tag":[],"class_list":{"0":"post-590722","1":"product","2":"type-product","3":"status-publish","4":"has-post-thumbnail","6":"product_cat-overalls","7":"pa_brand-blaklaeder","8":"pa_brand-type-workwear","9":"pa_filter-color-gelb","10":"pa_filter-color-schwarz","12":"first","13":"instock","14":"sale","15":"taxable","16":"shipping-taxable","17":"purchasable","18":"product-type-variable","19":"add-to-wishlist-before_image"},"exclude_global_add_ons":[],"addons":[],"acf":[],"_links":{"self":[{"href":"https:\/\/shop.kustom.ch\/fr\/wp-json\/wp\/v2\/product\/590722"}],"collection":[{"href":"https:\/\/shop.kustom.ch\/fr\/wp-json\/wp\/v2\/product"}],"about":[{"href":"https:\/\/shop.kustom.ch\/fr\/wp-json\/wp\/v2\/types\/product"}],"wp:featuredmedia":[{"embeddable":true,"href":"https:\/\/shop.kustom.ch\/fr\/wp-json\/wp\/v2\/media\/590765"}],"wp:attachment":[{"href":"https:\/\/shop.kustom.ch\/fr\/wp-json\/wp\/v2\/media?parent=590722"}],"wp:term":[{"taxonomy":"product_brand","embeddable":true,"href":"https:\/\/shop.kustom.ch\/fr\/wp-json\/wp\/v2\/product_brand?post=590722"},{"taxonomy":"product_cat","embeddable":true,"href":"https:\/\/shop.kustom.ch\/fr\/wp-json\/wp\/v2\/product_cat?post=590722"},{"taxonomy":"product_tag","embeddable":true,"href":"https:\/\/shop.kustom.ch\/fr\/wp-json\/wp\/v2\/product_tag?post=590722"}],"curies":[{"name":"wp","href":"https:\/\/api.w.org\/{rel}","templated":true}]}}