{"id":590493,"date":"2025-03-04T23:09:56","date_gmt":"2025-03-04T22:09:56","guid":{"rendered":"https:\/\/shop.kustom.ch\/?post_type=product&#038;p=590493"},"modified":"2026-03-31T09:07:46","modified_gmt":"2026-03-31T08:07:46","slug":"overall-industrie","status":"publish","type":"product","link":"https:\/\/shop.kustom.ch\/fr\/produit\/overall-industrie\/","title":{"rendered":"Total industrie"},"content":{"rendered":"<p>Combinaison avec d\u00e9tails et fermetures de couture de couleur contrast\u00e9e. Poignets r\u00e9glables et taille \u00e9lastique. Soufflet d'aisance et empi\u00e8cement \u00e9lastique dans le dos pour une meilleure libert\u00e9 de mouvement.<\/p>\n<p>FERMETURE : Poignets r\u00e9glables. D\u00c9TAILS : Poche pour carte d'identit\u00e9 amovible. Soufflet au dos. \u00c9paules de couleur contrast\u00e9e. Taille ajustable. FERMETURE FRONTALE : Fermeture \u00e0 glissi\u00e8re plastique \u00e0 double sens dissimul\u00e9e. FONCTIONNALIT\u00c9 : Stretch dans le dos. CARACTERISTIQUES PRINCIPALES : M\u00e9canicien. Hommes . TISSU : bleu. Industrie \/ Service. POSSIBILIT\u00c9S : Poche sur la jambe avec poche suppl\u00e9mentaire et poche \u00e0 crayons. Poches poitrine avec soufflet et rabat, dont une avec poche double pour stylos. Poche arri\u00e8re avec rabat. Poche m\u00e8tre pliant. INSTRUCTIONS DE LAVAGE : Ne pas blanchir.<\/p>\n<p>100% Coton, serg\u00e9, 320 g\/m<\/p>","protected":false},"excerpt":{"rendered":"<p>Overall mit Details und Nahtverriegelungen in Kontrastfarbe. Verstellbare \u00c4rmelb\u00fcndchen und elastische Taille. Bewegungsfalte und elastischer Einsatz am R\u00fccken f\u00fcr bessere Bewegungsfreiheit. ABSCHLUSS: Verstellbare \u00c4rmelb\u00fcndchen. DETAILS: Abnehmbare Ausweistasche. Balg am R\u00fccken. Schulterpartien in Kontrastfarbe. Verstellbare Taille. FRONTVERSCHLUSS: Verdeckter Zwei-Wege-Reissverschluss aus Kunststoff. FUNKTIONALIT\u00c4T: Stretch am R\u00fccken. HAUPTEIGENSCHAFTEN: Mechaniker. Herren. STOFF: blau. Industrie \/ Service. TASCHEN: Beintasche mit [&hellip;]<\/p>\n","protected":false},"featured_media":590525,"template":"","meta":[],"product_brand":[],"product_cat":[10454],"product_tag":[],"class_list":{"0":"post-590493","1":"product","2":"type-product","3":"status-publish","4":"has-post-thumbnail","6":"product_cat-overalls","7":"pa_brand-blaklaeder","8":"pa_brand-type-workwear","9":"pa_filter-color-blau","10":"pa_filter-color-grau","11":"pa_filter-color-rot","12":"pa_filter-color-schwarz","14":"first","15":"instock","16":"sale","17":"taxable","18":"shipping-taxable","19":"purchasable","20":"product-type-variable","21":"add-to-wishlist-before_image"},"exclude_global_add_ons":[],"addons":[],"acf":[],"_links":{"self":[{"href":"https:\/\/shop.kustom.ch\/fr\/wp-json\/wp\/v2\/product\/590493"}],"collection":[{"href":"https:\/\/shop.kustom.ch\/fr\/wp-json\/wp\/v2\/product"}],"about":[{"href":"https:\/\/shop.kustom.ch\/fr\/wp-json\/wp\/v2\/types\/product"}],"wp:featuredmedia":[{"embeddable":true,"href":"https:\/\/shop.kustom.ch\/fr\/wp-json\/wp\/v2\/media\/590525"}],"wp:attachment":[{"href":"https:\/\/shop.kustom.ch\/fr\/wp-json\/wp\/v2\/media?parent=590493"}],"wp:term":[{"taxonomy":"product_brand","embeddable":true,"href":"https:\/\/shop.kustom.ch\/fr\/wp-json\/wp\/v2\/product_brand?post=590493"},{"taxonomy":"product_cat","embeddable":true,"href":"https:\/\/shop.kustom.ch\/fr\/wp-json\/wp\/v2\/product_cat?post=590493"},{"taxonomy":"product_tag","embeddable":true,"href":"https:\/\/shop.kustom.ch\/fr\/wp-json\/wp\/v2\/product_tag?post=590493"}],"curies":[{"name":"wp","href":"https:\/\/api.w.org\/{rel}","templated":true}]}}