{"id":590219,"date":"2025-03-04T23:05:11","date_gmt":"2025-03-04T22:05:11","guid":{"rendered":"https:\/\/shop.kustom.ch\/?post_type=product&#038;p=590219"},"modified":"2026-03-31T09:07:27","modified_gmt":"2026-03-31T08:07:27","slug":"hybrid-jacke-2","status":"publish","type":"product","link":"https:\/\/shop.kustom.ch\/fr\/produit\/hybrid-jacke-2\/","title":{"rendered":"Veste hybride"},"content":{"rendered":"<p>Une veste hybride avec un rembourrage fin mais chaud sur l'avant, l'arri\u00e8re et la capuche et un tissu softshell sur les \u00e9paules, les bras et les c\u00f4t\u00e9s. Un v\u00eatement confortable et chaud qui permet une excellente libert\u00e9 de mouvement lors de travaux dans des environnements plus froids. Fonctionne aussi bien qu'une veste ou un pull.<\/p>\n<p>FINITION : Dos rallong\u00e9. Finition des manches avec \u00e9lastique et poignets. D\u00c9TAILS : Bonnes surfaces pour les finitions. Capuche fixe. FERMETURE FRONTALE : Fermeture \u00e0 glissi\u00e8re robuste en plastique. FONCTIONNALIT\u00c9 : Haut du corps chaudement doubl\u00e9 \u00e0 l'avant et \u00e0 l'arri\u00e8re et partiellement \u00e0 la capuche et aux \u00e9paules. CARACTERISTIQUES PRINCIPALES : \u00e9lectricien. TISSU : Hommes. Noir. Insert en stretch. Vent \/ humidit\u00e9 \/ froid. POCHES : poche de poitrine avec fermeture \u00e0 glissi\u00e8re. Poches avant avec fermetures \u00e0 glissi\u00e8re. INSTRUCTIONS DE LAVAGE : Ne pas essorer.<\/p>\n<p>100% Polyester, bross\u00e9 d'un c\u00f4t\u00e9, 380 g\/m<\/p>","protected":false},"excerpt":{"rendered":"<p>Eine Hybrid Jacke mit einer d\u00fcnnen aber warmen Polsterung an Vorder- und R\u00fcckseite und an der Kapuze und Softshell Stoff an den Schultern, den Armen und den Seiten. Ein bequemes, warmes Kleidungsst\u00fcck, das bei Arbeiten in k\u00e4lteren Umgebungen eine ausgezeichnete Bewegungsfreiheit erm\u00f6glicht. Funktioniert genauso gut wie eine Jacke oder ein Pullover. ABSCHLUSS: Verl\u00e4ngerter R\u00fccken. Armabschluss [&hellip;]<\/p>\n","protected":false},"featured_media":590284,"template":"","meta":[],"product_brand":[],"product_cat":[4186],"product_tag":[],"class_list":{"0":"post-590219","1":"product","2":"type-product","3":"status-publish","4":"has-post-thumbnail","6":"product_cat-jacken","7":"pa_brand-blaklaeder","8":"pa_brand-type-workwear","9":"pa_filter-color-blau","10":"pa_filter-color-gelb","11":"pa_filter-color-grau","12":"pa_filter-color-orange","13":"pa_filter-color-rot","14":"pa_filter-color-schwarz","16":"first","17":"instock","18":"sale","19":"taxable","20":"shipping-taxable","21":"purchasable","22":"product-type-variable","23":"add-to-wishlist-before_image"},"exclude_global_add_ons":[],"addons":[],"acf":[],"_links":{"self":[{"href":"https:\/\/shop.kustom.ch\/fr\/wp-json\/wp\/v2\/product\/590219"}],"collection":[{"href":"https:\/\/shop.kustom.ch\/fr\/wp-json\/wp\/v2\/product"}],"about":[{"href":"https:\/\/shop.kustom.ch\/fr\/wp-json\/wp\/v2\/types\/product"}],"wp:featuredmedia":[{"embeddable":true,"href":"https:\/\/shop.kustom.ch\/fr\/wp-json\/wp\/v2\/media\/590284"}],"wp:attachment":[{"href":"https:\/\/shop.kustom.ch\/fr\/wp-json\/wp\/v2\/media?parent=590219"}],"wp:term":[{"taxonomy":"product_brand","embeddable":true,"href":"https:\/\/shop.kustom.ch\/fr\/wp-json\/wp\/v2\/product_brand?post=590219"},{"taxonomy":"product_cat","embeddable":true,"href":"https:\/\/shop.kustom.ch\/fr\/wp-json\/wp\/v2\/product_cat?post=590219"},{"taxonomy":"product_tag","embeddable":true,"href":"https:\/\/shop.kustom.ch\/fr\/wp-json\/wp\/v2\/product_tag?post=590219"}],"curies":[{"name":"wp","href":"https:\/\/api.w.org\/{rel}","templated":true}]}}