{"id":590139,"date":"2025-03-04T23:03:55","date_gmt":"2025-03-04T22:03:55","guid":{"rendered":"https:\/\/shop.kustom.ch\/?post_type=product&#038;p=590139"},"modified":"2026-03-31T09:06:51","modified_gmt":"2026-03-31T08:06:51","slug":"winterparka-3","status":"publish","type":"product","link":"https:\/\/shop.kustom.ch\/fr\/produit\/winterparka-3\/","title":{"rendered":"Parka d'hiver"},"content":{"rendered":"<p>Cette parka d'hiver performante, imperm\u00e9able au vent et \u00e0 l'eau, avec doublure matelass\u00e9e, deviendra votre bonne amie par temps froid. Col extra haut doubl\u00e9 en polaire et poches doubl\u00e9es en polaire pour une protection ultime contre le froid. La capuche amovible peut \u00eatre parfaitement ajust\u00e9e pour plus de confort. Il y a des bandes r\u00e9fl\u00e9chissantes discr\u00e8tes \u00e0 l'avant, \u00e0 l'arri\u00e8re et sur les manches. Taille r\u00e9glable et manches r\u00e9glables par velcro avec poignet int\u00e9rieur avec trou pour le pouce. Certifi\u00e9 selon EN 342, v\u00eatement de protection contre le froid combin\u00e9 avec le pantalon d'hiver 1810 et EN 343, v\u00eatement de protection contre le mauvais temps.<\/p>\n<p>FERMETURE : Ceinture r\u00e9glable avec cordon de serrage. Poignets r\u00e9glables avec ceinture int\u00e9rieure. D\u00c9TAILS : Poche pour carte d'identit\u00e9 amovible. Capuche amovible et r\u00e9glable avec doublure chaude. Col haut. R\u00e9glable par cordon de serrage \u00e0 la taille. FERMETURE FRONTALE : Fermeture \u00e9clair dissimul\u00e9e \u00e0 double sens en plastique. FONCTIONNALIT\u00c9 : Doublure chaude. CARACTERISTIQUES PRINCIPALES : Artisanat. REFLEX : D\u00e9tails r\u00e9fl\u00e9chissants sur la poche de poitrine, la capuche et les manches. TISSU : Hommes. Noir. Imperm\u00e9able. Vent \/ humidit\u00e9 \/ froid. POCHES : Poche de poitrine avec fermeture \u00e0 glissi\u00e8re. Poche int\u00e9rieure avec fermeture velcro. Poches avant avec rabat, poches sur le c\u00f4t\u00e9 avec fermeture \u00e9clair et doublure polaire. INSTRUCTIONS DE LAVAGE : Ne pas nettoyer \u00e0 sec. RENFORCEMENT : Renforc\u00e9 aux manches, au dos et sur le devant. CERTIFICATION : EN 342 avec art. 1810. EN 343, classe 4,1<\/p>\n<p>100% Polyester, serg\u00e9, stretch, enduit, \u00e9tanche \u00e0 l'eau 11.000mm, coupe-vent, respirant Ret 6,3, 150 g\/m\u00b2.<\/p>","protected":false},"excerpt":{"rendered":"<p>Dieser leistungsstarke, wind- und wasserdichte Winterparka mit Steppfutter wird zum guten Freund bei kaltem Wetter. Extra hoher, Fleece gef\u00fctterter Kragen und Fleece gef\u00fctterte Taschen f\u00fcr ultimativen Schutz gegen die K\u00e4lte. Die abnehmbare Kapuze kann f\u00fcr den Komfort perfekt eingestellt werden. Es befinden sich diskrete Reflexstreifen vorne, hinten und an den \u00c4rmeln. Einstellbare Taille und Klett-verstellbare [&hellip;]<\/p>\n","protected":false},"featured_media":590190,"template":"","meta":[],"product_brand":[],"product_cat":[4186],"product_tag":[],"class_list":{"0":"post-590139","1":"product","2":"type-product","3":"status-publish","4":"has-post-thumbnail","6":"product_cat-jacken","7":"pa_brand-blaklaeder","8":"pa_brand-type-workwear","9":"pa_filter-color-schwarz","11":"first","12":"instock","13":"sale","14":"taxable","15":"shipping-taxable","16":"purchasable","17":"product-type-variable","18":"add-to-wishlist-before_image"},"exclude_global_add_ons":[],"addons":[],"acf":[],"_links":{"self":[{"href":"https:\/\/shop.kustom.ch\/fr\/wp-json\/wp\/v2\/product\/590139"}],"collection":[{"href":"https:\/\/shop.kustom.ch\/fr\/wp-json\/wp\/v2\/product"}],"about":[{"href":"https:\/\/shop.kustom.ch\/fr\/wp-json\/wp\/v2\/types\/product"}],"wp:featuredmedia":[{"embeddable":true,"href":"https:\/\/shop.kustom.ch\/fr\/wp-json\/wp\/v2\/media\/590190"}],"wp:attachment":[{"href":"https:\/\/shop.kustom.ch\/fr\/wp-json\/wp\/v2\/media?parent=590139"}],"wp:term":[{"taxonomy":"product_brand","embeddable":true,"href":"https:\/\/shop.kustom.ch\/fr\/wp-json\/wp\/v2\/product_brand?post=590139"},{"taxonomy":"product_cat","embeddable":true,"href":"https:\/\/shop.kustom.ch\/fr\/wp-json\/wp\/v2\/product_cat?post=590139"},{"taxonomy":"product_tag","embeddable":true,"href":"https:\/\/shop.kustom.ch\/fr\/wp-json\/wp\/v2\/product_tag?post=590139"}],"curies":[{"name":"wp","href":"https:\/\/api.w.org\/{rel}","templated":true}]}}