{"id":589989,"date":"2025-03-04T23:01:04","date_gmt":"2025-03-04T22:01:04","guid":{"rendered":"https:\/\/shop.kustom.ch\/?post_type=product&#038;p=589989"},"modified":"2026-03-31T09:06:34","modified_gmt":"2026-03-31T08:06:34","slug":"damen-winterjacke","status":"publish","type":"product","link":"https:\/\/shop.kustom.ch\/fr\/produit\/damen-winterjacke\/","title":{"rendered":"Veste d'hiver pour femme"},"content":{"rendered":"<p>Veste d'hiver hautement fonctionnelle, coupe-vent et d\u00e9perlante, avec des coutures soud\u00e9es et une capuche amovible et r\u00e9glable. La veste est dot\u00e9e d'inserts en mesh \u00e0 des endroits soigneusement choisis pour \u00e9vacuer l'humidit\u00e9 du corps. Pour une coupe optimale, la veste a des coudes pr\u00e9form\u00e9s et une fermeture \u00e9clair \u00e0 double sens. Les poignets sont r\u00e9glables et poss\u00e8dent une ceinture int\u00e9rieure avec un trou pour le pouce. Des d\u00e9tails r\u00e9fl\u00e9chissants discrets se trouvent sur le devant, le dos, la capuche et les bras. Certifi\u00e9 selon la norme EN 343, protection contre la pluie.<\/p>\n<p>FERMETURE : Ceinture r\u00e9glable avec cordon de serrage. Poignets r\u00e9glables avec fermeture velcro. D\u00c9TAILS : Fermeture \u00e0 glissi\u00e8re dans la doublure, pour une finition textile facile. Poche pour carte d'identit\u00e9 amovible. Capuche amovible et r\u00e9glable. Col doubl\u00e9 en polaire. FERMETURE FRONTALE : Fermeture \u00e0 glissi\u00e8re plastique \u00e0 double sens dissimul\u00e9e. FONCTIONNALIT\u00c9 : Inserts en mesh sur les principales zones de transpiration. Taille pour femmes. CARACTERISTIQUES PRINCIPALES : Artisan. EN 343. REFLEX : D\u00e9tails r\u00e9fl\u00e9chissants sur le devant, le dos, la capuche et les manches. TISSU : Disponible pour hommes et femmes. noir. imperm\u00e9able. Vent \/ humidit\u00e9 \/ froid. POCHES : Poche de poitrine avec rabat. Poche int\u00e9rieure en mesh. Poches avant avec fermeture \u00e9clair, doubl\u00e9es de polaire. INSTRUCTIONS DE LAVAGE : Ne pas repasser. CERTIFICATION : EN 343, classe 3.1<\/p>\n<p>100% Polyester, serg\u00e9, stretch, enduit, \u00e9tanche \u00e0 l'eau 11.000mm, coupe-vent, respirant Ret 6,3, 150 g\/m\u00b2.<\/p>","protected":false},"excerpt":{"rendered":"<p>Hochfunktionelle wind- und wasserabweisende Winterjacke mit verschweissten N\u00e4hten und abnehmbarer, einstellbarer Kapuze. Die Jacke hat Mesh Eins\u00e4tze an sorgf\u00e4ltig gew\u00e4hlten Stellen, um Feuchtigkeit vom K\u00f6rper weg zu transportieren. F\u00fcr einen optimalen Schnitt hat die Jacke vorgeformte Ellb\u00f6gen und einen Zwei-Wege Reissverschluss. Die Armabschl\u00fcsse sind einstellbar und haben einen Innenbund mit Daumenloch. Diskrete Reflexdetails sind an [&hellip;]<\/p>\n","protected":false},"featured_media":590056,"template":"","meta":[],"product_brand":[],"product_cat":[4186],"product_tag":[],"class_list":{"0":"post-589989","1":"product","2":"type-product","3":"status-publish","4":"has-post-thumbnail","6":"product_cat-jacken","7":"pa_brand-blaklaeder","8":"pa_brand-type-workwear","9":"pa_filter-color-schwarz","11":"first","12":"instock","13":"sale","14":"taxable","15":"shipping-taxable","16":"purchasable","17":"product-type-variable","18":"add-to-wishlist-before_image"},"exclude_global_add_ons":[],"addons":[],"acf":[],"_links":{"self":[{"href":"https:\/\/shop.kustom.ch\/fr\/wp-json\/wp\/v2\/product\/589989"}],"collection":[{"href":"https:\/\/shop.kustom.ch\/fr\/wp-json\/wp\/v2\/product"}],"about":[{"href":"https:\/\/shop.kustom.ch\/fr\/wp-json\/wp\/v2\/types\/product"}],"wp:featuredmedia":[{"embeddable":true,"href":"https:\/\/shop.kustom.ch\/fr\/wp-json\/wp\/v2\/media\/590056"}],"wp:attachment":[{"href":"https:\/\/shop.kustom.ch\/fr\/wp-json\/wp\/v2\/media?parent=589989"}],"wp:term":[{"taxonomy":"product_brand","embeddable":true,"href":"https:\/\/shop.kustom.ch\/fr\/wp-json\/wp\/v2\/product_brand?post=589989"},{"taxonomy":"product_cat","embeddable":true,"href":"https:\/\/shop.kustom.ch\/fr\/wp-json\/wp\/v2\/product_cat?post=589989"},{"taxonomy":"product_tag","embeddable":true,"href":"https:\/\/shop.kustom.ch\/fr\/wp-json\/wp\/v2\/product_tag?post=589989"}],"curies":[{"name":"wp","href":"https:\/\/api.w.org\/{rel}","templated":true}]}}