{"id":589859,"date":"2025-03-04T22:59:16","date_gmt":"2025-03-04T21:59:16","guid":{"rendered":"https:\/\/shop.kustom.ch\/?post_type=product&#038;p=589859"},"modified":"2026-03-31T09:06:24","modified_gmt":"2026-03-31T08:06:24","slug":"softshell-jacke-3","status":"publish","type":"product","link":"https:\/\/shop.kustom.ch\/fr\/produit\/softshell-jacke-3\/","title":{"rendered":"Veste softshell"},"content":{"rendered":"<p>Veste softshell avec lamin\u00e9 3 couches imperm\u00e9able au vent et \u00e0 l'eau. La veste offre la protection et le confort n\u00e9cessaires \u00e0 votre travail. Poignets et taille r\u00e9glables, poches avant zipp\u00e9es et deux poches int\u00e9rieures. Dos rallong\u00e9 et coupe optimale qui pr\u00e9serve la chaleur du corps.<\/p>\n<p>FERMETURE : Dos rallong\u00e9. Poignets r\u00e9glables avec fermeture velcro. D\u00c9TAILS : Col doubl\u00e9 en polaire. FERMETURE FRONTALE : Fermeture \u00e0 glissi\u00e8re en plastique. FONCTIONNALIT\u00c9 : Imperm\u00e9able au vent et \u00e0 l'eau, coutures non scell\u00e9es, respirant. CARACT\u00c9RISTIQUES PRINCIPALES : pouvoir nettoyant. TISSU : hommes. vert. coupe-vent. Vent \/ humidit\u00e9 \/ froid. POCHES : poche de poitrine avec fermeture \u00e0 glissi\u00e8re. Poches int\u00e9rieures. Poches avant avec fermetures \u00e0 glissi\u00e8re. INSTRUCTIONS DE LAVAGE : ne pas repasser.<\/p>\n<p>100% polyester, tissu softshell 3 couches, imperm\u00e9able 17.000mm, coupe-vent, respirant Ret 7,2, 300 g\/m<\/p>","protected":false},"excerpt":{"rendered":"<p>Softshell-Jacke mit wind- und wasserdichtem 3-Lagenlaminat. Die Jacke bietet den f\u00fcr Ihren Arbeitsplatz erforderlichen Schutz und Komfort. Justierbare Taillen- und \u00c4rmelb\u00fcndchen Vordertaschen mit Reissverschluss und zwei Innentaschen. Verl\u00e4ngertes R\u00fcckenteil und optimale Passform, bei der die K\u00f6rperw\u00e4rme erhalten bleibt. ABSCHLUSS: Verl\u00e4ngerter R\u00fccken. Verstellbare \u00c4rmelb\u00fcndchen mit Klettverschluss. DETAILS: Fleecegef\u00fctterter Kragen. FRONTVERSCHLUSS: Reissverschluss aus Kunststoff. FUNKTIONALIT\u00c4T: Wind- &amp;amp; [&hellip;]<\/p>\n","protected":false},"featured_media":589886,"template":"","meta":[],"product_brand":[],"product_cat":[4186],"product_tag":[],"class_list":{"0":"post-589859","1":"product","2":"type-product","3":"status-publish","4":"has-post-thumbnail","6":"product_cat-jacken","7":"pa_brand-blaklaeder","8":"pa_brand-type-workwear","9":"pa_filter-color-blau","10":"pa_filter-color-gruen","11":"pa_filter-color-schwarz","13":"first","14":"instock","15":"sale","16":"taxable","17":"shipping-taxable","18":"purchasable","19":"product-type-variable","20":"add-to-wishlist-before_image"},"exclude_global_add_ons":[],"addons":[],"acf":[],"_links":{"self":[{"href":"https:\/\/shop.kustom.ch\/fr\/wp-json\/wp\/v2\/product\/589859"}],"collection":[{"href":"https:\/\/shop.kustom.ch\/fr\/wp-json\/wp\/v2\/product"}],"about":[{"href":"https:\/\/shop.kustom.ch\/fr\/wp-json\/wp\/v2\/types\/product"}],"wp:featuredmedia":[{"embeddable":true,"href":"https:\/\/shop.kustom.ch\/fr\/wp-json\/wp\/v2\/media\/589886"}],"wp:attachment":[{"href":"https:\/\/shop.kustom.ch\/fr\/wp-json\/wp\/v2\/media?parent=589859"}],"wp:term":[{"taxonomy":"product_brand","embeddable":true,"href":"https:\/\/shop.kustom.ch\/fr\/wp-json\/wp\/v2\/product_brand?post=589859"},{"taxonomy":"product_cat","embeddable":true,"href":"https:\/\/shop.kustom.ch\/fr\/wp-json\/wp\/v2\/product_cat?post=589859"},{"taxonomy":"product_tag","embeddable":true,"href":"https:\/\/shop.kustom.ch\/fr\/wp-json\/wp\/v2\/product_tag?post=589859"}],"curies":[{"name":"wp","href":"https:\/\/api.w.org\/{rel}","templated":true}]}}