{"id":586384,"date":"2025-03-04T22:07:27","date_gmt":"2025-03-04T21:07:27","guid":{"rendered":"https:\/\/shop.kustom.ch\/?post_type=product&#038;p=586384"},"modified":"2026-03-31T08:48:05","modified_gmt":"2026-03-31T07:48:05","slug":"high-vis-softshell-weste","status":"publish","type":"product","link":"https:\/\/shop.kustom.ch\/fr\/produit\/high-vis-softshell-weste\/","title":{"rendered":"Gilet Softshell haute visibilit\u00e9"},"content":{"rendered":"<p>Gilet softshell moderne dans des couleurs haute visibilit\u00e9, fabriqu\u00e9 dans un tissu imperm\u00e9able et respirant. Le gilet a un col haut et une doublure douce en polaire. Certifi\u00e9 selon la norme EN 20471 pour une meilleure visibilit\u00e9 au travail.<\/p>\n<p>FERMETURE : Dos rallong\u00e9. D\u00c9TAILS : Poche amovible pour carte d'identit\u00e9. Col doubl\u00e9 en polaire. FERMETURE FRONTALE : Fermeture \u00e0 glissi\u00e8re en plastique. FONCTIONNALIT\u00c9 : Mat\u00e9riau coupe-vent et imperm\u00e9able, coutures non soud\u00e9es. TRAVAILLEURS PRINCIPAUX : Travailleurs de la route et du b\u00e2timent. EN ISO 20471. R\u00c9FLEXE : bandes r\u00e9fl\u00e9chissantes de 65 mm de large. TISSU : pour hommes. Jaune haute visibilit\u00e9. Respirabilit\u00e9 de la peau. Protection contre la haute visibilit\u00e9. POCHES : Poches poitrine avec fermetures \u00e0 glissi\u00e8re et anneau en D. Poches int\u00e9rieures. Poches avant avec fermeture \u00e9clair, doubl\u00e9es de polaire. INSTRUCTIONS DE LAVAGE : Nombre de lavages : 20. Ne pas repasser. CERTIFICATION : Groupe de certification D XXS-S<\/p>\n<p>100% polyester, tissu softshell 3 couches, imperm\u00e9able 17.000mm, coupe-vent, respirant Ret 7,2, 300 g\/m<\/p>","protected":false},"excerpt":{"rendered":"<p>Moderne Softshell Weste in High Vis Farben aus einem wasserabweisenden und atmungsaktiven Stoff. Die Weste hat einen hohen Kragen und ein weiches Fleecefutter. Zertifiziert nach EN 20471 f\u00fcr bessere Sichtbarkeit bei der Arbeit. ABSCHLUSS: Verl\u00e4ngerter R\u00fccken. DETAILS: Abnehmbare Ausweistasche. Fleecegef\u00fctterter Kragen. FRONTVERSCHLUSS: Reissverschluss aus Kunststoff. FUNKTIONALIT\u00c4T: Wind- &amp;amp; wasserabweisendes Material, nicht verschweisste N\u00e4hte. HAUPTEIGENSCHAFTEN: Strassen- [&hellip;]<\/p>\n","protected":false},"featured_media":586429,"template":"","meta":[],"product_brand":[],"product_cat":[4208],"product_tag":[],"class_list":{"0":"post-586384","1":"product","2":"type-product","3":"status-publish","4":"has-post-thumbnail","6":"product_cat-westen","7":"pa_brand-blaklaeder","8":"pa_brand-type-workwear","9":"pa_filter-color-gelb","10":"pa_filter-color-orange","11":"pa_filter-color-rot","13":"first","14":"instock","15":"sale","16":"taxable","17":"shipping-taxable","18":"purchasable","19":"product-type-variable","20":"add-to-wishlist-before_image"},"exclude_global_add_ons":[],"addons":[],"acf":[],"_links":{"self":[{"href":"https:\/\/shop.kustom.ch\/fr\/wp-json\/wp\/v2\/product\/586384"}],"collection":[{"href":"https:\/\/shop.kustom.ch\/fr\/wp-json\/wp\/v2\/product"}],"about":[{"href":"https:\/\/shop.kustom.ch\/fr\/wp-json\/wp\/v2\/types\/product"}],"wp:featuredmedia":[{"embeddable":true,"href":"https:\/\/shop.kustom.ch\/fr\/wp-json\/wp\/v2\/media\/586429"}],"wp:attachment":[{"href":"https:\/\/shop.kustom.ch\/fr\/wp-json\/wp\/v2\/media?parent=586384"}],"wp:term":[{"taxonomy":"product_brand","embeddable":true,"href":"https:\/\/shop.kustom.ch\/fr\/wp-json\/wp\/v2\/product_brand?post=586384"},{"taxonomy":"product_cat","embeddable":true,"href":"https:\/\/shop.kustom.ch\/fr\/wp-json\/wp\/v2\/product_cat?post=586384"},{"taxonomy":"product_tag","embeddable":true,"href":"https:\/\/shop.kustom.ch\/fr\/wp-json\/wp\/v2\/product_tag?post=586384"}],"curies":[{"name":"wp","href":"https:\/\/api.w.org\/{rel}","templated":true}]}}