{"id":582123,"date":"2025-03-04T09:33:40","date_gmt":"2025-03-04T08:33:40","guid":{"rendered":"https:\/\/shop.kustom.ch\/?post_type=product&#038;p=582123"},"modified":"2026-03-31T08:35:30","modified_gmt":"2026-03-31T07:35:30","slug":"winterhose-2","status":"publish","type":"product","link":"https:\/\/shop.kustom.ch\/fr\/produit\/winterhose-2\/","title":{"rendered":"Pantalon d'hiver"},"content":{"rendered":"<p>Nos pantalons d'hiver doubl\u00e9s permettent de rester au chaud et au sec m\u00eame par un froid glacial et une pluie de neige. Le pantalon est fabriqu\u00e9 dans un mat\u00e9riau imperm\u00e9able au vent et \u00e0 l'eau, respirant, avec des coutures scell\u00e9es. Certifi\u00e9 selon la norme EN 342, v\u00eatements de protection contre le froid (avec les articles 4886 et 4881) ou EN 343, v\u00eatements de protection contre la pluie. Le pantalon est dot\u00e9 de nombreuses fonctions intelligentes, telles que la taille arri\u00e8re sur\u00e9lev\u00e9e, la fermeture \u00e9clair jusqu'au genou, la jupe pare-neige int\u00e9rieure ouvrable, les bretelles amovibles avec \u00e9lastique et des r\u00e9flecteurs discrets sur la poche arri\u00e8re et le c\u00f4t\u00e9. Sac \u00e0 clous, article n\u00b0 2183, vendu s\u00e9par\u00e9ment.<\/p>\n<p>FERMETURE : Bas de jambe r\u00e9glable avec fermeture \u00e0 glissi\u00e8re et velcro. D\u00c9TAILS : Poche pour carte d'identit\u00e9 amovible. Bretelles amovibles avec \u00e9lastique. Jupe pare-neige avec fermeture velcro et bouton. Taille haute \u00e0 l'arri\u00e8re. FONCTIONNALIT\u00c9 : Mat\u00e9riau coupe-vent &amp; imperm\u00e9able avec respirabilit\u00e9, coutures soud\u00e9es. CARACT\u00c9RISTIQUES PRINCIPALES : Artisan. Messieurs. EN 14004. REFLEX : D\u00e9tails r\u00e9fl\u00e9chissants. TISSU : Hommes. noir. imperm\u00e9able. Artisanat. POCHES : Poches sur les jambes avec rabat. Poches arri\u00e8re avec soufflet et rabat. Poches pour genouill\u00e8res. Supports pr\u00e9form\u00e9s pour poches \u00e0 clous amovibles. Poches avant avec fermetures \u00e0 glissi\u00e8re. Poche m\u00e8tre avec porte couteau et poche stylo. INSTRUCTIONS DE LAVAGE : Ne pas nettoyer \u00e0 sec. RENFORCEMENT : Renforc\u00e9 \u00e0 l'ourlet. CERTIFICATION : EN 14404:2004+A1:2010 avec les genouill\u00e8res 4027, 4057, 4058 et 4032. Certifi\u00e9 EN 342 avec les articles 4460, 4881, 4886, 4989 ou 4890. EN 343, classe 4,1. ACCESSOIRES : Article 2183<\/p>\n<p>100% Polyester, Oxford, enduit, imperm\u00e9able 15.000 mm, coupe-vent, respirant Ret 8,5, 200g\/m<\/p>","protected":false},"excerpt":{"rendered":"<p>In unserer gef\u00fctterten Winterhose bleibt man auch noch bei klirrender K\u00e4lte und Schneeregen warm und trocken. Die Hose ist aus wind- und wasserdichtem , atmungsaktivem Material mit versiegelten N\u00e4hten hergestellt. Zertifiziert nach EN 342, Schutzkleidung gegen K\u00e4lte (gemeinsam mit Artikel 4886 und 4881) bzw. EN 343, Schutzkleidung gegen Regen. Die Hose hat zahlreiche intelligente Funktionen, [&hellip;]<\/p>\n","protected":false},"featured_media":582162,"template":"","meta":[],"product_brand":[],"product_cat":[4185],"product_tag":[],"class_list":{"0":"post-582123","1":"product","2":"type-product","3":"status-publish","4":"has-post-thumbnail","6":"product_cat-hosen","7":"pa_brand-blaklaeder","8":"pa_brand-type-workwear","9":"pa_filter-color-schwarz","11":"first","12":"instock","13":"sale","14":"taxable","15":"shipping-taxable","16":"purchasable","17":"product-type-variable","18":"add-to-wishlist-before_image"},"exclude_global_add_ons":[],"addons":[],"acf":[],"_links":{"self":[{"href":"https:\/\/shop.kustom.ch\/fr\/wp-json\/wp\/v2\/product\/582123"}],"collection":[{"href":"https:\/\/shop.kustom.ch\/fr\/wp-json\/wp\/v2\/product"}],"about":[{"href":"https:\/\/shop.kustom.ch\/fr\/wp-json\/wp\/v2\/types\/product"}],"wp:featuredmedia":[{"embeddable":true,"href":"https:\/\/shop.kustom.ch\/fr\/wp-json\/wp\/v2\/media\/582162"}],"wp:attachment":[{"href":"https:\/\/shop.kustom.ch\/fr\/wp-json\/wp\/v2\/media?parent=582123"}],"wp:term":[{"taxonomy":"product_brand","embeddable":true,"href":"https:\/\/shop.kustom.ch\/fr\/wp-json\/wp\/v2\/product_brand?post=582123"},{"taxonomy":"product_cat","embeddable":true,"href":"https:\/\/shop.kustom.ch\/fr\/wp-json\/wp\/v2\/product_cat?post=582123"},{"taxonomy":"product_tag","embeddable":true,"href":"https:\/\/shop.kustom.ch\/fr\/wp-json\/wp\/v2\/product_tag?post=582123"}],"curies":[{"name":"wp","href":"https:\/\/api.w.org\/{rel}","templated":true}]}}