{"id":582122,"date":"2025-03-04T09:33:39","date_gmt":"2025-03-04T08:33:39","guid":{"rendered":"https:\/\/shop.kustom.ch\/?post_type=product&#038;p=582122"},"modified":"2026-03-31T08:35:25","modified_gmt":"2026-03-31T07:35:25","slug":"shell-hose","status":"publish","type":"product","link":"https:\/\/shop.kustom.ch\/fr\/produit\/shell-hose\/","title":{"rendered":"Pantalon Shell"},"content":{"rendered":"<p>Pantalon shell coupe-vent et imperm\u00e9able fabriqu\u00e9 dans un mat\u00e9riau respirant avec des coutures soud\u00e9es pour te garder au sec sous la pluie. Le pantalon est dot\u00e9 d'une taille haute \u00e0 l'arri\u00e8re, d'une fermeture \u00e9clair lat\u00e9rale remontant jusqu'au genou et d'une jupe pare-neige int\u00e9gr\u00e9e avec ouverture. D'autres superbes caract\u00e9ristiques incluent des bretelles \u00e9lastiques amovibles, des d\u00e9tails r\u00e9fl\u00e9chissants discrets sur les poches arri\u00e8re et sur les c\u00f4t\u00e9s des jambes. Id\u00e9al \u00e0 porter avec les vestes 4881 et 4988. Certifi\u00e9 EN 343, v\u00eatement de protection contre le mauvais temps. Poches \u00e0 clous d\u00e9tach\u00e9es article 2183, vendues s\u00e9par\u00e9ment.<\/p>\n<p>FERMETURE : Bas de jambes r\u00e9glables. D\u00c9TAILS : Poche pour carte d'identit\u00e9 amovible. Bretelles amovibles avec \u00e9lastique. Jupe pare-neige avec fermeture velcro et bouton. Taille haute \u00e0 l'arri\u00e8re. FONCTIONNALIT\u00c9 : Mat\u00e9riau coupe-vent &amp; imperm\u00e9able avec respirabilit\u00e9, coutures soud\u00e9es. CARACT\u00c9RISTIQUES PRINCIPALES : Jardinier. Messieurs . EN 343. REFLEX : D\u00e9tails r\u00e9fl\u00e9chissants sur la jambe. TISSU : Hommes. Noir. Poches pour genouill\u00e8res. Vent \/ humidit\u00e9 \/ froid. POCHES : Poche sur la jambe avec poche \u00e0 crayons en trois parties et poche pour t\u00e9l\u00e9phone portable. Poches arri\u00e8re avec soufflet et rabat. Poches pour genouill\u00e8res. Supports pr\u00e9fabriqu\u00e9s pour poches \u00e0 clous amovibles. Poches avant avec fermetures \u00e0 glissi\u00e8re. Poche m\u00e8tre avec porte couteau et poche stylo. INSTRUCTIONS DE LAVAGE : 40\u00b0 C. RENFORCEMENT : Renforc\u00e9 \u00e0 l'ourlet. CERTIFICATION : EN 14404:2004+A1:2010 ensemble avec genouill\u00e8res 4027, 4057, 4058 et 4032. EN 343, classe 3.3. ACCESSOIRES : Article 2183<\/p>\n<p>100% Polyester, Oxford, enduit, imperm\u00e9able 15.000 mm, coupe-vent, respirant Ret 8,5, 200g\/m<\/p>","protected":false},"excerpt":{"rendered":"<p>Wind- und wasserdichte Shell Hose aus einem atmungsaktiven Material mit verschweissten N\u00e4hten, um Sie im Regen trocken zu halten. Die Hose bietet eine hohe Taille hinten, einen seitlichen Reissverschluss hoch bis zum Knie und einen integrierten Schneefang mit \u00d6ffnung. Andere tolle Eigenschaften beinhalten abnehmbare elastische Hosentr\u00e4ger, diskrete Reflexdetails an den Ges\u00e4sstaschen und an den Seiten [&hellip;]<\/p>\n","protected":false},"featured_media":582161,"template":"","meta":[],"product_brand":[],"product_cat":[4185],"product_tag":[],"class_list":{"0":"post-582122","1":"product","2":"type-product","3":"status-publish","4":"has-post-thumbnail","6":"product_cat-hosen","7":"pa_brand-blaklaeder","8":"pa_brand-type-workwear","9":"pa_filter-color-schwarz","11":"first","12":"instock","13":"sale","14":"taxable","15":"shipping-taxable","16":"purchasable","17":"product-type-variable","18":"add-to-wishlist-before_image"},"exclude_global_add_ons":[],"addons":[],"acf":[],"_links":{"self":[{"href":"https:\/\/shop.kustom.ch\/fr\/wp-json\/wp\/v2\/product\/582122"}],"collection":[{"href":"https:\/\/shop.kustom.ch\/fr\/wp-json\/wp\/v2\/product"}],"about":[{"href":"https:\/\/shop.kustom.ch\/fr\/wp-json\/wp\/v2\/types\/product"}],"wp:featuredmedia":[{"embeddable":true,"href":"https:\/\/shop.kustom.ch\/fr\/wp-json\/wp\/v2\/media\/582161"}],"wp:attachment":[{"href":"https:\/\/shop.kustom.ch\/fr\/wp-json\/wp\/v2\/media?parent=582122"}],"wp:term":[{"taxonomy":"product_brand","embeddable":true,"href":"https:\/\/shop.kustom.ch\/fr\/wp-json\/wp\/v2\/product_brand?post=582122"},{"taxonomy":"product_cat","embeddable":true,"href":"https:\/\/shop.kustom.ch\/fr\/wp-json\/wp\/v2\/product_cat?post=582122"},{"taxonomy":"product_tag","embeddable":true,"href":"https:\/\/shop.kustom.ch\/fr\/wp-json\/wp\/v2\/product_tag?post=582122"}],"curies":[{"name":"wp","href":"https:\/\/api.w.org\/{rel}","templated":true}]}}