{"id":579193,"date":"2025-03-04T08:58:06","date_gmt":"2025-03-04T07:58:06","guid":{"rendered":"https:\/\/shop.kustom.ch\/?post_type=product&#038;p=579193"},"modified":"2026-03-31T08:24:21","modified_gmt":"2026-03-31T07:24:21","slug":"garten-shorts","status":"publish","type":"product","link":"https:\/\/shop.kustom.ch\/fr\/produit\/garten-shorts\/","title":{"rendered":"Short de jardin"},"content":{"rendered":"<p>Le short de jardinage Bl\u00e5kl\u00e4der est le mod\u00e8le pr\u00e9f\u00e9r\u00e9 des jardiniers et des paysagistes. Poches arri\u00e8re renforc\u00e9es en CORDURA\u00ae et autres d\u00e9tails soigneusement s\u00e9lectionn\u00e9s. Poche sur la jambe avec rabat et poche \u00e0 outils suppl\u00e9mentaire renforc\u00e9e en CORDURA\u00ae.<\/p>\n<p>D\u00c9TAILS : double couture \u00e0 l'entrejambe. Fermeture \u00e0 glissi\u00e8re m\u00e9tallique \u00e0 l'entrejambe. Larges passants de ceinture \u00e0 l'arri\u00e8re et sur les c\u00f4t\u00e9s. CARACTERISTIQUES PRINCIPALES : Jardinier. Homme. TISSU : Hommes. Vert. Artisanat. POCHES : Poche sur la jambe avec rabat et bouton-pression et petite poche cousue. Poches arri\u00e8re \u00e0 soufflet. Poche pour t\u00e9l\u00e9phone portable \u00e0 la taille. Poches en biais. Poche m\u00e8tre renforc\u00e9e en CORDURA\u00ae extra large avec poche stylo, porte-couteau et poche suppl\u00e9mentaire. INSTRUCTIONS DE LAVAGE : repassage - moyen. RENFORCEMENT : Renforts en CORDURA\u00ae sur les poches avant, les poches arri\u00e8re, la poche m\u00e8tre, les poches sur la jambe.<\/p>\n<p>55% Polyester\/45 % Coton, serg\u00e9, polyester recycl\u00e9 270 g\/m<\/p>","protected":false},"excerpt":{"rendered":"<p>Die Bl\u00e5kl\u00e4der Garten-Shorts wird bevorzugt von Garten-und Landschaftsg\u00e4rtnern getragen. Ges\u00e4sstaschen mit CORDURA\u00ae-Verst\u00e4rkung und andere, sehr sorgf\u00e4ltig ausgew\u00e4hlte Details. Beintasche mit Patte und zus\u00e4tzliche mit CORDURA\u00ae verst\u00e4rkte Werkzeugtasche. DETAILS: Schrittnaht als Zweifachnaht. Metall-Reissverschluss im Schritt. Breite G\u00fcrtelschlaufen hinten und an den Seiten. HAUPTEIGENSCHAFTEN: Gartenarbeiter. Herren. STOFF: Herren. gr\u00fcn. Handwerk. TASCHEN: Beintasche mit Patte und Druckknopf und [&hellip;]<\/p>\n","protected":false},"featured_media":579209,"template":"","meta":[],"product_brand":[],"product_cat":[4198],"product_tag":[],"class_list":{"0":"post-579193","1":"product","2":"type-product","3":"status-publish","4":"has-post-thumbnail","6":"product_cat-shorts","7":"pa_brand-blaklaeder","8":"pa_brand-type-workwear","9":"pa_filter-color-gruen","11":"first","12":"instock","13":"sale","14":"taxable","15":"shipping-taxable","16":"purchasable","17":"product-type-variable","18":"add-to-wishlist-before_image"},"exclude_global_add_ons":[],"addons":[],"acf":[],"_links":{"self":[{"href":"https:\/\/shop.kustom.ch\/fr\/wp-json\/wp\/v2\/product\/579193"}],"collection":[{"href":"https:\/\/shop.kustom.ch\/fr\/wp-json\/wp\/v2\/product"}],"about":[{"href":"https:\/\/shop.kustom.ch\/fr\/wp-json\/wp\/v2\/types\/product"}],"wp:featuredmedia":[{"embeddable":true,"href":"https:\/\/shop.kustom.ch\/fr\/wp-json\/wp\/v2\/media\/579209"}],"wp:attachment":[{"href":"https:\/\/shop.kustom.ch\/fr\/wp-json\/wp\/v2\/media?parent=579193"}],"wp:term":[{"taxonomy":"product_brand","embeddable":true,"href":"https:\/\/shop.kustom.ch\/fr\/wp-json\/wp\/v2\/product_brand?post=579193"},{"taxonomy":"product_cat","embeddable":true,"href":"https:\/\/shop.kustom.ch\/fr\/wp-json\/wp\/v2\/product_cat?post=579193"},{"taxonomy":"product_tag","embeddable":true,"href":"https:\/\/shop.kustom.ch\/fr\/wp-json\/wp\/v2\/product_tag?post=579193"}],"curies":[{"name":"wp","href":"https:\/\/api.w.org\/{rel}","templated":true}]}}