{"id":571622,"date":"2025-03-04T07:35:14","date_gmt":"2025-03-04T06:35:14","guid":{"rendered":"https:\/\/shop.kustom.ch\/?post_type=product&#038;p=571622"},"modified":"2026-03-31T07:59:53","modified_gmt":"2026-03-31T06:59:53","slug":"winterjacke-unique","status":"publish","type":"product","link":"https:\/\/shop.kustom.ch\/fr\/produit\/winterjacke-unique\/","title":{"rendered":"Veste d'hiver UNIQUE"},"content":{"rendered":"<p>Bicolore, elle est tr\u00e8s r\u00e9sistante. Respirant, imperm\u00e9able au vent et \u00e0 l'eau. Les coutures sont coll\u00e9es. Capuche amovible, doubl\u00e9e et munie de cordons \u00e9lastiques r\u00e9glables. Doublure en polaire matelass\u00e9e. Fermeture par zip et rabat de protection contre les intemp\u00e9ries avec boutons-pression. Poche zipp\u00e9e sous la bande de protection contre les intemp\u00e9ries. Poches poitrine avec fermeture \u00e9clair. Acc\u00e8s facile \u00e0 la poche int\u00e9gr\u00e9e pour t\u00e9l\u00e9phone portable dans la poche de poitrine. Anneau en D. Manches ergonomiques permettant une grande libert\u00e9 de mouvement. Poches sur le devant. Poche int\u00e9rieure avec fermeture \u00e9clair. Poignets c\u00f4tel\u00e9s (cach\u00e9s sous la bande de protection contre les intemp\u00e9ries). Cordon de serrage r\u00e9glable \u00e0 l'int\u00e9rieur au niveau des hanches. Fermeture \u00e9clair dans la doublure au dos pour l'application d'un logo\/d'une broderie. Effets r\u00e9fl\u00e9chissants.<\/p>\n<p>OEKO-TEX\u00ae STANDARD 100 ; EN 343 3\/1 ; EN 342 3\/WP (1.95 clo)<br \/>\n100% Polyester<br \/>\nSerg\u00e9.<br \/>\n255 g\/m<br \/>\nLinge d\u00e9licat, max. 40\u00b0 C ; Ne pas blanchir ; Ne pas s\u00e9cher au s\u00e8che-linge ; Ne pas repasser ; Supporte le nettoyage normal<\/p>\n<p><a href=\"https:\/\/mascotsitecore-1ccb8.kxcdn.com\/pdf\/12035-211-0209-de.pdf\" target=\"_blank\" rel=\"noopener\"><u>Ouvrir la fiche produit<\/u><\/a><\/p>","protected":false},"excerpt":{"rendered":"<ul>\n<li>Respirant, \u00e9tanche au vent et \u00e0 l'eau avec coutures scell\u00e9es.<\/li>\n<li>Capuche doubl\u00e9e amovible, avec cordons \u00e9lastiques r\u00e9glables.<\/li>\n<li>Le col suit les mouvements de la t\u00eate gr\u00e2ce \u00e0 son design et \u00e0 la qualit\u00e9 l\u00e9g\u00e8re du tissu.<\/li>\n<li>Grande libert\u00e9 de mouvement gr\u00e2ce aux manches coup\u00e9es en forme.<\/li>\n<li>Am\u00e9lioration de la visibilit\u00e9 pour l'entourage \u00e0 l'aide d'effets r\u00e9fl\u00e9chissants.<\/li>\n<\/ul>","protected":false},"featured_media":571675,"template":"","meta":[],"product_brand":[],"product_cat":[4186],"product_tag":[],"class_list":{"0":"post-571622","1":"product","2":"type-product","3":"status-publish","4":"has-post-thumbnail","6":"product_cat-jacken","7":"pa_brand-mascot","8":"pa_brand-type-workwear","9":"pa_filter-color-beige","10":"pa_filter-color-blau","11":"pa_filter-color-grau","12":"pa_filter-color-gruen","13":"pa_filter-color-rot","14":"pa_filter-color-schwarz","15":"pa_filter-color-weiss","17":"first","18":"instock","19":"sale","20":"taxable","21":"shipping-taxable","22":"purchasable","23":"product-type-variable","24":"add-to-wishlist-before_image"},"exclude_global_add_ons":[],"addons":[],"acf":[],"_links":{"self":[{"href":"https:\/\/shop.kustom.ch\/fr\/wp-json\/wp\/v2\/product\/571622"}],"collection":[{"href":"https:\/\/shop.kustom.ch\/fr\/wp-json\/wp\/v2\/product"}],"about":[{"href":"https:\/\/shop.kustom.ch\/fr\/wp-json\/wp\/v2\/types\/product"}],"wp:featuredmedia":[{"embeddable":true,"href":"https:\/\/shop.kustom.ch\/fr\/wp-json\/wp\/v2\/media\/571675"}],"wp:attachment":[{"href":"https:\/\/shop.kustom.ch\/fr\/wp-json\/wp\/v2\/media?parent=571622"}],"wp:term":[{"taxonomy":"product_brand","embeddable":true,"href":"https:\/\/shop.kustom.ch\/fr\/wp-json\/wp\/v2\/product_brand?post=571622"},{"taxonomy":"product_cat","embeddable":true,"href":"https:\/\/shop.kustom.ch\/fr\/wp-json\/wp\/v2\/product_cat?post=571622"},{"taxonomy":"product_tag","embeddable":true,"href":"https:\/\/shop.kustom.ch\/fr\/wp-json\/wp\/v2\/product_tag?post=571622"}],"curies":[{"name":"wp","href":"https:\/\/api.w.org\/{rel}","templated":true}]}}