{"id":571467,"date":"2025-03-04T07:33:22","date_gmt":"2025-03-04T06:33:22","guid":{"rendered":"https:\/\/shop.kustom.ch\/?post_type=product&#038;p=571467"},"modified":"2026-03-31T07:59:18","modified_gmt":"2026-03-31T06:59:18","slug":"warnweste-safe-supreme-3","status":"publish","type":"product","link":"https:\/\/shop.kustom.ch\/fr\/produit\/warnweste-safe-supreme-3\/","title":{"rendered":"Gilet de s\u00e9curit\u00e9 SAFE SUPREME"},"content":{"rendered":"<p>Fluorescent avec bande r\u00e9fl\u00e9chissante verticale et horizontale. Fermeture \u00e0 glissi\u00e8re, sur toute la longueur. Poche int\u00e9rieure. Bord\u00e9 d'un ruban en biais. Le produit taille grand, car il est destin\u00e9 \u00e0 \u00eatre port\u00e9 par-dessus les v\u00eatements.<\/p>\n<p>OEKO-TEX\u00ae STANDARD 100 ; EN ISO 20471 - classe 3 ; Hi-Vis groupe A<br \/>\n100% Polyester<br \/>\nLa charmeuse. Peut r\u00e9tr\u00e9cir au maximum 5%. Ne pas faire tremper. Laver s\u00e9par\u00e9ment.<br \/>\n130 g\/m<br \/>\nLinge d\u00e9licat, max. 40\u00b0 C ; Ne pas blanchir ; Ne pas s\u00e9cher au s\u00e8che-linge ; Ne pas repasser ; Supporte le nettoyage normal<\/p>\n<p><a href=\"https:\/\/mascotsitecore-1ccb8.kxcdn.com\/pdf\/50216-310-14-de.pdf\" target=\"_blank\" rel=\"noopener\"><u>Ouvrir la fiche produit<\/u><\/a><\/p>","protected":false},"excerpt":{"rendered":"<ul>\n<li>Fermeture \u00e0 glissi\u00e8re dissimul\u00e9e pour prot\u00e9ger de la poussi\u00e8re et de la salet\u00e9.<\/li>\n<li>Taille grande - con\u00e7ue pour \u00eatre port\u00e9e par-dessus les autres v\u00eatements.<\/li>\n<li>Am\u00e9lioration de la visibilit\u00e9 pour l'entourage \u00e0 l'aide de bandes r\u00e9fl\u00e9chissantes sur les \u00e9paules ainsi que de r\u00e9flecteurs obliques.<\/li>\n<li>Poche int\u00e9rieure.<\/li>\n<li>Bord\u00e9 d'un biais.<\/li>\n<\/ul>","protected":false},"featured_media":571516,"template":"","meta":[],"product_brand":[],"product_cat":[4208],"product_tag":[],"class_list":{"0":"post-571467","1":"product","2":"type-product","3":"status-publish","4":"has-post-thumbnail","6":"product_cat-westen","7":"pa_brand-mascot","8":"pa_brand-type-workwear","9":"pa_filter-color-gelb","10":"pa_filter-color-orange","11":"pa_filter-color-rot","13":"first","14":"instock","15":"sale","16":"taxable","17":"shipping-taxable","18":"purchasable","19":"product-type-variable","20":"add-to-wishlist-before_image"},"exclude_global_add_ons":[],"addons":[],"acf":[],"_links":{"self":[{"href":"https:\/\/shop.kustom.ch\/fr\/wp-json\/wp\/v2\/product\/571467"}],"collection":[{"href":"https:\/\/shop.kustom.ch\/fr\/wp-json\/wp\/v2\/product"}],"about":[{"href":"https:\/\/shop.kustom.ch\/fr\/wp-json\/wp\/v2\/types\/product"}],"wp:featuredmedia":[{"embeddable":true,"href":"https:\/\/shop.kustom.ch\/fr\/wp-json\/wp\/v2\/media\/571516"}],"wp:attachment":[{"href":"https:\/\/shop.kustom.ch\/fr\/wp-json\/wp\/v2\/media?parent=571467"}],"wp:term":[{"taxonomy":"product_brand","embeddable":true,"href":"https:\/\/shop.kustom.ch\/fr\/wp-json\/wp\/v2\/product_brand?post=571467"},{"taxonomy":"product_cat","embeddable":true,"href":"https:\/\/shop.kustom.ch\/fr\/wp-json\/wp\/v2\/product_cat?post=571467"},{"taxonomy":"product_tag","embeddable":true,"href":"https:\/\/shop.kustom.ch\/fr\/wp-json\/wp\/v2\/product_tag?post=571467"}],"curies":[{"name":"wp","href":"https:\/\/api.w.org\/{rel}","templated":true}]}}