{"id":569663,"date":"2025-03-04T07:05:05","date_gmt":"2025-03-04T06:05:05","guid":{"rendered":"https:\/\/shop.kustom.ch\/?post_type=product&#038;p=569663"},"modified":"2026-03-31T07:55:49","modified_gmt":"2026-03-31T06:55:49","slug":"winterweste-safe-supreme","status":"publish","type":"product","link":"https:\/\/shop.kustom.ch\/fr\/produit\/winterweste-safe-supreme\/","title":{"rendered":"Gilet d'hiver SAFE SUPREME"},"content":{"rendered":"<p>Fluorescent et avec des reflets obliques. Bicolore, elle est tr\u00e8s agr\u00e9able \u00e0 porter. Respirant, coupe-vent et d\u00e9perlant. Rembourr\u00e9 avec du polyester. Fermeture avec fermeture \u00e9clair et rabat de protection contre les intemp\u00e9ries \u00e0 l'int\u00e9rieur. Col montant. Poche int\u00e9rieure zipp\u00e9e sp\u00e9cialement con\u00e7ue pour les t\u00e9l\u00e9phones portables, avec ouverture et boucles pour le c\u00e2ble des \u00e9couteurs. Poches poitrine avec fermeture \u00e9clair. Anneau en D. Poches avant avec fermeture \u00e9clair.<\/p>\n<p>OEKO-TEX\u00ae STANDARD 100 ; EN ISO 20471 - classe 1 ; Hi-Vis groupe C<br \/>\n100% Polyester<br \/>\nTissu piqu\u00e9 au m\u00e8tre. Le produit est certifi\u00e9 comme conservant ses propri\u00e9t\u00e9s apr\u00e8s 50 lavages \u00e0 domicile.<br \/>\n365 g\/m<br \/>\nLinge d\u00e9licat, max. 40\u00b0 C ; Ne pas blanchir ; Ne pas s\u00e9cher au s\u00e8che-linge ; Ne pas repasser ; Supporte le nettoyage normal<\/p>\n<p><a href=\"https:\/\/mascotsitecore-1ccb8.kxcdn.com\/pdf\/15565-249-14010-de.pdf\" target=\"_blank\" rel=\"noopener\"><u>Ouvrir la fiche produit<\/u><\/a><\/p>","protected":false},"excerpt":{"rendered":"<ul>\n<li>Poches poitrine avec fermeture \u00e0 glissi\u00e8re.<\/li>\n<li>Isolation efficace gr\u00e2ce au rembourrage en polyester \u00e0 l'int\u00e9rieur.<\/li>\n<li>Boucle pour fixer le c\u00e2ble d'un casque.<\/li>\n<li>Respirant, coupe-vent et d\u00e9perlant.<\/li>\n<li>Col montant.<\/li>\n<\/ul>","protected":false},"featured_media":569690,"template":"","meta":[],"product_brand":[],"product_cat":[4208],"product_tag":[],"class_list":{"0":"post-569663","1":"product","2":"type-product","3":"status-publish","4":"has-post-thumbnail","6":"product_cat-westen","7":"pa_brand-mascot","8":"pa_brand-type-workwear","9":"pa_filter-color-blau","10":"pa_filter-color-gelb","11":"pa_filter-color-grau","12":"pa_filter-color-orange","13":"pa_filter-color-rot","14":"pa_filter-color-schwarz","16":"first","17":"instock","18":"sale","19":"taxable","20":"shipping-taxable","21":"purchasable","22":"product-type-variable","23":"add-to-wishlist-before_image"},"exclude_global_add_ons":[],"addons":[],"acf":[],"_links":{"self":[{"href":"https:\/\/shop.kustom.ch\/fr\/wp-json\/wp\/v2\/product\/569663"}],"collection":[{"href":"https:\/\/shop.kustom.ch\/fr\/wp-json\/wp\/v2\/product"}],"about":[{"href":"https:\/\/shop.kustom.ch\/fr\/wp-json\/wp\/v2\/types\/product"}],"wp:featuredmedia":[{"embeddable":true,"href":"https:\/\/shop.kustom.ch\/fr\/wp-json\/wp\/v2\/media\/569690"}],"wp:attachment":[{"href":"https:\/\/shop.kustom.ch\/fr\/wp-json\/wp\/v2\/media?parent=569663"}],"wp:term":[{"taxonomy":"product_brand","embeddable":true,"href":"https:\/\/shop.kustom.ch\/fr\/wp-json\/wp\/v2\/product_brand?post=569663"},{"taxonomy":"product_cat","embeddable":true,"href":"https:\/\/shop.kustom.ch\/fr\/wp-json\/wp\/v2\/product_cat?post=569663"},{"taxonomy":"product_tag","embeddable":true,"href":"https:\/\/shop.kustom.ch\/fr\/wp-json\/wp\/v2\/product_tag?post=569663"}],"curies":[{"name":"wp","href":"https:\/\/api.w.org\/{rel}","templated":true}]}}