{"id":569069,"date":"2025-03-04T07:00:19","date_gmt":"2025-03-04T06:00:19","guid":{"rendered":"https:\/\/shop.kustom.ch\/?post_type=product&#038;p=569069"},"modified":"2026-03-31T07:54:30","modified_gmt":"2026-03-31T06:54:30","slug":"softshell-jacke-safe-supreme","status":"publish","type":"product","link":"https:\/\/shop.kustom.ch\/fr\/produit\/softshell-jacke-safe-supreme\/","title":{"rendered":"Veste softshell SAFE SUPREME"},"content":{"rendered":"<p>Fluorescent et avec des bandes r\u00e9fl\u00e9chissantes sur les \u00e9paules et des reflets obliques. Bicolore, elle est tr\u00e8s confortable. Respirant, coupe-vent et d\u00e9perlant. Tissu polaire \u00e0 l'int\u00e9rieur. Fermeture avec fermeture \u00e9clair et rabat de protection contre les intemp\u00e9ries \u00e0 l'int\u00e9rieur. Capuche amovible, doubl\u00e9e et munie de cordons \u00e9lastiques r\u00e9glables. Col montant. Poches int\u00e9rieures. Poche int\u00e9rieure zipp\u00e9e sp\u00e9cialement con\u00e7ue pour les t\u00e9l\u00e9phones portables, avec ouverture et boucles pour le c\u00e2ble des \u00e9couteurs. Le dos est allong\u00e9. Poche de poitrine avec fermeture \u00e9clair. Anneau en D. Poche pour stylo. Les manches ergonomiques permettent une grande libert\u00e9 de mouvement. Poignets c\u00f4tel\u00e9s (cach\u00e9s sous la patte de protection contre les intemp\u00e9ries). Poignets avec renforts en tissu CORDURA\u00ae et fermeture velcro. Poches avant avec fermeture \u00e0 glissi\u00e8re.<\/p>\n<p>OEKO-TEX\u00ae STANDARD 100 ; EN ISO 20471 - classe 2 (S + M) ; EN ISO 20471 - classe 3 ; Hi-Vis groupe A<br \/>\n100% Polyester<br \/>\nRipstop\/3 couches de Soft Shell. Le produit est certifi\u00e9 comme conservant ses propri\u00e9t\u00e9s apr\u00e8s 50 lavages \u00e0 domicile.<br \/>\n360 g\/m<br \/>\nLinge d\u00e9licat, max. 40\u00b0 C ; Pas de blanchiment ; Supporte le s\u00e8che-linge - temp\u00e9rature de d\u00e9part max. 60\u00b0 C ; Pas de repassage ; Supporte le nettoyage normal<\/p>\n<p><a href=\"https:\/\/mascotsitecore-1ccb8.kxcdn.com\/pdf\/15502-246-14010-de.pdf\" target=\"_blank\" rel=\"noopener\"><u>Ouvrir la fiche produit<\/u><\/a><\/p>","protected":false},"excerpt":{"rendered":"<ul>\n<li>Pas de coutures sur l'\u00e9paule : ainsi, l'eau accumul\u00e9e ne peut pas s'infiltrer.<\/li>\n<li>Respirant, coupe-vent et d\u00e9perlant.<\/li>\n<li>L'utilisation r\u00e9sistante de tissu CORDURA\u00ae \u00e0 l'extr\u00e9mit\u00e9 des manches prolonge la dur\u00e9e de vie du produit.<\/li>\n<li>Le tissu fonc\u00e9 est plac\u00e9 \u00e0 l'endroit o\u00f9 le produit est le plus souvent expos\u00e9 \u00e0 la salet\u00e9.<\/li>\n<li>Manches prolong\u00e9es sur le dos de la main pour une protection suppl\u00e9mentaire contre le froid et les pr\u00e9cipitations.<\/li>\n<\/ul>","protected":false},"featured_media":569123,"template":"","meta":[],"product_brand":[],"product_cat":[4186],"product_tag":[],"class_list":{"0":"post-569069","1":"product","2":"type-product","3":"status-publish","4":"has-post-thumbnail","6":"product_cat-jacken","7":"pa_brand-mascot","8":"pa_brand-type-workwear","9":"pa_filter-color-blau","10":"pa_filter-color-gelb","11":"pa_filter-color-grau","12":"pa_filter-color-orange","13":"pa_filter-color-rot","14":"pa_filter-color-schwarz","16":"first","17":"instock","18":"sale","19":"taxable","20":"shipping-taxable","21":"purchasable","22":"product-type-variable","23":"add-to-wishlist-before_image"},"exclude_global_add_ons":[],"addons":[],"acf":[],"_links":{"self":[{"href":"https:\/\/shop.kustom.ch\/fr\/wp-json\/wp\/v2\/product\/569069"}],"collection":[{"href":"https:\/\/shop.kustom.ch\/fr\/wp-json\/wp\/v2\/product"}],"about":[{"href":"https:\/\/shop.kustom.ch\/fr\/wp-json\/wp\/v2\/types\/product"}],"wp:featuredmedia":[{"embeddable":true,"href":"https:\/\/shop.kustom.ch\/fr\/wp-json\/wp\/v2\/media\/569123"}],"wp:attachment":[{"href":"https:\/\/shop.kustom.ch\/fr\/wp-json\/wp\/v2\/media?parent=569069"}],"wp:term":[{"taxonomy":"product_brand","embeddable":true,"href":"https:\/\/shop.kustom.ch\/fr\/wp-json\/wp\/v2\/product_brand?post=569069"},{"taxonomy":"product_cat","embeddable":true,"href":"https:\/\/shop.kustom.ch\/fr\/wp-json\/wp\/v2\/product_cat?post=569069"},{"taxonomy":"product_tag","embeddable":true,"href":"https:\/\/shop.kustom.ch\/fr\/wp-json\/wp\/v2\/product_tag?post=569069"}],"curies":[{"name":"wp","href":"https:\/\/api.w.org\/{rel}","templated":true}]}}