{"id":567917,"date":"2025-03-04T06:43:42","date_gmt":"2025-03-04T05:43:42","guid":{"rendered":"https:\/\/shop.kustom.ch\/?post_type=product&#038;p=567917"},"modified":"2026-03-31T07:51:24","modified_gmt":"2026-03-31T06:51:24","slug":"winterjacke-safe-compete-2","status":"publish","type":"product","link":"https:\/\/shop.kustom.ch\/fr\/produit\/winterjacke-safe-compete-2\/","title":{"rendered":"Veste d'hiver SAFE COMPETE"},"content":{"rendered":"<p>Fluorescent avec bande r\u00e9fl\u00e9chissante verticale et horizontale. Bicolore, avec des couleurs vives. Respirant, coupe-vent et d\u00e9perlant. Col int\u00e9rieur en mati\u00e8re douce et r\u00e9sistante. Les manches sont amovibles. Le dos est allong\u00e9. Fermeture avec fermeture \u00e9clair, rabat de protection contre les intemp\u00e9ries ainsi que boutons-pression cach\u00e9s. Poche zipp\u00e9e sous la bande de protection contre les intemp\u00e9ries. Poches poitrine avec rabat et fermeture velcro. Poche poitrine pour t\u00e9l\u00e9phone portable avec fermeture \u00e9clair. Anneau en D. Poche pour stylo. Poches avant. Poignets c\u00f4tel\u00e9s (cach\u00e9s sous la patte de protection contre les intemp\u00e9ries) et fermeture \u00e0 boutons-pression. R\u00e9gulation par boutons-pression sur le bord inf\u00e9rieur. Boutons-pression pour la capuche. Doublure matelass\u00e9e amovible par fermeture \u00e0 glissi\u00e8re et pouvant \u00eatre port\u00e9e s\u00e9par\u00e9ment - pourvue d'un col c\u00f4tel\u00e9 et de poches. La doublure est \u00e9galement une veste qui peut \u00eatre port\u00e9e s\u00e9par\u00e9ment. La veste est \u00e9galement certifi\u00e9e EN ISO 20471, elle est fluorescente et poss\u00e8de des reflets horizontaux ainsi que des bandes r\u00e9fl\u00e9chissantes sur les \u00e9paules. 09335-880 est donc \u00e0 la fois une veste d'hiver certifi\u00e9e EN ISO 20471 - cl. 3, une veste Hard Shell certifi\u00e9e EN ISO 20471 - cl. 3, un gilet Hard Shell certifi\u00e9 EN ISO 20471 - cl. 2, une veste thermique certifi\u00e9e EN ISO 20471 - cl. 3 et un gilet thermique certifi\u00e9 EN ISO 20471 - cl. 1 en un seul produit - parfait pour tous les temps. Compl\u00e9tez le produit avec une capuche, 05114-880 (voir MASCOT\u00ae COMPLETE).<\/p>\n<p>OEKO-TEX\u00ae STANDARD 100 ; EN ISO 20471 - classe 3 ; Hi-Vis groupe A ; Hi-Vis groupe C<br \/>\n100% Polyester (MASCOTEX\u00ae)<br \/>\nNe pas faire tremper. Laver s\u00e9par\u00e9ment. Ne pas utiliser d'adoucissant.<br \/>\n240 g\/m<br \/>\nLinge d\u00e9licat, max. 40\u00b0 C ; Pas de blanchiment ; Pas de s\u00e9chage en tambour ; Pas de repassage ; Ne convient pas au nettoyage \u00e0 sec<\/p>\n<p><a href=\"https:\/\/mascotsitecore-1ccb8.kxcdn.com\/pdf\/09335-880-141-de.pdf\" target=\"_blank\" rel=\"noopener\"><u>Ouvrir la fiche produit<\/u><\/a><\/p>","protected":false},"excerpt":{"rendered":"<ul>\n<li>Respirant, coupe-vent et d\u00e9perlant.<\/li>\n<li>Possibilit\u00e9 de fixer une capuche \u00e0 l'aide de boutons-pression.<\/li>\n<li>Produit multifonctionnel adaptable aux diff\u00e9rentes situations - se compose d'une veste, d'un gilet, d'une veste thermique et d'un gilet thermique.<\/li>\n<li>La doublure matelass\u00e9e est une veste en soi, certifi\u00e9e EN ISO 20471, avec un col rond c\u00f4tel\u00e9 et des manches amovibles.<\/li>\n<li>Protection suppl\u00e9mentaire contre le froid gr\u00e2ce au dos rallong\u00e9.<\/li>\n<\/ul>","protected":false},"featured_media":567953,"template":"","meta":[],"product_brand":[],"product_cat":[4186],"product_tag":[],"class_list":{"0":"post-567917","1":"product","2":"type-product","3":"status-publish","4":"has-post-thumbnail","6":"product_cat-jacken","7":"pa_brand-mascot","8":"pa_brand-type-workwear","9":"pa_filter-color-blau","10":"pa_filter-color-gelb","11":"pa_filter-color-grau","12":"pa_filter-color-orange","14":"first","15":"instock","16":"sale","17":"taxable","18":"shipping-taxable","19":"purchasable","20":"product-type-variable","21":"add-to-wishlist-before_image"},"exclude_global_add_ons":[],"addons":[],"acf":[],"_links":{"self":[{"href":"https:\/\/shop.kustom.ch\/fr\/wp-json\/wp\/v2\/product\/567917"}],"collection":[{"href":"https:\/\/shop.kustom.ch\/fr\/wp-json\/wp\/v2\/product"}],"about":[{"href":"https:\/\/shop.kustom.ch\/fr\/wp-json\/wp\/v2\/types\/product"}],"wp:featuredmedia":[{"embeddable":true,"href":"https:\/\/shop.kustom.ch\/fr\/wp-json\/wp\/v2\/media\/567953"}],"wp:attachment":[{"href":"https:\/\/shop.kustom.ch\/fr\/wp-json\/wp\/v2\/media?parent=567917"}],"wp:term":[{"taxonomy":"product_brand","embeddable":true,"href":"https:\/\/shop.kustom.ch\/fr\/wp-json\/wp\/v2\/product_brand?post=567917"},{"taxonomy":"product_cat","embeddable":true,"href":"https:\/\/shop.kustom.ch\/fr\/wp-json\/wp\/v2\/product_cat?post=567917"},{"taxonomy":"product_tag","embeddable":true,"href":"https:\/\/shop.kustom.ch\/fr\/wp-json\/wp\/v2\/product_tag?post=567917"}],"curies":[{"name":"wp","href":"https:\/\/api.w.org\/{rel}","templated":true}]}}