{"id":566695,"date":"2025-03-04T06:15:11","date_gmt":"2025-03-04T05:15:11","guid":{"rendered":"https:\/\/shop.kustom.ch\/?post_type=product&#038;p=566695"},"modified":"2026-03-31T07:48:46","modified_gmt":"2026-03-31T06:48:46","slug":"overall-mit-knietaschen-safe-classic","status":"publish","type":"product","link":"https:\/\/shop.kustom.ch\/fr\/produit\/overall-mit-knietaschen-safe-classic\/","title":{"rendered":"Combinaison avec poches genouill\u00e8res SAFE CLASSIC"},"content":{"rendered":"<p>Fluorescent avec des reflets. Le traitement de surface rend le produit r\u00e9sistant \u00e0 la salet\u00e9. Triples coutures rabattues aux manches, aux jambes et \u00e0 l'entrejambe. Fermeture avec fermeture \u00e9clair \u00e0 double sens, rabat de protection contre les intemp\u00e9ries et boutons-pression. Poche de poitrine avec rabat et bouton-pression. Poche poitrine pour t\u00e9l\u00e9phone portable avec rabat r\u00e9glable et poche pour stylo. Poches frontales. Poche int\u00e9rieure avec fermeture \u00e9clair. Acc\u00e8s \u00e0 l'int\u00e9rieur des deux c\u00f4t\u00e9s. Poches arri\u00e8re avec renforts et rabat avec fermeture velcro. Passant pour marteau, r\u00e9glable. Poche sur la cuisse avec rabat et fermeture velcro. Poche pour m\u00e8tre pliant. Poches genouill\u00e8res, r\u00e9glables en hauteur. Poche sur la manche avec fermeture velcro. Poignets avec r\u00e9glage par bouton-pression. Elastique et soufflet d'extension dans le dos. Ventilation sous les manches. Pour ce mod\u00e8le, nous recommandons les protections de genoux suivantes : 00718-100, 50451-916 ou 20118-915. Certifi\u00e9 ensemble avec les genouill\u00e8res de type LONG selon EN 14404.<\/p>\n<p>OEKO-TEX\u00ae STANDARD 100 ; EN ISO 20471 - classe 3 ; Hi-Vis groupe A<br \/>\n65% polyester\/35% coton<br \/>\nLe serg\u00e9. Ne pas faire tremper. Laver s\u00e9par\u00e9ment. Le produit est certifi\u00e9 comme conservant ses propri\u00e9t\u00e9s apr\u00e8s 50 lavages \u00e0 domicile ou 50 lavages industriels. L'entretien selon les instructions de lavage r\u00e9active le rev\u00eatement antisalissure dans le s\u00e8che-linge.<br \/>\n290 g\/m<br \/>\nLavage couleur, max. 60\u00b0 C ; Pas de blanchiment ; Supporte le s\u00e8che-linge - temp\u00e9rature de d\u00e9part max. 80\u00b0 C ; Repassage \u00e0 basse temp\u00e9rature, max. 100\u00b0 C ; Supporte le nettoyage normal<\/p>\n<p><a href=\"https:\/\/mascotsitecore-1ccb8.kxcdn.com\/pdf\/00419-860-14-de.pdf\" target=\"_blank\" rel=\"noopener\"><u>Ouvrir la fiche produit<\/u><\/a><\/p>","protected":false},"excerpt":{"rendered":"<ul>\n<li>Le traitement de surface rend le produit r\u00e9sistant \u00e0 la salet\u00e9 et assure une grande visibilit\u00e9.<\/li>\n<li>Les triples coutures en pointe r\u00e9sistantes prolongent la dur\u00e9e de vie du produit.<\/li>\n<li>Passage vers le pantalon en dessous des deux c\u00f4t\u00e9s.<\/li>\n<li>Elastique et soufflet d'extension dans le dos.<\/li>\n<li>Les poches pour les genoux sont r\u00e9glables en hauteur, de sorte que la protection des genoux est plac\u00e9e de mani\u00e8re optimale sur les genoux.<\/li>\n<li>Certifi\u00e9 pour une utilisation avec les genouill\u00e8res MASCOT de type SHORT ou LONG, car la poche de genouill\u00e8re est r\u00e9glable en hauteur.<\/li>\n<\/ul>","protected":false},"featured_media":566721,"template":"","meta":[],"product_brand":[],"product_cat":[10454],"product_tag":[],"class_list":{"0":"post-566695","1":"product","2":"type-product","3":"status-publish","4":"has-post-thumbnail","6":"product_cat-overalls","7":"pa_brand-mascot","8":"pa_brand-type-workwear","9":"pa_filter-color-orange","11":"first","12":"instock","13":"sale","14":"taxable","15":"shipping-taxable","16":"purchasable","17":"product-type-variable","18":"add-to-wishlist-before_image"},"exclude_global_add_ons":[],"addons":[],"acf":[],"_links":{"self":[{"href":"https:\/\/shop.kustom.ch\/fr\/wp-json\/wp\/v2\/product\/566695"}],"collection":[{"href":"https:\/\/shop.kustom.ch\/fr\/wp-json\/wp\/v2\/product"}],"about":[{"href":"https:\/\/shop.kustom.ch\/fr\/wp-json\/wp\/v2\/types\/product"}],"wp:featuredmedia":[{"embeddable":true,"href":"https:\/\/shop.kustom.ch\/fr\/wp-json\/wp\/v2\/media\/566721"}],"wp:attachment":[{"href":"https:\/\/shop.kustom.ch\/fr\/wp-json\/wp\/v2\/media?parent=566695"}],"wp:term":[{"taxonomy":"product_brand","embeddable":true,"href":"https:\/\/shop.kustom.ch\/fr\/wp-json\/wp\/v2\/product_brand?post=566695"},{"taxonomy":"product_cat","embeddable":true,"href":"https:\/\/shop.kustom.ch\/fr\/wp-json\/wp\/v2\/product_cat?post=566695"},{"taxonomy":"product_tag","embeddable":true,"href":"https:\/\/shop.kustom.ch\/fr\/wp-json\/wp\/v2\/product_tag?post=566695"}],"curies":[{"name":"wp","href":"https:\/\/api.w.org\/{rel}","templated":true}]}}