{"id":566680,"date":"2025-03-04T06:15:09","date_gmt":"2025-03-04T05:15:09","guid":{"rendered":"https:\/\/shop.kustom.ch\/?post_type=product&#038;p=566680"},"modified":"2026-03-31T07:48:44","modified_gmt":"2026-03-31T06:48:44","slug":"winteroverall-safe-arctic","status":"publish","type":"product","link":"https:\/\/shop.kustom.ch\/fr\/produit\/winteroverall-safe-arctic\/","title":{"rendered":"Combinaison d'hiver SAFE ARCTIC"},"content":{"rendered":"<p>Fluorescent avec bande r\u00e9fl\u00e9chissante verticale et horizontale. Respirant, \u00e9tanche au vent et \u00e0 l'eau. Coutures coll\u00e9es. Coutures \u00e0 double rabat sur les jambes et \u00e0 l'entrejambe. Doublure en fourrure synth\u00e9tique sur le corps. Doublure en piqu\u00e9 dans les jambes et les manches. Capuche amovible, doubl\u00e9e et munie de cordons \u00e9lastiques r\u00e9glables. Fermeture avec fermeture \u00e9clair \u00e0 double sens, rabat de protection contre les intemp\u00e9ries et boutons-pression. Poches poitrine avec rabat et fermeture velcro. Poche poitrine pour t\u00e9l\u00e9phone portable avec fermeture \u00e9clair. Anneau en D. Poche pour stylo. Poches avant avec rabat de protection contre les intemp\u00e9ries. Poches int\u00e9rieures - une avec fermeture \u00e9clair et une avec fermeture velcro. Elastique (cach\u00e9) dans le dos. Poches arri\u00e8re avec renforts et rabat avec fermeture velcro. Poche sur la cuisse avec rabat et fermeture velcro. Poche pour m\u00e8tre pliant. Fermeture \u00e0 glissi\u00e8re avec rabat de protection contre les intemp\u00e9ries \u00e0 l'ext\u00e9rieur des jambes. Poignets \u00e0 c\u00f4tes (cach\u00e9s sous la bande de protection contre les intemp\u00e9ries) et fermeture \u00e0 boutons-pression.<\/p>\n<p>OEKO-TEX\u00ae STANDARD 100 ; EN ISO 20471 - classe 3 ; EN 343 3\/1 ; EN 342 3\/WP (2.10 clo) ; ; Hi-Vis groupe A<br \/>\n100% Polyester (MASCOTEX\u00ae)<br \/>\nNe pas faire tremper. Laver s\u00e9par\u00e9ment. Ne pas utiliser d'adoucissant.<br \/>\n240 g\/m<br \/>\nLinge d\u00e9licat, max. 40\u00b0 C ; Pas de blanchiment ; Pas de s\u00e9chage en tambour ; Pas de repassage ; Ne convient pas au nettoyage \u00e0 sec<\/p>\n<p><a href=\"https:\/\/mascotsitecore-1ccb8.kxcdn.com\/pdf\/11119-880-14-de.pdf\" target=\"_blank\" rel=\"noopener\"><u>Ouvrir la fiche produit<\/u><\/a><\/p>","protected":false},"excerpt":{"rendered":"<ul>\n<li>MASCOTEX\u00ae respirant, imperm\u00e9able au vent et \u00e0 l'eau avec coutures soud\u00e9es.<\/li>\n<li>Capuche doubl\u00e9e amovible, avec cordons \u00e9lastiques r\u00e9glables.<\/li>\n<li>Le mat\u00e9riau \u00e9lastique dans le dos offre une plus grande libert\u00e9 de mouvement.<\/li>\n<li>Fermeture \u00e9clair extra-longue avec bande de protection contre les intemp\u00e9ries \u00e0 l'ext\u00e9rieur de la jambe, pour une utilisation facile avec des bottes.<\/li>\n<\/ul>","protected":false},"featured_media":566719,"template":"","meta":[],"product_brand":[],"product_cat":[10454],"product_tag":[],"class_list":{"0":"post-566680","1":"product","2":"type-product","3":"status-publish","4":"has-post-thumbnail","6":"product_cat-overalls","7":"pa_brand-mascot","8":"pa_brand-type-workwear","9":"pa_filter-color-gelb","10":"pa_filter-color-orange","12":"first","13":"instock","14":"sale","15":"taxable","16":"shipping-taxable","17":"purchasable","18":"product-type-variable","19":"add-to-wishlist-before_image"},"exclude_global_add_ons":[],"addons":[],"acf":[],"_links":{"self":[{"href":"https:\/\/shop.kustom.ch\/fr\/wp-json\/wp\/v2\/product\/566680"}],"collection":[{"href":"https:\/\/shop.kustom.ch\/fr\/wp-json\/wp\/v2\/product"}],"about":[{"href":"https:\/\/shop.kustom.ch\/fr\/wp-json\/wp\/v2\/types\/product"}],"wp:featuredmedia":[{"embeddable":true,"href":"https:\/\/shop.kustom.ch\/fr\/wp-json\/wp\/v2\/media\/566719"}],"wp:attachment":[{"href":"https:\/\/shop.kustom.ch\/fr\/wp-json\/wp\/v2\/media?parent=566680"}],"wp:term":[{"taxonomy":"product_brand","embeddable":true,"href":"https:\/\/shop.kustom.ch\/fr\/wp-json\/wp\/v2\/product_brand?post=566680"},{"taxonomy":"product_cat","embeddable":true,"href":"https:\/\/shop.kustom.ch\/fr\/wp-json\/wp\/v2\/product_cat?post=566680"},{"taxonomy":"product_tag","embeddable":true,"href":"https:\/\/shop.kustom.ch\/fr\/wp-json\/wp\/v2\/product_tag?post=566680"}],"curies":[{"name":"wp","href":"https:\/\/api.w.org\/{rel}","templated":true}]}}