{"id":566660,"date":"2025-03-04T06:14:33","date_gmt":"2025-03-04T05:14:33","guid":{"rendered":"https:\/\/shop.kustom.ch\/?post_type=product&#038;p=566660"},"modified":"2026-03-31T07:48:41","modified_gmt":"2026-03-31T06:48:41","slug":"softshell-jacke-safe-arctic","status":"publish","type":"product","link":"https:\/\/shop.kustom.ch\/fr\/produit\/softshell-jacke-safe-arctic\/","title":{"rendered":"Veste softshell SAFE ARCTIC"},"content":{"rendered":"<p>Fluorescent avec bande r\u00e9fl\u00e9chissante verticale et horizontale. Perm\u00e9able \u00e0 l'air. Tissu polaire \u00e0 l'int\u00e9rieur. Fermeture avec fermeture \u00e9clair et rabat de protection contre les intemp\u00e9ries \u00e0 l'int\u00e9rieur. Poche de poitrine avec fermeture \u00e9clair. Poches frontales. Poches int\u00e9rieures. Manches ergonomiques permettant une grande libert\u00e9 de mouvement. Fermeture velcro aux poignets. \u00c9lastique r\u00e9glable \u00e0 l'ourlet inf\u00e9rieur.<\/p>\n<p>OEKO-TEX\u00ae STANDARD 100 ; EN ISO 20471 - classe 3 ; Hi-Vis groupe A<br \/>\n100% Polyester<br \/>\nSoftshell \u00e0 2 couches. Ne pas faire tremper. Laver s\u00e9par\u00e9ment.<br \/>\n265 g\/m<br \/>\nLavage de couleur, max. 60\u00b0 C ; Pas de blanchiment ; Supporte le s\u00e8che-linge - temp\u00e9rature de d\u00e9part max. 80\u00b0 C ; Pas de repassage ; Supporte le nettoyage normal<\/p>\n<p><a href=\"https:\/\/mascotsitecore-1ccb8.kxcdn.com\/pdf\/08005-159-14-de.pdf\" target=\"_blank\" rel=\"noopener\"><u>Ouvrir la fiche produit<\/u><\/a><\/p>","protected":false},"excerpt":{"rendered":"<ul>\n<li>Respirant.<\/li>\n<li>Polaire \u00e0 l'int\u00e9rieur.<\/li>\n<li>Avec fermeture \u00e9clair et rabat de protection contre les intemp\u00e9ries \u00e0 l'int\u00e9rieur, qui emp\u00eache le vent de passer.<\/li>\n<li>Grande libert\u00e9 de mouvement gr\u00e2ce aux manches coup\u00e9es en forme.<\/li>\n<li>Poignets r\u00e9glables par velcro.<\/li>\n<li>Elastique r\u00e9glable \u00e0 l'ourlet.<\/li>\n<\/ul>","protected":false},"featured_media":566717,"template":"","meta":[],"product_brand":[],"product_cat":[4186],"product_tag":[],"class_list":{"0":"post-566660","1":"product","2":"type-product","3":"status-publish","4":"has-post-thumbnail","6":"product_cat-jacken","7":"pa_brand-mascot","8":"pa_brand-type-workwear","9":"pa_filter-color-gelb","10":"pa_filter-color-orange","12":"first","13":"instock","14":"sale","15":"taxable","16":"shipping-taxable","17":"purchasable","18":"product-type-variable","19":"add-to-wishlist-before_image"},"exclude_global_add_ons":[],"addons":[],"acf":[],"_links":{"self":[{"href":"https:\/\/shop.kustom.ch\/fr\/wp-json\/wp\/v2\/product\/566660"}],"collection":[{"href":"https:\/\/shop.kustom.ch\/fr\/wp-json\/wp\/v2\/product"}],"about":[{"href":"https:\/\/shop.kustom.ch\/fr\/wp-json\/wp\/v2\/types\/product"}],"wp:featuredmedia":[{"embeddable":true,"href":"https:\/\/shop.kustom.ch\/fr\/wp-json\/wp\/v2\/media\/566717"}],"wp:attachment":[{"href":"https:\/\/shop.kustom.ch\/fr\/wp-json\/wp\/v2\/media?parent=566660"}],"wp:term":[{"taxonomy":"product_brand","embeddable":true,"href":"https:\/\/shop.kustom.ch\/fr\/wp-json\/wp\/v2\/product_brand?post=566660"},{"taxonomy":"product_cat","embeddable":true,"href":"https:\/\/shop.kustom.ch\/fr\/wp-json\/wp\/v2\/product_cat?post=566660"},{"taxonomy":"product_tag","embeddable":true,"href":"https:\/\/shop.kustom.ch\/fr\/wp-json\/wp\/v2\/product_tag?post=566660"}],"curies":[{"name":"wp","href":"https:\/\/api.w.org\/{rel}","templated":true}]}}