{"id":566458,"date":"2025-03-04T05:48:06","date_gmt":"2025-03-04T04:48:06","guid":{"rendered":"https:\/\/shop.kustom.ch\/?post_type=product&#038;p=566458"},"modified":"2026-03-31T07:47:13","modified_gmt":"2026-03-31T06:47:13","slug":"thermoweste-originals-4","status":"publish","type":"product","link":"https:\/\/shop.kustom.ch\/fr\/produit\/thermoweste-originals-4\/","title":{"rendered":"Gilet thermique ORIGINALS"},"content":{"rendered":"<p>Polyester soud\u00e9 par ultrasons avec une couche d'isolation en ouate de polyester. Col l\u00e9g\u00e8rement biseaut\u00e9 avec nervures \u00e0 l'int\u00e9rieur, qui se ferme herm\u00e9tiquement au cou et emp\u00eache le froid de p\u00e9n\u00e9trer. Fermeture \u00e0 glissi\u00e8re sur toute la longueur. Le dos est allong\u00e9. Elastique \u00e0 l'encolure des manches. Poche de poitrine \u00e0 l'int\u00e9rieur.<\/p>\n<p>OEKO-TEX\u00ae STANDARD 100<br \/>\n100% Polyester<br \/>\nTissu piqu\u00e9 au m\u00e8tre.<br \/>\n370 g\/m<br \/>\nLavage de couleur, max. 60\u00b0 C ; Pas de blanchiment ; Supporte le s\u00e8che-linge - temp\u00e9rature de d\u00e9part max. 60\u00b0 C ; Pas de repassage ; Supporte le nettoyage normal<\/p>\n<p><a href=\"https:\/\/mascotsitecore-1ccb8.kxcdn.com\/pdf\/13651-707-01-de.pdf\" target=\"_blank\" rel=\"noopener\"><u>Ouvrir la fiche produit<\/u><\/a><\/p>","protected":false},"excerpt":{"rendered":"<ul>\n<li>V\u00eatements thermiques soud\u00e9s de mani\u00e8re traditionnelle.<\/li>\n<li>Col l\u00e9g\u00e8rement biseaut\u00e9 avec bord-c\u00f4te \u00e0 l'int\u00e9rieur, qui se referme herm\u00e9tiquement sur le cou et emp\u00eache le froid de p\u00e9n\u00e9trer.<\/li>\n<li>Protection suppl\u00e9mentaire contre le froid gr\u00e2ce au dos rallong\u00e9.<\/li>\n<li>\u00c9lastique aux emmanchures.<\/li>\n<li>Poche int\u00e9rieure de poitrine.<\/li>\n<\/ul>","protected":false},"featured_media":566513,"template":"","meta":[],"product_brand":[],"product_cat":[4208],"product_tag":[],"class_list":{"0":"post-566458","1":"product","2":"type-product","3":"status-publish","4":"has-post-thumbnail","6":"product_cat-westen","7":"pa_brand-mascot","8":"pa_brand-type-workwear","9":"pa_filter-color-blau","11":"first","12":"instock","13":"sale","14":"taxable","15":"shipping-taxable","16":"purchasable","17":"product-type-variable","18":"add-to-wishlist-before_image"},"exclude_global_add_ons":[],"addons":[],"acf":[],"_links":{"self":[{"href":"https:\/\/shop.kustom.ch\/fr\/wp-json\/wp\/v2\/product\/566458"}],"collection":[{"href":"https:\/\/shop.kustom.ch\/fr\/wp-json\/wp\/v2\/product"}],"about":[{"href":"https:\/\/shop.kustom.ch\/fr\/wp-json\/wp\/v2\/types\/product"}],"wp:featuredmedia":[{"embeddable":true,"href":"https:\/\/shop.kustom.ch\/fr\/wp-json\/wp\/v2\/media\/566513"}],"wp:attachment":[{"href":"https:\/\/shop.kustom.ch\/fr\/wp-json\/wp\/v2\/media?parent=566458"}],"wp:term":[{"taxonomy":"product_brand","embeddable":true,"href":"https:\/\/shop.kustom.ch\/fr\/wp-json\/wp\/v2\/product_brand?post=566458"},{"taxonomy":"product_cat","embeddable":true,"href":"https:\/\/shop.kustom.ch\/fr\/wp-json\/wp\/v2\/product_cat?post=566458"},{"taxonomy":"product_tag","embeddable":true,"href":"https:\/\/shop.kustom.ch\/fr\/wp-json\/wp\/v2\/product_tag?post=566458"}],"curies":[{"name":"wp","href":"https:\/\/api.w.org\/{rel}","templated":true}]}}