{"id":566140,"date":"2025-03-04T05:45:10","date_gmt":"2025-03-04T04:45:10","guid":{"rendered":"https:\/\/shop.kustom.ch\/?post_type=product&#038;p=566140"},"modified":"2026-03-31T07:45:49","modified_gmt":"2026-03-31T06:45:49","slug":"winterweste-originals","status":"publish","type":"product","link":"https:\/\/shop.kustom.ch\/fr\/produit\/winterweste-originals\/","title":{"rendered":"Gilet d'hiver ORIGINALS"},"content":{"rendered":"<p>R\u00e9sistant \u00e0 l'eau. Doublure en fourrure synth\u00e9tique. Fermeture \u00e0 glissi\u00e8re sur toute la longueur. Poche de poitrine avec rabat. Poche poitrine pour t\u00e9l\u00e9phone portable avec rabat r\u00e9glable. Poches pour stylos. Poches avant - deux ouvertes et deux avec rabat et bouton-pression. Poches int\u00e9rieures - une avec fermeture \u00e0 glissi\u00e8re et une avec fermeture velcro.<\/p>\n<p>OEKO-TEX\u00ae STANDARD 100<br \/>\n52% coton\/48% nylon<br \/>\nSerg\u00e9.<br \/>\n240 g\/m<br \/>\nLinge d\u00e9licat, max. 40\u00b0 C ; Ne pas blanchir ; Ne pas s\u00e9cher au s\u00e8che-linge ; Ne pas repasser ; Supporte le nettoyage normal<\/p>\n<p><a href=\"https:\/\/mascotsitecore-1ccb8.kxcdn.com\/pdf\/00554-620-01-de.pdf\" target=\"_blank\" rel=\"noopener\"><u>Ouvrir la fiche produit<\/u><\/a><\/p>","protected":false},"excerpt":{"rendered":"<ul>\n<li>Le Bearnylon\u00ae est un mat\u00e9riau hydrofuge et tr\u00e8s r\u00e9sistant.<\/li>\n<li>Doublure en fausse fourrure.<\/li>\n<li>Poche pour t\u00e9l\u00e9phone portable et stylo.<\/li>\n<li>Acc\u00e8s facile au contenu du sac gr\u00e2ce \u00e0 la conception sp\u00e9ciale des poches avant.<\/li>\n<li>Deux poches int\u00e9rieures - dont une avec fermeture \u00e9clair.<\/li>\n<\/ul>","protected":false},"featured_media":566183,"template":"","meta":[],"product_brand":[],"product_cat":[4208],"product_tag":[],"class_list":{"0":"post-566140","1":"product","2":"type-product","3":"status-publish","4":"has-post-thumbnail","6":"product_cat-westen","7":"pa_brand-mascot","8":"pa_brand-type-workwear","9":"pa_filter-color-blau","10":"pa_filter-color-gruen","11":"pa_filter-color-schwarz","13":"first","14":"instock","15":"sale","16":"taxable","17":"shipping-taxable","18":"purchasable","19":"product-type-variable","20":"add-to-wishlist-before_image"},"exclude_global_add_ons":[],"addons":[],"acf":[],"_links":{"self":[{"href":"https:\/\/shop.kustom.ch\/fr\/wp-json\/wp\/v2\/product\/566140"}],"collection":[{"href":"https:\/\/shop.kustom.ch\/fr\/wp-json\/wp\/v2\/product"}],"about":[{"href":"https:\/\/shop.kustom.ch\/fr\/wp-json\/wp\/v2\/types\/product"}],"wp:featuredmedia":[{"embeddable":true,"href":"https:\/\/shop.kustom.ch\/fr\/wp-json\/wp\/v2\/media\/566183"}],"wp:attachment":[{"href":"https:\/\/shop.kustom.ch\/fr\/wp-json\/wp\/v2\/media?parent=566140"}],"wp:term":[{"taxonomy":"product_brand","embeddable":true,"href":"https:\/\/shop.kustom.ch\/fr\/wp-json\/wp\/v2\/product_brand?post=566140"},{"taxonomy":"product_cat","embeddable":true,"href":"https:\/\/shop.kustom.ch\/fr\/wp-json\/wp\/v2\/product_cat?post=566140"},{"taxonomy":"product_tag","embeddable":true,"href":"https:\/\/shop.kustom.ch\/fr\/wp-json\/wp\/v2\/product_tag?post=566140"}],"curies":[{"name":"wp","href":"https:\/\/api.w.org\/{rel}","templated":true}]}}