{"id":565747,"date":"2025-03-04T05:40:53","date_gmt":"2025-03-04T04:40:53","guid":{"rendered":"https:\/\/shop.kustom.ch\/?post_type=product&#038;p=565747"},"modified":"2026-03-31T07:44:24","modified_gmt":"2026-03-31T06:44:24","slug":"winterjacke-multisafe","status":"publish","type":"product","link":"https:\/\/shop.kustom.ch\/fr\/produit\/winterjacke-multisafe\/","title":{"rendered":"Veste d'hiver MULTISAFE"},"content":{"rendered":"<p>Bicolore, avec des couleurs vives. Fluorescent et avec des bandes r\u00e9fl\u00e9chissantes sur les \u00e9paules et des reflets obliques. R\u00e9siste \u00e0 la salet\u00e9. Antistatique, ignifuge et avec protection contre les acides. Prot\u00e8ge contre les arcs \u00e9lectriques et les soudures occasionnelles. Respirant, \u00e9tanche au vent et \u00e0 l'eau. Les coutures sont coll\u00e9es. Doublure en tissu matelass\u00e9. Col montant. Fermeture avec fermeture \u00e9clair, double rabat de protection contre les intemp\u00e9ries et boutons-pression cach\u00e9s. Sangle pour une alarme de gaz. Poche zipp\u00e9e sous le rabat de protection contre les intemp\u00e9ries, pouvant accueillir une tablette de 9,4 pouces. Poche de poitrine avec fermeture \u00e0 glissi\u00e8re. Poche de poitrine avec rabat et boutons-pression cach\u00e9s. Anneau en D. Poches avant avec fermeture \u00e0 glissi\u00e8re dissimul\u00e9e. Les manches \u00e0 la coupe ergonomique permettent une grande libert\u00e9 de mouvement. Fermeture \u00e0 glissi\u00e8re dans la doublure au dos pour y apposer un logo\/une broderie. Le dos est allong\u00e9. Taille r\u00e9glable par bouton-pression \u00e0 l'int\u00e9rieur. Poignets c\u00f4tel\u00e9s (cach\u00e9s sous la patte de protection contre les intemp\u00e9ries). \u00c9lastique aux poignets. Compl\u00e8te le produit avec une capuche, 19144-217 ou 19044-217 (voir MASCOT\u00ae COMPLETE).<\/p>\n<p>OEKO-TEX\u00ae STANDARD 100 ; EN ISO 11612 (A1, A2, B1, C1, E1, F1) ; EN ISO 11611 - classe 1 (A1 + A2) ; EN 1149-3 ; EN 1149-5 ; EN 61482-1-1 (ATPV - 28.2 cal\/cm\u00b2) ; EN 61482-1-2 classe 2 ; EN 13034 (type 6) ; EN 343 3\/1 ; EN 342 3\/WP (0.308 clo) ; EN ISO 20471 - classe 2 (XS) ; EN ISO 20471 - classe 3 ; Hi-Vis groupe A<br \/>\n55% Modacrylique\/39% Coton\/5% Polyamide\/1% Fibres de carbone<br \/>\nTwill\/ripstop.<br \/>\n320 g\/m<br \/>\nLavage de couleur, max. 60\u00b0 C ; Ne pas blanchir ; Ne pas s\u00e9cher au s\u00e8che-linge ; Ne pas repasser ; Supporte le nettoyage normal<\/p>\n<p><a href=\"https:\/\/mascotsitecore-1ccb8.kxcdn.com\/pdf\/19835-217-17010-de.pdf\" target=\"_blank\" rel=\"noopener\"><u>Ouvrir la fiche produit<\/u><\/a><\/p>","protected":false},"excerpt":{"rendered":"<ul>\n<li>Respirant, \u00e9tanche au vent et \u00e0 l'eau avec coutures scell\u00e9es.<\/li>\n<li>Antistatique, ignifuge et avec protection contre les acides.<\/li>\n<li>R\u00e9siste \u00e0 la salet\u00e9.<\/li>\n<li>Grande libert\u00e9 de mouvement gr\u00e2ce aux manches coup\u00e9es en forme.<\/li>\n<li>Fermeture \u00e0 glissi\u00e8re dans la doublure du dos pour l'application d'une impression\/broderie.<\/li>\n<li>Protection suppl\u00e9mentaire contre le froid gr\u00e2ce au dos rallong\u00e9.<\/li>\n<li>Possibilit\u00e9 de fixer une capuche \u00e0 l'aide de boutons-pression.<\/li>\n<\/ul>","protected":false},"featured_media":565751,"template":"","meta":[],"product_brand":[],"product_cat":[4186],"product_tag":[],"class_list":{"0":"post-565747","1":"product","2":"type-product","3":"status-publish","4":"has-post-thumbnail","6":"product_cat-jacken","7":"pa_brand-mascot","8":"pa_brand-type-workwear","9":"pa_filter-color-blau","10":"pa_filter-color-gelb","11":"pa_filter-color-schwarz","13":"first","14":"instock","15":"sale","16":"taxable","17":"shipping-taxable","18":"purchasable","19":"product-type-variable","20":"add-to-wishlist-before_image"},"exclude_global_add_ons":[],"addons":[],"acf":[],"_links":{"self":[{"href":"https:\/\/shop.kustom.ch\/fr\/wp-json\/wp\/v2\/product\/565747"}],"collection":[{"href":"https:\/\/shop.kustom.ch\/fr\/wp-json\/wp\/v2\/product"}],"about":[{"href":"https:\/\/shop.kustom.ch\/fr\/wp-json\/wp\/v2\/types\/product"}],"wp:featuredmedia":[{"embeddable":true,"href":"https:\/\/shop.kustom.ch\/fr\/wp-json\/wp\/v2\/media\/565751"}],"wp:attachment":[{"href":"https:\/\/shop.kustom.ch\/fr\/wp-json\/wp\/v2\/media?parent=565747"}],"wp:term":[{"taxonomy":"product_brand","embeddable":true,"href":"https:\/\/shop.kustom.ch\/fr\/wp-json\/wp\/v2\/product_brand?post=565747"},{"taxonomy":"product_cat","embeddable":true,"href":"https:\/\/shop.kustom.ch\/fr\/wp-json\/wp\/v2\/product_cat?post=565747"},{"taxonomy":"product_tag","embeddable":true,"href":"https:\/\/shop.kustom.ch\/fr\/wp-json\/wp\/v2\/product_tag?post=565747"}],"curies":[{"name":"wp","href":"https:\/\/api.w.org\/{rel}","templated":true}]}}