{"id":565642,"date":"2025-03-04T05:39:18","date_gmt":"2025-03-04T04:39:18","guid":{"rendered":"https:\/\/shop.kustom.ch\/?post_type=product&#038;p=565642"},"modified":"2026-03-31T07:43:56","modified_gmt":"2026-03-31T06:43:56","slug":"jacke-multisafe-3","status":"publish","type":"product","link":"https:\/\/shop.kustom.ch\/fr\/produit\/jacke-multisafe-3\/","title":{"rendered":"Veste MULTISAFE"},"content":{"rendered":"<p>Bicolore, avec des couleurs vives. Fluorescent et avec des bandes r\u00e9fl\u00e9chissantes sur les \u00e9paules et des reflets obliques. Antistatique, ignifuge et avec protection contre les acides. R\u00e9siste \u00e0 la salet\u00e9. Prot\u00e8ge contre les arcs \u00e9lectriques et les soudures occasionnelles. Col montant. Coutures doubles sur les \u00e9paules, les manches et les c\u00f4t\u00e9s. Fermeture avec une patte de protection contre les intemp\u00e9ries et des boutons-pression cach\u00e9s. Poche zipp\u00e9e sous la bande de protection contre les intemp\u00e9ries. Le dos est allong\u00e9. Poche de poitrine avec fermeture \u00e9clair. Poche de poitrine avec rabat et bouton-pression. Anneau en D. Sangle pour une alarme de gaz. Poches avant avec fermeture \u00e0 glissi\u00e8re. Manches \u00e0 la coupe ergonomique permettant une grande libert\u00e9 de mouvement. Poignets avec \u00e9lastique. Taille r\u00e9glable par \u00e9lastique \u00e0 l'int\u00e9rieur.<\/p>\n<p>OEKO-TEX\u00ae STANDARD 100 ; EN ISO 20471 - classe 2 ; Hi-Vis groupe A ; EN 1149-3 ; EN 1149-5 ; EN 13034 (type 6) ; EN ISO 11611 - classe 1 (A1 + A2) ; EN ISO 11612 (A1, A2, B1, C1, E1, F1) ; EN 61482-1-1 (ATPV - 7.7 cal\/cm\u00b2) ; EN 61482-1-2 classe 2 (Back part cl. 1)<br \/>\n55% Modacrylique\/39% Coton\/5% Polyamide\/1% Fibres de carbone<br \/>\nTwill\/ripstop. Peut r\u00e9tr\u00e9cir au maximum de 3%. Le produit est certifi\u00e9 comme conservant ses propri\u00e9t\u00e9s apr\u00e8s 50 lavages \u00e0 domicile ou 50 lavages industriels. Important : pour maintenir la r\u00e9sistance aux acides, une r\u00e9impr\u00e9gnation doit \u00eatre effectu\u00e9e apr\u00e8s chaque lavage.<br \/>\n275 g\/m<br \/>\nLavage couleur, max. 60\u00b0 C ; Pas de blanchiment ; Supporte le s\u00e8che-linge - temp\u00e9rature de d\u00e9part max. 80\u00b0 C ; Repassage \u00e0 basse temp\u00e9rature, max. 100\u00b0 C ; Supporte le nettoyage normal<\/p>\n<p><a href=\"https:\/\/mascotsitecore-1ccb8.kxcdn.com\/pdf\/13809-216-17010-de.pdf\" target=\"_blank\" rel=\"noopener\"><u>Ouvrir la fiche produit<\/u><\/a><\/p>","protected":false},"excerpt":{"rendered":"<ul>\n<li>Antistatique, ignifuge et avec protection contre les acides.<\/li>\n<li>R\u00e9siste \u00e0 la salet\u00e9.<\/li>\n<li>Grande libert\u00e9 de mouvement gr\u00e2ce aux manches coup\u00e9es en forme.<\/li>\n<li>Poches ferm\u00e9es par des rabats afin d'emp\u00eacher, par exemple, les \u00e9tincelles de p\u00e9n\u00e9trer.<\/li>\n<li>Protection suppl\u00e9mentaire contre le froid gr\u00e2ce au dos rallong\u00e9.<\/li>\n<\/ul>","protected":false},"featured_media":565687,"template":"","meta":[],"product_brand":[],"product_cat":[4186],"product_tag":[],"class_list":{"0":"post-565642","1":"product","2":"type-product","3":"status-publish","4":"has-post-thumbnail","6":"product_cat-jacken","7":"pa_brand-mascot","8":"pa_brand-type-workwear","9":"pa_filter-color-blau","10":"pa_filter-color-gelb","11":"pa_filter-color-schwarz","13":"first","14":"instock","15":"sale","16":"taxable","17":"shipping-taxable","18":"purchasable","19":"product-type-variable","20":"add-to-wishlist-before_image"},"exclude_global_add_ons":[],"addons":[],"acf":[],"_links":{"self":[{"href":"https:\/\/shop.kustom.ch\/fr\/wp-json\/wp\/v2\/product\/565642"}],"collection":[{"href":"https:\/\/shop.kustom.ch\/fr\/wp-json\/wp\/v2\/product"}],"about":[{"href":"https:\/\/shop.kustom.ch\/fr\/wp-json\/wp\/v2\/types\/product"}],"wp:featuredmedia":[{"embeddable":true,"href":"https:\/\/shop.kustom.ch\/fr\/wp-json\/wp\/v2\/media\/565687"}],"wp:attachment":[{"href":"https:\/\/shop.kustom.ch\/fr\/wp-json\/wp\/v2\/media?parent=565642"}],"wp:term":[{"taxonomy":"product_brand","embeddable":true,"href":"https:\/\/shop.kustom.ch\/fr\/wp-json\/wp\/v2\/product_brand?post=565642"},{"taxonomy":"product_cat","embeddable":true,"href":"https:\/\/shop.kustom.ch\/fr\/wp-json\/wp\/v2\/product_cat?post=565642"},{"taxonomy":"product_tag","embeddable":true,"href":"https:\/\/shop.kustom.ch\/fr\/wp-json\/wp\/v2\/product_tag?post=565642"}],"curies":[{"name":"wp","href":"https:\/\/api.w.org\/{rel}","templated":true}]}}