{"id":563610,"date":"2025-03-04T05:12:39","date_gmt":"2025-03-04T04:12:39","guid":{"rendered":"https:\/\/shop.kustom.ch\/?post_type=product&#038;p=563610"},"modified":"2026-03-30T14:44:13","modified_gmt":"2026-03-30T13:44:13","slug":"latzhose-mit-knietaschen-industry-2","status":"publish","type":"product","link":"https:\/\/shop.kustom.ch\/fr\/produit\/latzhose-mit-knietaschen-industry-2\/","title":{"rendered":"Salopette avec poches genouill\u00e8res INDUSTRY"},"content":{"rendered":"<p>Tissu l\u00e9ger au m\u00e8tre. Triples coutures rabattues aux jambes et \u00e0 l'entrejambe. Bretelles en tissu, r\u00e9glables et munies d'un \u00e9lastique court et solide et de boucles en plastique. Poche bavette avec rabat et boutons-pression cach\u00e9s. Anneau en D. Poche int\u00e9rieure avec fermeture velcro. Taille r\u00e9glable. Poches avant. Braguette avec fermeture \u00e0 glissi\u00e8re. Poches arri\u00e8re renforc\u00e9es avec rabat et boutons-pression cach\u00e9s. Poche sur la cuisse avec rabat et boutons-pression cach\u00e9s. Poche m\u00e8tre renforc\u00e9e. Poches genouill\u00e8res, r\u00e9glables en hauteur. Coutures contrast\u00e9es. Pour ce mod\u00e8le, nous recommandons les genouill\u00e8res suivantes : 00418-100, 00718-100, 50451-916 ou 20118-915. Certifi\u00e9 avec le type de genouill\u00e8re SHORT ou LONG selon EN 14404.<\/p>\n<p>OEKO-TEX\u00ae STANDARD 100 ; ProWash\u00ae - EN ISO 15797<br \/>\n65% polyester\/35% coton<br \/>\nSerg\u00e9.<br \/>\n270 g\/m<br \/>\nLavage couleur, max. 60\u00b0 C ; Pas de blanchiment ; Supporte le s\u00e8che-linge - temp\u00e9rature de d\u00e9part max. 80\u00b0 C ; Repassage \u00e0 temp\u00e9rature moyenne, max. 150\u00b0 C ; Supporte le nettoyage normal<\/p>\n<p><a href=\"https:\/\/mascotsitecore-1ccb8.kxcdn.com\/pdf\/10569-442-010-de.pdf\" target=\"_blank\" rel=\"noopener\"><u>Ouvrir la fiche produit<\/u><\/a><\/p>","protected":false},"excerpt":{"rendered":"<ul>\n<li>Des coutures r\u00e9sistantes \u00e0 triple rabattage sur les jambes et \u00e0 l'entrejambe prolongent la dur\u00e9e de vie du produit.<\/li>\n<li>Bretelles r\u00e9glables en tissu avec inserts \u00e9lastiques courts et solides.<\/li>\n<li>Ajustement individuel gr\u00e2ce \u00e0 la taille r\u00e9glable.<\/li>\n<li>Renforts sur les poches arri\u00e8re et la poche m\u00e8tre.<\/li>\n<li>Les poches pour les genoux sont r\u00e9glables en hauteur, de sorte que la protection des genoux est plac\u00e9e de mani\u00e8re optimale sur les genoux.<\/li>\n<li>Le produit est adapt\u00e9 au lavage industriel.<\/li>\n<li>Certifi\u00e9 pour une utilisation avec les genouill\u00e8res MASCOT de type SHORT ou LONG, car la poche de genouill\u00e8re est r\u00e9glable en hauteur.<\/li>\n<\/ul>","protected":false},"featured_media":563649,"template":"","meta":[],"product_brand":[],"product_cat":[10448],"product_tag":[],"class_list":{"0":"post-563610","1":"product","2":"type-product","3":"status-publish","4":"has-post-thumbnail","6":"product_cat-latzhose","7":"pa_brand-mascot","8":"pa_brand-type-workwear","9":"pa_filter-color-blau","10":"pa_filter-color-grau","11":"pa_filter-color-schwarz","13":"first","14":"instock","15":"sale","16":"taxable","17":"shipping-taxable","18":"purchasable","19":"product-type-variable","20":"add-to-wishlist-before_image"},"exclude_global_add_ons":[],"addons":[],"acf":[],"_links":{"self":[{"href":"https:\/\/shop.kustom.ch\/fr\/wp-json\/wp\/v2\/product\/563610"}],"collection":[{"href":"https:\/\/shop.kustom.ch\/fr\/wp-json\/wp\/v2\/product"}],"about":[{"href":"https:\/\/shop.kustom.ch\/fr\/wp-json\/wp\/v2\/types\/product"}],"wp:featuredmedia":[{"embeddable":true,"href":"https:\/\/shop.kustom.ch\/fr\/wp-json\/wp\/v2\/media\/563649"}],"wp:attachment":[{"href":"https:\/\/shop.kustom.ch\/fr\/wp-json\/wp\/v2\/media?parent=563610"}],"wp:term":[{"taxonomy":"product_brand","embeddable":true,"href":"https:\/\/shop.kustom.ch\/fr\/wp-json\/wp\/v2\/product_brand?post=563610"},{"taxonomy":"product_cat","embeddable":true,"href":"https:\/\/shop.kustom.ch\/fr\/wp-json\/wp\/v2\/product_cat?post=563610"},{"taxonomy":"product_tag","embeddable":true,"href":"https:\/\/shop.kustom.ch\/fr\/wp-json\/wp\/v2\/product_tag?post=563610"}],"curies":[{"name":"wp","href":"https:\/\/api.w.org\/{rel}","templated":true}]}}