{"id":562746,"date":"2025-03-04T05:04:28","date_gmt":"2025-03-04T04:04:28","guid":{"rendered":"https:\/\/shop.kustom.ch\/?post_type=product&#038;p=562746"},"modified":"2026-03-30T14:43:19","modified_gmt":"2026-03-30T13:43:19","slug":"parka-industry","status":"publish","type":"product","link":"https:\/\/shop.kustom.ch\/fr\/produit\/parka-industry\/","title":{"rendered":"Parka INDUSTRY"},"content":{"rendered":"<p>Respirant, imperm\u00e9able au vent et \u00e0 l'eau. Les coutures sont coll\u00e9es. Doublure en fourrure synth\u00e9tique amovible par fermeture \u00e9clair. Capuche amovible, doubl\u00e9e et munie de cordons \u00e9lastiques r\u00e9glables. Col int\u00e9rieur en mati\u00e8re douce et r\u00e9sistante. Fermeture avec fermeture \u00e9clair \u00e0 double sens, rabat de protection contre les intemp\u00e9ries et boutons-pression. Poche zipp\u00e9e sous la bande de protection contre les intemp\u00e9ries. Poches poitrine avec rabat et boutons-pression cach\u00e9s. Anneau en D. Les manches \u00e0 la coupe ergonomique permettent une grande libert\u00e9 de mouvement. Poches harmoniques avec rabat et poches suppl\u00e9mentaires. Poche int\u00e9rieure avec fermeture velcro. Poignets c\u00f4tel\u00e9s (cach\u00e9s sous la patte de protection contre les intemp\u00e9ries) et fermeture \u00e0 boutons-pression. \u00c9lastique r\u00e9glable \u00e0 l'ourlet inf\u00e9rieur. Coutures contrast\u00e9es. Effets r\u00e9fl\u00e9chissants.<\/p>\n<p>OEKO-TEX\u00ae STANDARD 100 ; EN 343 3\/1 ; EN 342 3\/WP (2.01 clo)<br \/>\n100% Polyester<br \/>\nStructure en toile.<br \/>\n270 g\/m<br \/>\nLinge d\u00e9licat, max. 40\u00b0 C ; Ne pas blanchir ; Ne pas s\u00e9cher au s\u00e8che-linge ; Ne pas repasser ; Supporte le nettoyage normal<\/p>\n<p><a href=\"https:\/\/mascotsitecore-1ccb8.kxcdn.com\/pdf\/10010-194-010-de.pdf\" target=\"_blank\" rel=\"noopener\"><u>Ouvrir la fiche produit<\/u><\/a><\/p>","protected":false},"excerpt":{"rendered":"<ul>\n<li>Respirant, \u00e9tanche au vent et \u00e0 l'eau avec coutures scell\u00e9es.<\/li>\n<li>Capuche doubl\u00e9e amovible, avec cordons \u00e9lastiques r\u00e9glables.<\/li>\n<li>Doublure en fourrure synth\u00e9tique amovible par fermeture \u00e0 glissi\u00e8re.<\/li>\n<li>Grande libert\u00e9 de mouvement gr\u00e2ce aux manches coup\u00e9es en forme.<\/li>\n<li>Am\u00e9lioration de la visibilit\u00e9 pour l'entourage \u00e0 l'aide d'effets r\u00e9fl\u00e9chissants.<\/li>\n<\/ul>","protected":false},"featured_media":562767,"template":"","meta":[],"product_brand":[],"product_cat":[4186],"product_tag":[],"class_list":{"0":"post-562746","1":"product","2":"type-product","3":"status-publish","4":"has-post-thumbnail","6":"product_cat-jacken","7":"pa_brand-mascot","8":"pa_brand-type-workwear","9":"pa_filter-color-grau","10":"pa_filter-color-schwarz","12":"first","13":"instock","14":"sale","15":"taxable","16":"shipping-taxable","17":"purchasable","18":"product-type-variable","19":"add-to-wishlist-before_image"},"exclude_global_add_ons":[],"addons":[],"acf":[],"_links":{"self":[{"href":"https:\/\/shop.kustom.ch\/fr\/wp-json\/wp\/v2\/product\/562746"}],"collection":[{"href":"https:\/\/shop.kustom.ch\/fr\/wp-json\/wp\/v2\/product"}],"about":[{"href":"https:\/\/shop.kustom.ch\/fr\/wp-json\/wp\/v2\/types\/product"}],"wp:featuredmedia":[{"embeddable":true,"href":"https:\/\/shop.kustom.ch\/fr\/wp-json\/wp\/v2\/media\/562767"}],"wp:attachment":[{"href":"https:\/\/shop.kustom.ch\/fr\/wp-json\/wp\/v2\/media?parent=562746"}],"wp:term":[{"taxonomy":"product_brand","embeddable":true,"href":"https:\/\/shop.kustom.ch\/fr\/wp-json\/wp\/v2\/product_brand?post=562746"},{"taxonomy":"product_cat","embeddable":true,"href":"https:\/\/shop.kustom.ch\/fr\/wp-json\/wp\/v2\/product_cat?post=562746"},{"taxonomy":"product_tag","embeddable":true,"href":"https:\/\/shop.kustom.ch\/fr\/wp-json\/wp\/v2\/product_tag?post=562746"}],"curies":[{"name":"wp","href":"https:\/\/api.w.org\/{rel}","templated":true}]}}