{"id":561334,"date":"2025-03-04T03:55:34","date_gmt":"2025-03-04T02:55:34","guid":{"rendered":"https:\/\/shop.kustom.ch\/?post_type=product&#038;p=561334"},"modified":"2026-03-30T14:42:32","modified_gmt":"2026-03-30T13:42:32","slug":"softshell-jacke-hardwear","status":"publish","type":"product","link":"https:\/\/shop.kustom.ch\/fr\/produit\/softshell-jacke-hardwear\/","title":{"rendered":"Veste softshell HARDWEAR"},"content":{"rendered":"<p>Respirant, coupe-vent et d\u00e9perlant. Polaire \u00e0 l'int\u00e9rieur. Fermeture avec fermeture \u00e9clair et rabat de protection contre les intemp\u00e9ries \u00e0 l'int\u00e9rieur. Capuche amovible, avec cordons \u00e9lastiques r\u00e9glables. Col montant. Poche int\u00e9rieure. Dos allong\u00e9. Poche de poitrine avec fermeture \u00e9clair. Anneau en D. Les manches \u00e0 la coupe ergonomique permettent une grande libert\u00e9 de mouvement. Poignets c\u00f4tel\u00e9s (cach\u00e9s sous la patte de protection contre les intemp\u00e9ries). Poignets avec renforts en tissu CORDURA\u00ae et fermeture velcro. Poches avant avec fermeture \u00e0 glissi\u00e8re. Effets r\u00e9fl\u00e9chissants.<\/p>\n<p>OEKO-TEX\u00ae STANDARD 100<br \/>\n100% Polyester<br \/>\nRipstop\/3 couches Soft Shell.<br \/>\n360 g\/m<br \/>\nLinge d\u00e9licat, max. 40\u00b0 C ; Pas de blanchiment ; Supporte le s\u00e8che-linge - temp\u00e9rature de d\u00e9part max. 60\u00b0 C ; Pas de repassage ; Supporte le nettoyage normal<\/p>\n<p><a href=\"https:\/\/mascotsitecore-1ccb8.kxcdn.com\/pdf\/23102-246-010-de.pdf\" target=\"_blank\" rel=\"noopener\"><u>Ouvrir la fiche produit<\/u><\/a><\/p>","protected":false},"excerpt":{"rendered":"<ul>\n<li>Respirant, coupe-vent et d\u00e9perlant.<\/li>\n<li>Avec fermeture \u00e9clair et rabat de protection contre les intemp\u00e9ries \u00e0 l'int\u00e9rieur, qui emp\u00eache le vent de passer.<\/li>\n<li>Poches avant zipp\u00e9es pour un rangement s\u00fbr.<\/li>\n<li>L'utilisation r\u00e9sistante de tissu CORDURA\u00ae \u00e0 l'extr\u00e9mit\u00e9 des manches prolonge la dur\u00e9e de vie du produit.<\/li>\n<li>Protection suppl\u00e9mentaire contre le froid gr\u00e2ce au dos rallong\u00e9.<\/li>\n<\/ul>","protected":false},"featured_media":561373,"template":"","meta":[],"product_brand":[],"product_cat":[4186],"product_tag":[],"class_list":{"0":"post-561334","1":"product","2":"type-product","3":"status-publish","4":"has-post-thumbnail","6":"product_cat-jacken","7":"pa_brand-mascot","8":"pa_brand-type-workwear","9":"pa_filter-color-schwarz","11":"first","12":"instock","13":"sale","14":"taxable","15":"shipping-taxable","16":"purchasable","17":"product-type-variable","18":"add-to-wishlist-before_image"},"exclude_global_add_ons":[],"addons":[],"acf":[],"_links":{"self":[{"href":"https:\/\/shop.kustom.ch\/fr\/wp-json\/wp\/v2\/product\/561334"}],"collection":[{"href":"https:\/\/shop.kustom.ch\/fr\/wp-json\/wp\/v2\/product"}],"about":[{"href":"https:\/\/shop.kustom.ch\/fr\/wp-json\/wp\/v2\/types\/product"}],"wp:featuredmedia":[{"embeddable":true,"href":"https:\/\/shop.kustom.ch\/fr\/wp-json\/wp\/v2\/media\/561373"}],"wp:attachment":[{"href":"https:\/\/shop.kustom.ch\/fr\/wp-json\/wp\/v2\/media?parent=561334"}],"wp:term":[{"taxonomy":"product_brand","embeddable":true,"href":"https:\/\/shop.kustom.ch\/fr\/wp-json\/wp\/v2\/product_brand?post=561334"},{"taxonomy":"product_cat","embeddable":true,"href":"https:\/\/shop.kustom.ch\/fr\/wp-json\/wp\/v2\/product_cat?post=561334"},{"taxonomy":"product_tag","embeddable":true,"href":"https:\/\/shop.kustom.ch\/fr\/wp-json\/wp\/v2\/product_tag?post=561334"}],"curies":[{"name":"wp","href":"https:\/\/api.w.org\/{rel}","templated":true}]}}