{"id":561299,"date":"2025-03-04T03:54:57","date_gmt":"2025-03-04T02:54:57","guid":{"rendered":"https:\/\/shop.kustom.ch\/?post_type=product&#038;p=561299"},"modified":"2026-03-30T14:42:31","modified_gmt":"2026-03-30T13:42:31","slug":"werkzeugweste-hardwear","status":"publish","type":"product","link":"https:\/\/shop.kustom.ch\/fr\/produit\/werkzeugweste-hardwear\/","title":{"rendered":"Gilet \u00e0 outils HARDWEAR"},"content":{"rendered":"<p>Les \u00e9paules matelass\u00e9es \u00e9paisses r\u00e9duisent la pression lorsque le gilet est bien rempli d'outils et lourd. Mat\u00e9riau en filet \u00e0 diff\u00e9rents endroits du produit. Fermeture avec une fermeture \u00e9clair \u00e0 double sens. Poches poitrine avec rabat \u00e0 fermeture magn\u00e9tique. Poche poitrine pour tournevis de diff\u00e9rentes longueurs, r\u00e9glable en longueur par bouton-pression \u00e0 l'arri\u00e8re. Renfort en Kevlar\u00ae r\u00e9sistant \u00e0 la perforation au fond de la poche poitrine. Poche pour t\u00e9l\u00e9phone portable avec fermeture \u00e9clair. Anneau en D. Deux poches suspendues en CORDURA\u00ae r\u00e9sistant \u00e0 l'usure \u00e0 l'avant et \u00e0 l'arri\u00e8re - les poches suspendues \u00e0 l'avant ont un renfort en Kevlar\u00ae r\u00e9sistant \u00e0 la perforation au fond. Boucle pour marteau et outils. R\u00e9gulation par boutons sur les c\u00f4t\u00e9s. Effets r\u00e9fl\u00e9chissants. Le produit est grand, car il est destin\u00e9 \u00e0 \u00eatre port\u00e9 par-dessus les v\u00eatements. Les produits contenant des aimants ne doivent PAS \u00eatre port\u00e9s par des personnes portant un stimulateur cardiaque\/ICD ou autre.<\/p>\n<p>OEKO-TEX\u00ae STANDARD 100<br \/>\n65% polyester\/35% coton<br \/>\nStructure en toile.<br \/>\n260 g\/m<br \/>\nLavage couleur, max. 60\u00b0 C ; Pas de blanchiment ; Supporte le s\u00e8che-linge - temp\u00e9rature de d\u00e9part max. 80\u00b0 C ; Repassage \u00e0 temp\u00e9rature moyenne, max. 150\u00b0 C ; Supporte le nettoyage normal<\/p>\n<p><a href=\"https:\/\/mascotsitecore-1ccb8.kxcdn.com\/pdf\/15089-154-09-de.pdf\" target=\"_blank\" rel=\"noopener\"><u>Ouvrir la fiche produit<\/u><\/a><\/p>","protected":false},"excerpt":{"rendered":"<ul>\n<li>De grands empi\u00e8cements en maille robuste rendent le gilet l\u00e9ger et a\u00e9r\u00e9.<\/li>\n<li>La poche de poitrine est dot\u00e9e de renforts int\u00e9rieurs en Kevlar\u00ae, particuli\u00e8rement r\u00e9sistants \u00e0 la perforation par des objets pointus et tranchants.<\/li>\n<li>Sacs suspendus en CORDURA\u00ae r\u00e9sistant avec renforts Kevlar\u00ae - particuli\u00e8rement r\u00e9sistants aux objets pointus et tranchants.<\/li>\n<li>R\u00e9glage par boutons pour l'ajustement sur les c\u00f4t\u00e9s en cas de changement de v\u00eatements en dessous.<\/li>\n<li>Am\u00e9lioration de la visibilit\u00e9 pour l'entourage \u00e0 l'aide d'effets r\u00e9fl\u00e9chissants.<\/li>\n<\/ul>","protected":false},"featured_media":561326,"template":"","meta":[],"product_brand":[],"product_cat":[4208],"product_tag":[],"class_list":{"0":"post-561299","1":"product","2":"type-product","3":"status-publish","4":"has-post-thumbnail","6":"product_cat-westen","7":"pa_brand-mascot","8":"pa_brand-type-workwear","9":"pa_filter-color-schwarz","11":"first","12":"instock","13":"sale","14":"taxable","15":"shipping-taxable","16":"purchasable","17":"product-type-variable","18":"add-to-wishlist-before_image"},"exclude_global_add_ons":[],"addons":[],"acf":[],"_links":{"self":[{"href":"https:\/\/shop.kustom.ch\/fr\/wp-json\/wp\/v2\/product\/561299"}],"collection":[{"href":"https:\/\/shop.kustom.ch\/fr\/wp-json\/wp\/v2\/product"}],"about":[{"href":"https:\/\/shop.kustom.ch\/fr\/wp-json\/wp\/v2\/types\/product"}],"wp:featuredmedia":[{"embeddable":true,"href":"https:\/\/shop.kustom.ch\/fr\/wp-json\/wp\/v2\/media\/561326"}],"wp:attachment":[{"href":"https:\/\/shop.kustom.ch\/fr\/wp-json\/wp\/v2\/media?parent=561299"}],"wp:term":[{"taxonomy":"product_brand","embeddable":true,"href":"https:\/\/shop.kustom.ch\/fr\/wp-json\/wp\/v2\/product_brand?post=561299"},{"taxonomy":"product_cat","embeddable":true,"href":"https:\/\/shop.kustom.ch\/fr\/wp-json\/wp\/v2\/product_cat?post=561299"},{"taxonomy":"product_tag","embeddable":true,"href":"https:\/\/shop.kustom.ch\/fr\/wp-json\/wp\/v2\/product_tag?post=561299"}],"curies":[{"name":"wp","href":"https:\/\/api.w.org\/{rel}","templated":true}]}}