{"id":541872,"date":"2025-03-04T00:26:06","date_gmt":"2025-03-03T23:26:06","guid":{"rendered":"https:\/\/shop.kustom.ch\/?post_type=product&#038;p=541872"},"modified":"2026-03-30T13:05:22","modified_gmt":"2026-03-30T12:05:22","slug":"werkzeugweste-accelerate-safe","status":"publish","type":"product","link":"https:\/\/shop.kustom.ch\/fr\/produit\/werkzeugweste-accelerate-safe\/","title":{"rendered":"Gilet porte-outils ACCELERATE SAFE"},"content":{"rendered":"<p>Fluorescent avec des reflets. Avec une finition hydrofuge. Tissu stretch ultime, l\u00e9ger et tr\u00e8s r\u00e9sistant. Fermeture avec fermeture \u00e9clair. Porte-carte d'identit\u00e9 amovible. Poche de poitrine. Poche poitrine pour t\u00e9l\u00e9phone portable avec rabat. Deux poches suspendues amovibles \u00e0 l'avant et deux poches suspendues \u00e0 l'arri\u00e8re. Les poches arri\u00e8re peuvent \u00eatre boutonn\u00e9es vers le haut. Poche int\u00e9rieure suspendue avec fermeture \u00e0 bouton-pression. Poche suspendue avec poche doubl\u00e9e pour t\u00e9l\u00e9phone portable et fermeture magn\u00e9tique. Poches suspendues avec renforts en Kevlar\u00ae et en tissu CORDURA\u00ae. Passants pour outils de chaque c\u00f4t\u00e9 de la ceinture. R\u00e9glable avec des fermetures \u00e0 glissi\u00e8re des deux c\u00f4t\u00e9s. Ventilation dans le dos. Ventilation sur les c\u00f4t\u00e9s avec fermetures \u00e9clair.<\/p>\n<p>OEKO-TEX\u00ae STANDARD 100 ; EN ISO 20471 - classe 1 ; Hi-Vis groupe C<br \/>\n92% Polyester\/8% \u00c9lasthanne<br \/>\nSTRETCH ULTIME. Peut r\u00e9tr\u00e9cir au maximum de 2%. Le produit est certifi\u00e9 comme conservant ses propri\u00e9t\u00e9s apr\u00e8s 50 lavages \u00e0 la maison.<br \/>\n265 g\/m<br \/>\nLinge d\u00e9licat, max. 40\u00b0 C ; Ne pas blanchir ; Ne pas s\u00e9cher au s\u00e8che-linge ; Ne pas repasser ; Supporte le nettoyage normal<\/p>\n<p><a href=\"https:\/\/mascotsitecore-1ccb8.kxcdn.com\/pdf\/19589-711-14010-de.pdf\" target=\"_blank\" rel=\"noopener\"><u>Ouvrir la fiche produit<\/u><\/a><\/p>","protected":false},"excerpt":{"rendered":"<ul>\n<li>Le tissu stretch est \u00e9lastique dans toutes les directions et offre une libert\u00e9 de mouvement in\u00e9gal\u00e9e, o\u00f9 rien ne tire ou ne g\u00eane.<\/li>\n<li>Le tissu stretch multifonctionnel combine un faible poids avec une tr\u00e8s grande r\u00e9sistance \u00e0 l'usure et est en outre hydrofuge.<\/li>\n<li>Poches suspendues avec renforts en tissu Kevlar\u00ae et CORDURA\u00ae.<\/li>\n<li>Poches suspendues amovibles.<\/li>\n<li>boucles pour outils sur les deux c\u00f4t\u00e9s.<\/li>\n<li>Ventilation dans le dos.<\/li>\n<\/ul>","protected":false},"featured_media":541886,"template":"","meta":[],"product_brand":[],"product_cat":[4208],"product_tag":[],"class_list":{"0":"post-541872","1":"product","2":"type-product","3":"status-publish","4":"has-post-thumbnail","6":"product_cat-westen","7":"pa_brand-mascot","8":"pa_brand-type-workwear","9":"pa_filter-color-blau","10":"pa_filter-color-gelb","11":"pa_filter-color-orange","12":"pa_filter-color-rot","13":"pa_filter-color-schwarz","15":"first","16":"instock","17":"sale","18":"taxable","19":"shipping-taxable","20":"purchasable","21":"product-type-variable","22":"add-to-wishlist-before_image"},"exclude_global_add_ons":[],"addons":[],"acf":[],"_links":{"self":[{"href":"https:\/\/shop.kustom.ch\/fr\/wp-json\/wp\/v2\/product\/541872"}],"collection":[{"href":"https:\/\/shop.kustom.ch\/fr\/wp-json\/wp\/v2\/product"}],"about":[{"href":"https:\/\/shop.kustom.ch\/fr\/wp-json\/wp\/v2\/types\/product"}],"wp:featuredmedia":[{"embeddable":true,"href":"https:\/\/shop.kustom.ch\/fr\/wp-json\/wp\/v2\/media\/541886"}],"wp:attachment":[{"href":"https:\/\/shop.kustom.ch\/fr\/wp-json\/wp\/v2\/media?parent=541872"}],"wp:term":[{"taxonomy":"product_brand","embeddable":true,"href":"https:\/\/shop.kustom.ch\/fr\/wp-json\/wp\/v2\/product_brand?post=541872"},{"taxonomy":"product_cat","embeddable":true,"href":"https:\/\/shop.kustom.ch\/fr\/wp-json\/wp\/v2\/product_cat?post=541872"},{"taxonomy":"product_tag","embeddable":true,"href":"https:\/\/shop.kustom.ch\/fr\/wp-json\/wp\/v2\/product_tag?post=541872"}],"curies":[{"name":"wp","href":"https:\/\/api.w.org\/{rel}","templated":true}]}}