{"id":533277,"date":"2025-03-03T23:26:34","date_gmt":"2025-03-03T22:26:34","guid":{"rendered":"https:\/\/shop.kustom.ch\/?post_type=product&#038;p=533277"},"modified":"2026-03-30T12:44:29","modified_gmt":"2026-03-30T11:44:29","slug":"fleecejacke-accelerate","status":"publish","type":"product","link":"https:\/\/shop.kustom.ch\/fr\/produit\/fleecejacke-accelerate\/","title":{"rendered":"Veste polaire ACCELERATE"},"content":{"rendered":"<p>Coupe moderne, pr\u00e8s du corps, avec une grande libert\u00e9 de mouvement. Fermeture \u00e0 glissi\u00e8re avec rabat de protection contre les intemp\u00e9ries \u00e0 l'int\u00e9rieur. Poche de poitrine avec fermeture \u00e9clair. Poches avant avec fermeture \u00e9clair. Bande \u00e9lastique aux poignets. Effets r\u00e9fl\u00e9chissants.<\/p>\n<p>OEKO-TEX\u00ae STANDARD 100<br \/>\n100% Polyester<br \/>\nTissu polaire au m\u00e8tre.<br \/>\n270 g\/m<br \/>\nLinge d\u00e9licat, max. 40\u00b0 C ; Ne pas blanchir ; Ne pas s\u00e9cher au s\u00e8che-linge ; Ne pas repasser ; Supporte le nettoyage normal<\/p>\n<p><a href=\"https:\/\/mascotsitecore-1ccb8.kxcdn.com\/pdf\/18303-137-010-de.pdf\" target=\"_blank\" rel=\"noopener\"><u>Ouvrir la fiche produit<\/u><\/a><\/p>","protected":false},"excerpt":{"rendered":"<ul>\n<li>Coupe moderne, pr\u00e8s du corps, offrant une grande libert\u00e9 de mouvement.<\/li>\n<li>Avec fermeture \u00e9clair et rabat de protection contre les intemp\u00e9ries \u00e0 l'int\u00e9rieur, qui emp\u00eache le vent de passer.<\/li>\n<li>Col haut flexible et souple.<\/li>\n<li>\u00c9lastique aux extr\u00e9mit\u00e9s des manches.<\/li>\n<li>Am\u00e9lioration de la visibilit\u00e9 pour l'entourage \u00e0 l'aide d'effets r\u00e9fl\u00e9chissants.<\/li>\n<\/ul>","protected":false},"featured_media":533325,"template":"","meta":[],"product_brand":[],"product_cat":[4184],"product_tag":[],"class_list":{"0":"post-533277","1":"product","2":"type-product","3":"status-publish","4":"has-post-thumbnail","6":"product_cat-hoodies-pullover","7":"pa_brand-mascot","8":"pa_brand-type-workwear","9":"pa_filter-color-blau","10":"pa_filter-color-grau","11":"pa_filter-color-gruen","12":"pa_filter-color-rot","13":"pa_filter-color-schwarz","15":"first","16":"instock","17":"sale","18":"taxable","19":"shipping-taxable","20":"purchasable","21":"product-type-variable","22":"add-to-wishlist-before_image"},"exclude_global_add_ons":[],"addons":[],"acf":[],"_links":{"self":[{"href":"https:\/\/shop.kustom.ch\/fr\/wp-json\/wp\/v2\/product\/533277"}],"collection":[{"href":"https:\/\/shop.kustom.ch\/fr\/wp-json\/wp\/v2\/product"}],"about":[{"href":"https:\/\/shop.kustom.ch\/fr\/wp-json\/wp\/v2\/types\/product"}],"wp:featuredmedia":[{"embeddable":true,"href":"https:\/\/shop.kustom.ch\/fr\/wp-json\/wp\/v2\/media\/533325"}],"wp:attachment":[{"href":"https:\/\/shop.kustom.ch\/fr\/wp-json\/wp\/v2\/media?parent=533277"}],"wp:term":[{"taxonomy":"product_brand","embeddable":true,"href":"https:\/\/shop.kustom.ch\/fr\/wp-json\/wp\/v2\/product_brand?post=533277"},{"taxonomy":"product_cat","embeddable":true,"href":"https:\/\/shop.kustom.ch\/fr\/wp-json\/wp\/v2\/product_cat?post=533277"},{"taxonomy":"product_tag","embeddable":true,"href":"https:\/\/shop.kustom.ch\/fr\/wp-json\/wp\/v2\/product_tag?post=533277"}],"curies":[{"name":"wp","href":"https:\/\/api.w.org\/{rel}","templated":true}]}}