{"id":507200,"date":"2025-01-25T00:18:28","date_gmt":"2025-01-24T23:18:28","guid":{"rendered":"https:\/\/shop.kustom.ch\/?post_type=product&#038;p=507200"},"modified":"2026-03-31T10:54:11","modified_gmt":"2026-03-31T09:54:11","slug":"woodlake-heights","status":"publish","type":"product","link":"https:\/\/shop.kustom.ch\/fr\/produit\/woodlake-heights\/","title":{"rendered":"Woodlake Heights"},"content":{"rendered":"<p>Veste d'hiver matelass\u00e9e avec fermetures \u00e0 glissi\u00e8re \u00e9tanches \u00e0 l'avant et sur les poches lat\u00e9rales. Les poches lat\u00e9rales sont trait\u00e9es en m\u00eame temps que la couture de la veste \u00e0 l'int\u00e9rieur, de sorte qu'elles peuvent \u00e9galement \u00eatre utilis\u00e9es comme poches int\u00e9rieures. Fermeture r\u00e9glable par boutons-pression sous les manches. Capuche r\u00e9glable avec cordons \u00e9lastiques.<\/p>\n<p>Mat\u00e9riau : Tissu ext\u00e9rieur : 100% PES recycl\u00e9, 230 g\/m\u00b2, coll\u00e9 \u00e0 une membrane PU, 3000WP\/ 3000 MVP<br \/>\nRembourrage : 100% de PES Fellex recycl\u00e9.<\/p>","protected":false},"excerpt":{"rendered":"<p>Wattierte Winterjacke mit wasserdichten Reissverschl\u00fcssen vorne und an den Seitentaschen. Seitentaschen werden zusammen mit der Naht der Jacke auf der Innenseite verarbeitet, so dass sie auch als Innentaschen verwendet werden k\u00f6nnen. Verstellbarer Druckknopfverschluss an den untern \u00c4rmeln. Verstellbare Kapuze mit elastischen Kordeln. Material: Obermaterial: 100% recyceltes PES, 230 g\/m\u00b2, mit einer PU-Membran verklebt, 3000WP\/ 3000 [&hellip;]<\/p>\n","protected":false},"featured_media":507220,"template":"","meta":[],"product_brand":[],"product_cat":[4186],"product_tag":[],"class_list":{"0":"post-507200","1":"product","2":"type-product","3":"status-publish","4":"has-post-thumbnail","6":"product_cat-jacken","7":"pa_brand-harvest","8":"pa_brand-type-sportswear","9":"pa_filter-color-beige","10":"pa_filter-color-blau","11":"pa_filter-color-schwarz","13":"first","14":"instock","15":"sale","16":"taxable","17":"shipping-taxable","18":"purchasable","19":"product-type-variable","20":"add-to-wishlist-before_image"},"exclude_global_add_ons":[],"addons":[],"acf":[],"_links":{"self":[{"href":"https:\/\/shop.kustom.ch\/fr\/wp-json\/wp\/v2\/product\/507200"}],"collection":[{"href":"https:\/\/shop.kustom.ch\/fr\/wp-json\/wp\/v2\/product"}],"about":[{"href":"https:\/\/shop.kustom.ch\/fr\/wp-json\/wp\/v2\/types\/product"}],"wp:featuredmedia":[{"embeddable":true,"href":"https:\/\/shop.kustom.ch\/fr\/wp-json\/wp\/v2\/media\/507220"}],"wp:attachment":[{"href":"https:\/\/shop.kustom.ch\/fr\/wp-json\/wp\/v2\/media?parent=507200"}],"wp:term":[{"taxonomy":"product_brand","embeddable":true,"href":"https:\/\/shop.kustom.ch\/fr\/wp-json\/wp\/v2\/product_brand?post=507200"},{"taxonomy":"product_cat","embeddable":true,"href":"https:\/\/shop.kustom.ch\/fr\/wp-json\/wp\/v2\/product_cat?post=507200"},{"taxonomy":"product_tag","embeddable":true,"href":"https:\/\/shop.kustom.ch\/fr\/wp-json\/wp\/v2\/product_tag?post=507200"}],"curies":[{"name":"wp","href":"https:\/\/api.w.org\/{rel}","templated":true}]}}