{"id":505322,"date":"2025-01-25T00:09:05","date_gmt":"2025-01-24T23:09:05","guid":{"rendered":"https:\/\/shop.kustom.ch\/?post_type=product&#038;p=505322"},"modified":"2026-03-31T10:55:12","modified_gmt":"2026-03-31T09:55:12","slug":"myers","status":"publish","type":"product","link":"https:\/\/shop.kustom.ch\/fr\/produit\/myers\/","title":{"rendered":"Myers"},"content":{"rendered":"<p>Veste hybride en Softshell coupe-vent et imperm\u00e9able et en Interlock respirant avec surpiq\u00fbres thermiques. Int\u00e9rieur avant avec doublure en mesh suppl\u00e9mentaire. Toute la veste avec traitement d\u00e9perlant C6. Trois poches ext\u00e9rieures et une poche int\u00e9rieure avec fermeture \u00e9clair. Cordon de serrage \u00e9lastique \u00e0 l'ourlet et \u00e0 la capuche fixe. Fermeture des manches avec velcro.<\/p>\n<p>Mati\u00e8re : Softshell ; 96% polyester, 4% \u00e9lasthanne, 280 g\/m\u00b2. Reli\u00e9 \u00e0 une polaire PES 100%. WP 10,000, MVP 4,600. Garnissage : Interlock thermique matelass\u00e9 avec micropolaire \u00e0 l'int\u00e9rieur : 100% polyester, 280 gr \/ m\u00b2. WP 800, MVP 6,000<\/p>","protected":false},"excerpt":{"rendered":"<p>Hybridjacke aus Wind- und Wasserabweisendem Softshell und atmungsaktivem Interlock mit W\u00e4rme Steppung. Front Innen mit zus\u00e4tzlichem Mesh Futter. Ganze Jacke mit C6 wasserabweisender Behandlung. Drei Aussen- und eine Innentasche mit Reissverschluss. Mit elastischem Kordelzug am Saum und an der fixen Kapuze. \u00c4rmelabschluss mit Velcro Verschluss. Material: Softshell; 96% Polyester, 4% Elasthan, 280 g\/m\u00b2. Verbunden mit [&hellip;]<\/p>\n","protected":false},"featured_media":505367,"template":"","meta":[],"product_brand":[],"product_cat":[4186],"product_tag":[],"class_list":{"0":"post-505322","1":"product","2":"type-product","3":"status-publish","4":"has-post-thumbnail","6":"product_cat-jacken","7":"pa_brand-harvest","8":"pa_brand-type-sportswear","9":"pa_filter-color-blau","10":"pa_filter-color-schwarz","12":"first","13":"instock","14":"sale","15":"taxable","16":"shipping-taxable","17":"purchasable","18":"product-type-variable","19":"add-to-wishlist-before_image"},"exclude_global_add_ons":[],"addons":[],"acf":[],"_links":{"self":[{"href":"https:\/\/shop.kustom.ch\/fr\/wp-json\/wp\/v2\/product\/505322"}],"collection":[{"href":"https:\/\/shop.kustom.ch\/fr\/wp-json\/wp\/v2\/product"}],"about":[{"href":"https:\/\/shop.kustom.ch\/fr\/wp-json\/wp\/v2\/types\/product"}],"wp:featuredmedia":[{"embeddable":true,"href":"https:\/\/shop.kustom.ch\/fr\/wp-json\/wp\/v2\/media\/505367"}],"wp:attachment":[{"href":"https:\/\/shop.kustom.ch\/fr\/wp-json\/wp\/v2\/media?parent=505322"}],"wp:term":[{"taxonomy":"product_brand","embeddable":true,"href":"https:\/\/shop.kustom.ch\/fr\/wp-json\/wp\/v2\/product_brand?post=505322"},{"taxonomy":"product_cat","embeddable":true,"href":"https:\/\/shop.kustom.ch\/fr\/wp-json\/wp\/v2\/product_cat?post=505322"},{"taxonomy":"product_tag","embeddable":true,"href":"https:\/\/shop.kustom.ch\/fr\/wp-json\/wp\/v2\/product_tag?post=505322"}],"curies":[{"name":"wp","href":"https:\/\/api.w.org\/{rel}","templated":true}]}}