{"id":503668,"date":"2025-01-24T23:59:16","date_gmt":"2025-01-24T22:59:16","guid":{"rendered":"https:\/\/shop.kustom.ch\/?post_type=product&#038;p=503668"},"modified":"2026-03-31T10:54:16","modified_gmt":"2026-03-31T09:54:16","slug":"brinkley","status":"publish","type":"product","link":"https:\/\/shop.kustom.ch\/fr\/produit\/brinkley\/","title":{"rendered":"Brinkley"},"content":{"rendered":"<p>Parka d'hiver avec une v\u00e9ritable sensation de duvet. La membrane PES prot\u00e8ge du vent et de l'eau (5000WP \/ 5000Mvp). Bionic Finish ECO, finition d\u00e9perlante. Rembourrage en polyester recycl\u00e9 certifi\u00e9 Bluesign. Toutes les coutures importantes sont coll\u00e9es. Capuche et taille r\u00e9glables par \u00e9lastique. Fermeture \u00e9clair m\u00e9tallique double sens sur toute la longueur, rabat coupe-vent et rabats de poches avec boutons magn\u00e9tiques. Boutons-pression cach\u00e9s en haut et tout en bas. Poches poitrine avec fermeture \u00e9clair. 1 poche Napol\u00e9on \u00e0 l'avant sous le coupe-vent. R\u00e9glable sur le bas de la manche par boutons-pression. Bas des manches avec bords-c\u00f4tes. Dos rallong\u00e9 avec fente en V pour une meilleure libert\u00e9 de mouvement.<\/p>\n<p>Mat\u00e9riau : Ext\u00e9rieur : 100% polyester, Remplissage : 100% PET recycl\u00e9<\/p>","protected":false},"excerpt":{"rendered":"<p>Winterparka mit echtem Daunengef\u00fchl. Die PES Membrane sch\u00fctzt vor Wind und Wasser (5000WP \/ 5000Mvp). Bionic Finish ECO, wasserabweisendes Finish. Wattierung aus recyceltem Polyester Bluesign zertifiziert. Alle wichtigen N\u00e4hte sind verklebt. Kapuze und Taille mit Gummizug verstellbar. Durchgehender zweiweg Metallreissverschluss, Windschutzleiste und Taschenklappen mit Magnetkn\u00f6pfen. Verdeckte Druckkn\u00f6pfe oben und ganz unten. Brusttaschen mit Reissverschluss. 1 [&hellip;]<\/p>\n","protected":false},"featured_media":503686,"template":"","meta":[],"product_brand":[],"product_cat":[4186],"product_tag":[],"class_list":{"0":"post-503668","1":"product","2":"type-product","3":"status-publish","4":"has-post-thumbnail","6":"product_cat-jacken","7":"pa_brand-harvest","8":"pa_brand-type-sportswear","9":"pa_filter-color-blau","10":"pa_filter-color-schwarz","12":"first","13":"instock","14":"sale","15":"taxable","16":"shipping-taxable","17":"purchasable","18":"product-type-variable","19":"add-to-wishlist-before_image"},"exclude_global_add_ons":[],"addons":[],"acf":[],"_links":{"self":[{"href":"https:\/\/shop.kustom.ch\/fr\/wp-json\/wp\/v2\/product\/503668"}],"collection":[{"href":"https:\/\/shop.kustom.ch\/fr\/wp-json\/wp\/v2\/product"}],"about":[{"href":"https:\/\/shop.kustom.ch\/fr\/wp-json\/wp\/v2\/types\/product"}],"wp:featuredmedia":[{"embeddable":true,"href":"https:\/\/shop.kustom.ch\/fr\/wp-json\/wp\/v2\/media\/503686"}],"wp:attachment":[{"href":"https:\/\/shop.kustom.ch\/fr\/wp-json\/wp\/v2\/media?parent=503668"}],"wp:term":[{"taxonomy":"product_brand","embeddable":true,"href":"https:\/\/shop.kustom.ch\/fr\/wp-json\/wp\/v2\/product_brand?post=503668"},{"taxonomy":"product_cat","embeddable":true,"href":"https:\/\/shop.kustom.ch\/fr\/wp-json\/wp\/v2\/product_cat?post=503668"},{"taxonomy":"product_tag","embeddable":true,"href":"https:\/\/shop.kustom.ch\/fr\/wp-json\/wp\/v2\/product_tag?post=503668"}],"curies":[{"name":"wp","href":"https:\/\/api.w.org\/{rel}","templated":true}]}}