{"id":468641,"date":"2024-04-26T13:20:56","date_gmt":"2024-04-26T12:20:56","guid":{"rendered":"https:\/\/kustomshop.kinsta.cloud\/?post_type=product&#038;p=468641"},"modified":"2024-04-26T13:31:44","modified_gmt":"2024-04-26T12:31:44","slug":"six-wings-rucksack-3","status":"publish","type":"product","link":"https:\/\/shop.kustom.ch\/fr\/produit\/six-wings-rucksack-3\/","title":{"rendered":"Sac \u00e0 dos Six Wings"},"content":{"rendered":"<p>Le sac \u00e0 dos SIX WINGS est dot\u00e9 d'un compartiment principal spacieux qui offre suffisamment d'espace de rangement pour tout ton mat\u00e9riel. Gr\u00e2ce \u00e0 la double fermeture \u00e9clair pratique, tu peux l'ouvrir rapidement et facilement. Les nombreux extras pratiques font de ce sac \u00e0 dos un v\u00e9ritable must-have : il dispose de poches lat\u00e9rales en mat\u00e9riau mesh, d'une cordelette \u00e9lastique r\u00e9glable \u00e0 l'avant et d'une poche \u00e0 balles amovible en mat\u00e9riau mesh. Le compartiment inf\u00e9rieur s\u00e9par\u00e9 est \u00e9galement tr\u00e8s pratique. Tu peux y ranger tes chaussures de sport s\u00e9par\u00e9ment du reste de ton \u00e9quipement. Les bretelles rembourr\u00e9es assurent un transport confortable.<\/p>","protected":false},"excerpt":{"rendered":"<p>Couleur : curacao\/noir<\/p>","protected":false},"featured_media":468274,"template":"","meta":[],"product_brand":[],"product_cat":[9647],"product_tag":[],"class_list":{"0":"post-468641","1":"product","2":"type-product","3":"status-publish","4":"has-post-thumbnail","6":"product_cat-llt-oberwallis","8":"first","9":"instock","10":"taxable","11":"shipping-taxable","12":"purchasable","13":"product-type-variable","14":"add-to-wishlist-before_image"},"exclude_global_add_ons":[],"addons":[],"acf":[],"_links":{"self":[{"href":"https:\/\/shop.kustom.ch\/fr\/wp-json\/wp\/v2\/product\/468641"}],"collection":[{"href":"https:\/\/shop.kustom.ch\/fr\/wp-json\/wp\/v2\/product"}],"about":[{"href":"https:\/\/shop.kustom.ch\/fr\/wp-json\/wp\/v2\/types\/product"}],"wp:featuredmedia":[{"embeddable":true,"href":"https:\/\/shop.kustom.ch\/fr\/wp-json\/wp\/v2\/media\/468274"}],"wp:attachment":[{"href":"https:\/\/shop.kustom.ch\/fr\/wp-json\/wp\/v2\/media?parent=468641"}],"wp:term":[{"taxonomy":"product_brand","embeddable":true,"href":"https:\/\/shop.kustom.ch\/fr\/wp-json\/wp\/v2\/product_brand?post=468641"},{"taxonomy":"product_cat","embeddable":true,"href":"https:\/\/shop.kustom.ch\/fr\/wp-json\/wp\/v2\/product_cat?post=468641"},{"taxonomy":"product_tag","embeddable":true,"href":"https:\/\/shop.kustom.ch\/fr\/wp-json\/wp\/v2\/product_tag?post=468641"}],"curies":[{"name":"wp","href":"https:\/\/api.w.org\/{rel}","templated":true}]}}