{"id":468593,"date":"2024-04-26T13:19:39","date_gmt":"2024-04-26T12:19:39","guid":{"rendered":"https:\/\/kustomshop.kinsta.cloud\/?post_type=product&#038;p=468593"},"modified":"2025-05-19T08:16:37","modified_gmt":"2025-05-19T07:16:37","slug":"change-by-erima-praesentationshose-damen","status":"publish","type":"product","link":"https:\/\/shop.kustom.ch\/fr\/produit\/change-by-erima-praesentationshose-damen\/","title":{"rendered":"CHANGE by erima Pantalon de pr\u00e9sentation dames"},"content":{"rendered":"<p>Pour une pr\u00e9sentation uniforme lors des comp\u00e9titions ou des matchs ! Le pantalon de pr\u00e9sentation est fabriqu\u00e9 dans un mat\u00e9riau fonctionnel l\u00e9ger qui offre un grand confort gr\u00e2ce \u00e0 une r\u00e9gulation optimale de la temp\u00e9rature. De plus, le mat\u00e9riau est tr\u00e8s \u00e9lastique, ce qui te permet de profiter d'une totale libert\u00e9 de mouvement. Celle-ci est compl\u00e9t\u00e9e par les inserts lat\u00e9raux en stretch. Pour une tenue optimale et un excellent ajustement, le pantalon est dot\u00e9 d'une large taille avec cordon de serrage et de poignets souples au bas des jambes. Gr\u00e2ce \u00e0 sa coupe sp\u00e9ciale pour femmes, il \u00e9pouse parfaitement toutes les formes. La fermeture \u00e9clair au bas des jambes est tr\u00e8s pratique pour l'enfiler et l'enlever facilement. Les poches lat\u00e9rales zipp\u00e9es te permettent de ranger tes objets de valeur en toute s\u00e9curit\u00e9.<\/p>","protected":false},"excerpt":{"rendered":"<p>couleur : noir<\/p>","protected":false},"featured_media":468529,"template":"","meta":[],"product_brand":[],"product_cat":[9647],"product_tag":[],"class_list":{"0":"post-468593","1":"product","2":"type-product","3":"status-publish","4":"has-post-thumbnail","6":"product_cat-llt-oberwallis","8":"first","9":"instock","10":"taxable","11":"shipping-taxable","12":"purchasable","13":"product-type-variable","14":"add-to-wishlist-before_image"},"exclude_global_add_ons":[],"addons":[],"acf":[],"_links":{"self":[{"href":"https:\/\/shop.kustom.ch\/fr\/wp-json\/wp\/v2\/product\/468593"}],"collection":[{"href":"https:\/\/shop.kustom.ch\/fr\/wp-json\/wp\/v2\/product"}],"about":[{"href":"https:\/\/shop.kustom.ch\/fr\/wp-json\/wp\/v2\/types\/product"}],"wp:featuredmedia":[{"embeddable":true,"href":"https:\/\/shop.kustom.ch\/fr\/wp-json\/wp\/v2\/media\/468529"}],"wp:attachment":[{"href":"https:\/\/shop.kustom.ch\/fr\/wp-json\/wp\/v2\/media?parent=468593"}],"wp:term":[{"taxonomy":"product_brand","embeddable":true,"href":"https:\/\/shop.kustom.ch\/fr\/wp-json\/wp\/v2\/product_brand?post=468593"},{"taxonomy":"product_cat","embeddable":true,"href":"https:\/\/shop.kustom.ch\/fr\/wp-json\/wp\/v2\/product_cat?post=468593"},{"taxonomy":"product_tag","embeddable":true,"href":"https:\/\/shop.kustom.ch\/fr\/wp-json\/wp\/v2\/product_tag?post=468593"}],"curies":[{"name":"wp","href":"https:\/\/api.w.org\/{rel}","templated":true}]}}