{"id":468541,"date":"2024-04-26T13:18:23","date_gmt":"2024-04-26T12:18:23","guid":{"rendered":"https:\/\/kustomshop.kinsta.cloud\/?post_type=product&#038;p=468541"},"modified":"2024-04-26T13:20:00","modified_gmt":"2024-04-26T12:20:00","slug":"change-by-erima-praesentationsjacke-herren","status":"publish","type":"product","link":"https:\/\/shop.kustom.ch\/fr\/produit\/change-by-erima-praesentationsjacke-herren\/","title":{"rendered":"Veste de pr\u00e9sentation CHANGE by erima Hommes"},"content":{"rendered":"<p>Cette veste de pr\u00e9sentation de haute qualit\u00e9 est fabriqu\u00e9e dans un mat\u00e9riau fonctionnel tr\u00e8s l\u00e9ger qui assure un grand confort lors des comp\u00e9titions et des matchs. En m\u00eame temps, le mat\u00e9riau convainc par ses propri\u00e9t\u00e9s \u00e9lastiques, de sorte que tu peux profiter d'une totale libert\u00e9 de mouvement. La veste de pr\u00e9sentation est compl\u00e9t\u00e9e par des extras pratiques : des bordures c\u00f4tel\u00e9es aux manches et \u00e0 l'ourlet, un petit col montant et des poches lat\u00e9rales zipp\u00e9es dissimul\u00e9es la rendent compl\u00e8te. Le slogan ERIMA au dos est un d\u00e9tail discret.<\/p>","protected":false},"excerpt":{"rendered":"<p>Couleur : curacao\/mykonos\/blanc<\/p>","protected":false},"featured_media":468527,"template":"","meta":[],"product_brand":[],"product_cat":[9647],"product_tag":[],"class_list":{"0":"post-468541","1":"product","2":"type-product","3":"status-publish","4":"has-post-thumbnail","6":"product_cat-llt-oberwallis","8":"first","9":"instock","10":"taxable","11":"shipping-taxable","12":"purchasable","13":"product-type-variable","14":"add-to-wishlist-before_image"},"exclude_global_add_ons":[],"addons":[],"acf":[],"_links":{"self":[{"href":"https:\/\/shop.kustom.ch\/fr\/wp-json\/wp\/v2\/product\/468541"}],"collection":[{"href":"https:\/\/shop.kustom.ch\/fr\/wp-json\/wp\/v2\/product"}],"about":[{"href":"https:\/\/shop.kustom.ch\/fr\/wp-json\/wp\/v2\/types\/product"}],"wp:featuredmedia":[{"embeddable":true,"href":"https:\/\/shop.kustom.ch\/fr\/wp-json\/wp\/v2\/media\/468527"}],"wp:attachment":[{"href":"https:\/\/shop.kustom.ch\/fr\/wp-json\/wp\/v2\/media?parent=468541"}],"wp:term":[{"taxonomy":"product_brand","embeddable":true,"href":"https:\/\/shop.kustom.ch\/fr\/wp-json\/wp\/v2\/product_brand?post=468541"},{"taxonomy":"product_cat","embeddable":true,"href":"https:\/\/shop.kustom.ch\/fr\/wp-json\/wp\/v2\/product_cat?post=468541"},{"taxonomy":"product_tag","embeddable":true,"href":"https:\/\/shop.kustom.ch\/fr\/wp-json\/wp\/v2\/product_tag?post=468541"}],"curies":[{"name":"wp","href":"https:\/\/api.w.org\/{rel}","templated":true}]}}