{"id":210851,"date":"2024-03-27T13:03:19","date_gmt":"2024-03-27T12:03:19","guid":{"rendered":"https:\/\/kustomshop.kinsta.cloud\/?post_type=product&#038;p=210851"},"modified":"2025-10-22T14:07:16","modified_gmt":"2025-10-22T13:07:16","slug":"fch-winterparka","status":"publish","type":"product","link":"https:\/\/shop.kustom.ch\/fr\/produit\/fch-winterparka\/","title":{"rendered":"Veste d'hiver Function de la FCH"},"content":{"rendered":"<p>Avec la veste d'hiver Function, tu es parfaitement \u00e9quip\u00e9 pour la saison froide. Le rembourrage isolant et la doublure matelass\u00e9e garantissent une chaleur bienfaisante, m\u00eame par des temp\u00e9ratures glaciales. Le tissu ext\u00e9rieur coupe-vent et d\u00e9perlant avec membrane Stop-Water te prot\u00e8ge efficacement de l'humidit\u00e9 et du vent, tandis que l'ourlet r\u00e9glable et les poignets \u00e9lastiques assurent un ajustement parfait. Des caract\u00e9ristiques pratiques comme les poches lat\u00e9rales zipp\u00e9es, une poche int\u00e9rieure \u00e0 velcro et la capuche amovible avec cordon de serrage et stoppeurs rendent cette veste extr\u00eamement polyvalente. Que ce soit en ville, lors d'activit\u00e9s en plein air ou sur le chemin du travail, cette veste allie fonctionnalit\u00e9 et design moderne.<\/p>\n<p>Tissu ext\u00e9rieur : 100 % polyester, 5000 mm PU<br \/>\nRembourrage : 100 % polyester<br \/>\nDoublure int\u00e9rieure : 100 % polyester<\/p>","protected":false},"excerpt":{"rendered":"<p>noir<\/p>","protected":false},"featured_media":671729,"template":"","meta":[],"product_brand":[],"product_cat":[6430],"product_tag":[],"class_list":{"0":"post-210851","1":"product","2":"type-product","3":"status-publish","4":"has-post-thumbnail","6":"product_cat-fc-heiden","8":"first","9":"instock","10":"taxable","11":"shipping-taxable","12":"purchasable","13":"product-type-variable","14":"add-to-wishlist-before_image"},"exclude_global_add_ons":[],"addons":[],"acf":[],"_links":{"self":[{"href":"https:\/\/shop.kustom.ch\/fr\/wp-json\/wp\/v2\/product\/210851"}],"collection":[{"href":"https:\/\/shop.kustom.ch\/fr\/wp-json\/wp\/v2\/product"}],"about":[{"href":"https:\/\/shop.kustom.ch\/fr\/wp-json\/wp\/v2\/types\/product"}],"wp:featuredmedia":[{"embeddable":true,"href":"https:\/\/shop.kustom.ch\/fr\/wp-json\/wp\/v2\/media\/671729"}],"wp:attachment":[{"href":"https:\/\/shop.kustom.ch\/fr\/wp-json\/wp\/v2\/media?parent=210851"}],"wp:term":[{"taxonomy":"product_brand","embeddable":true,"href":"https:\/\/shop.kustom.ch\/fr\/wp-json\/wp\/v2\/product_brand?post=210851"},{"taxonomy":"product_cat","embeddable":true,"href":"https:\/\/shop.kustom.ch\/fr\/wp-json\/wp\/v2\/product_cat?post=210851"},{"taxonomy":"product_tag","embeddable":true,"href":"https:\/\/shop.kustom.ch\/fr\/wp-json\/wp\/v2\/product_tag?post=210851"}],"curies":[{"name":"wp","href":"https:\/\/api.w.org\/{rel}","templated":true}]}}