{"id":106221,"date":"2024-03-20T18:13:58","date_gmt":"2024-03-20T17:13:58","guid":{"rendered":"https:\/\/kustomshop.kinsta.cloud\/produkt\/pro-nordic-race-insulate-jacket-m\/"},"modified":"2026-03-27T14:20:26","modified_gmt":"2026-03-27T13:20:26","slug":"pro-nordic-race-insulate-jacket-m","status":"publish","type":"product","link":"https:\/\/shop.kustom.ch\/fr\/produit\/pro-nordic-race-insulate-jacket-m\/","title":{"rendered":"Veste PRO Nordic Race Insulate M"},"content":{"rendered":"<p>Veste de ski de fond pro-grade haute performance en mati\u00e8re Ventair\u00ae 3 couches, \u00e9lastique et pr\u00e8s du corps, avec une doublure super l\u00e9g\u00e8re pour un confort extr\u00eame dans des conditions froides. Doublure en filet sur le torse pour plus de chaleur, fermeture \u00e9clair invers\u00e9e sur le devant et deux poches avec fermeture \u00e9clair.<br \/>\n- Tricot vertical en maille qui s'ouvre avec les mouvements du corps<br \/>\n- Coutures cousues pour \u00e9viter les frottements<br \/>\n- \u00c9l\u00e9ments r\u00e9fl\u00e9chissants<br \/>\n- Bund de Getapter<br \/>\n- Insert de manches raglan<\/p>\n<p>Mati\u00e8re : Ext\u00e9rieur et manches : Mati\u00e8re 1100% polyester recycl\u00e9 deuxi\u00e8me mati\u00e8re 100% polyur\u00e9thane troisi\u00e8me mati\u00e8re 100% polyester recycl\u00e9 1\u00e8re doublure : 88% polyester recycl\u00e9 12% \u00e9lasthanne 2\u00e8me doublure 100% polyester<\/p>","protected":false},"excerpt":{"rendered":"<p><span><\/span><\/p>","protected":false},"featured_media":106220,"template":"","meta":[],"product_brand":[],"product_cat":[4186],"product_tag":[],"class_list":{"0":"post-106221","1":"product","2":"type-product","3":"status-publish","4":"has-post-thumbnail","6":"product_cat-jacken","7":"pa_brand-craft-retail-sportswear","8":"pa_brand-type-sportswear","9":"pa_filter-color-gruen","10":"pa_filter-color-schwarz","12":"first","13":"outofstock","14":"sale","15":"taxable","16":"shipping-taxable","17":"purchasable","18":"product-type-variable","19":"add-to-wishlist-before_image"},"exclude_global_add_ons":[],"addons":[],"acf":[],"_links":{"self":[{"href":"https:\/\/shop.kustom.ch\/fr\/wp-json\/wp\/v2\/product\/106221"}],"collection":[{"href":"https:\/\/shop.kustom.ch\/fr\/wp-json\/wp\/v2\/product"}],"about":[{"href":"https:\/\/shop.kustom.ch\/fr\/wp-json\/wp\/v2\/types\/product"}],"wp:featuredmedia":[{"embeddable":true,"href":"https:\/\/shop.kustom.ch\/fr\/wp-json\/wp\/v2\/media\/106220"}],"wp:attachment":[{"href":"https:\/\/shop.kustom.ch\/fr\/wp-json\/wp\/v2\/media?parent=106221"}],"wp:term":[{"taxonomy":"product_brand","embeddable":true,"href":"https:\/\/shop.kustom.ch\/fr\/wp-json\/wp\/v2\/product_brand?post=106221"},{"taxonomy":"product_cat","embeddable":true,"href":"https:\/\/shop.kustom.ch\/fr\/wp-json\/wp\/v2\/product_cat?post=106221"},{"taxonomy":"product_tag","embeddable":true,"href":"https:\/\/shop.kustom.ch\/fr\/wp-json\/wp\/v2\/product_tag?post=106221"}],"curies":[{"name":"wp","href":"https:\/\/api.w.org\/{rel}","templated":true}]}}