{"id":103573,"date":"2024-03-20T17:57:55","date_gmt":"2024-03-20T16:57:55","guid":{"rendered":"https:\/\/kustomshop.kinsta.cloud\/produkt\/adv-explore-soft-shell-jacket-m\/"},"modified":"2026-03-27T14:39:40","modified_gmt":"2026-03-27T13:39:40","slug":"adv-explore-soft-shell-jacket-m","status":"publish","type":"product","link":"https:\/\/shop.kustom.ch\/fr\/produit\/adv-explore-soft-shell-jacket-m\/","title":{"rendered":"Veste ADV Explore Soft Shell M"},"content":{"rendered":"<p>Veste softshell innovante en tissu recycl\u00e9, coupe-vent et d\u00e9perlant. Mat\u00e9riau avec int\u00e9rieur doux et bross\u00e9 et grande \u00e9lasticit\u00e9. Avec deux poches lat\u00e9rales zipp\u00e9es, une poche int\u00e9rieure zipp\u00e9e, une capuche r\u00e9glable et un \u00e9lastique \u00e0 l'ourlet et aux poignets.<br \/>\n- WP 8000 \/ MVP 3000<\/p>\n<p>Mat\u00e9riau : avant : 100% polyester recycl\u00e9, milieu : 100% polyur\u00e9thane, arri\u00e8re : 100% polyester recycl\u00e9<\/p>","protected":false},"excerpt":{"rendered":"<p><span><\/span><\/p>","protected":false},"featured_media":103572,"template":"","meta":[],"product_brand":[],"product_cat":[4186],"product_tag":[],"class_list":{"0":"post-103573","1":"product","2":"type-product","3":"status-publish","4":"has-post-thumbnail","6":"product_cat-jacken","7":"pa_brand-craft-retail-sportswear","8":"pa_brand-type-sportswear","9":"pa_filter-color-blau","10":"pa_filter-color-grau","11":"pa_filter-color-rot","12":"pa_filter-color-schwarz","14":"first","15":"instock","16":"sale","17":"taxable","18":"shipping-taxable","19":"purchasable","20":"product-type-variable","21":"add-to-wishlist-before_image"},"exclude_global_add_ons":[],"addons":[],"acf":[],"_links":{"self":[{"href":"https:\/\/shop.kustom.ch\/fr\/wp-json\/wp\/v2\/product\/103573"}],"collection":[{"href":"https:\/\/shop.kustom.ch\/fr\/wp-json\/wp\/v2\/product"}],"about":[{"href":"https:\/\/shop.kustom.ch\/fr\/wp-json\/wp\/v2\/types\/product"}],"wp:featuredmedia":[{"embeddable":true,"href":"https:\/\/shop.kustom.ch\/fr\/wp-json\/wp\/v2\/media\/103572"}],"wp:attachment":[{"href":"https:\/\/shop.kustom.ch\/fr\/wp-json\/wp\/v2\/media?parent=103573"}],"wp:term":[{"taxonomy":"product_brand","embeddable":true,"href":"https:\/\/shop.kustom.ch\/fr\/wp-json\/wp\/v2\/product_brand?post=103573"},{"taxonomy":"product_cat","embeddable":true,"href":"https:\/\/shop.kustom.ch\/fr\/wp-json\/wp\/v2\/product_cat?post=103573"},{"taxonomy":"product_tag","embeddable":true,"href":"https:\/\/shop.kustom.ch\/fr\/wp-json\/wp\/v2\/product_tag?post=103573"}],"curies":[{"name":"wp","href":"https:\/\/api.w.org\/{rel}","templated":true}]}}