{"id":103526,"date":"2024-03-20T17:57:32","date_gmt":"2024-03-20T16:57:32","guid":{"rendered":"https:\/\/kustomshop.kinsta.cloud\/produkt\/core-explore-soft-shell-jacket-m\/"},"modified":"2026-03-27T14:42:16","modified_gmt":"2026-03-27T13:42:16","slug":"core-explore-soft-shell-jacket-m","status":"publish","type":"product","link":"https:\/\/shop.kustom.ch\/fr\/produit\/core-explore-soft-shell-jacket-m\/","title":{"rendered":"CORE Explore Veste Soft Shell M"},"content":{"rendered":"<p>Veste softshell polyvalente en mati\u00e8re douce et \u00e9lastique, le choix parfait pour un usage quotidien. Avec deux poches lat\u00e9rales zipp\u00e9es, un cordon de serrage \u00e0 la taille et un \u00e9lastique aux poignets.<br \/>\n- Deux poches lat\u00e9rales avec fermeture \u00e9clair<br \/>\n-cordon de serrage \u00e0 la taille et poignets \u00e9lastiques<br \/>\n-poche int\u00e9rieure avec fermeture \u00e9clair<br \/>\n-Logo Craft sur la poitrine droite<\/p>\n<p>Mati\u00e8re : 100% polyester recycl\u00e9<\/p>","protected":false},"excerpt":{"rendered":"<p><span><\/span><\/p>","protected":false},"featured_media":103525,"template":"","meta":[],"product_brand":[],"product_cat":[4186],"product_tag":[],"class_list":{"0":"post-103526","1":"product","2":"type-product","3":"status-publish","4":"has-post-thumbnail","6":"product_cat-jacken","7":"pa_brand-craft-retail-sportswear","8":"pa_brand-type-sportswear","9":"pa_filter-color-blau","10":"pa_filter-color-grau","11":"pa_filter-color-schwarz","13":"first","14":"instock","15":"sale","16":"taxable","17":"shipping-taxable","18":"purchasable","19":"product-type-variable","20":"add-to-wishlist-before_image"},"exclude_global_add_ons":[],"addons":[],"acf":[],"_links":{"self":[{"href":"https:\/\/shop.kustom.ch\/fr\/wp-json\/wp\/v2\/product\/103526"}],"collection":[{"href":"https:\/\/shop.kustom.ch\/fr\/wp-json\/wp\/v2\/product"}],"about":[{"href":"https:\/\/shop.kustom.ch\/fr\/wp-json\/wp\/v2\/types\/product"}],"wp:featuredmedia":[{"embeddable":true,"href":"https:\/\/shop.kustom.ch\/fr\/wp-json\/wp\/v2\/media\/103525"}],"wp:attachment":[{"href":"https:\/\/shop.kustom.ch\/fr\/wp-json\/wp\/v2\/media?parent=103526"}],"wp:term":[{"taxonomy":"product_brand","embeddable":true,"href":"https:\/\/shop.kustom.ch\/fr\/wp-json\/wp\/v2\/product_brand?post=103526"},{"taxonomy":"product_cat","embeddable":true,"href":"https:\/\/shop.kustom.ch\/fr\/wp-json\/wp\/v2\/product_cat?post=103526"},{"taxonomy":"product_tag","embeddable":true,"href":"https:\/\/shop.kustom.ch\/fr\/wp-json\/wp\/v2\/product_tag?post=103526"}],"curies":[{"name":"wp","href":"https:\/\/api.w.org\/{rel}","templated":true}]}}