{"id":695229,"date":"2026-03-16T16:05:11","date_gmt":"2026-03-16T15:05:11","guid":{"rendered":"https:\/\/shop.kustom.ch\/?post_type=product&#038;p=695229"},"modified":"2026-03-31T08:44:04","modified_gmt":"2026-03-31T07:44:04","slug":"blaklaeder-toolrig-schnalle","status":"publish","type":"product","link":"https:\/\/shop.kustom.ch\/en\/product\/blaklaeder-toolrig-schnalle\/","title":{"rendered":"Bl\u00e5kl\u00e4der ToolRig\u2122 buckle"},"content":{"rendered":"<p>Give your favourite bags a second life - and a place on your belt. This is the same buckle used on Bl\u00e5kl\u00e4der ToolRig\u2122 accessories such as tool bags and hammer holders. Attach it to existing tools or accessories to make it compatible with the ToolRig\u2122 belt on our trousers. Ideal for retrofitting or replacing a buckle that is broken after hard use. For a complete setup, combine the buckle with a slider (Art. 2535 or 2536). Screws for fastening are included.<\/p>","protected":false},"excerpt":{"rendered":"<p>Schenke deinen Lieblingstaschen ein zweites Leben \u2014 und einen Platz an deinem G\u00fcrtel. Dies ist dieselbe Schnalle, die bei Bl\u00e5kl\u00e4der ToolRig\u2122 Zubeh\u00f6r wie Werkzeugtaschen und Hammerhaltern zum Einsatz kommt. Befestige sie an vorhandenen Werkzeugen oder Zubeh\u00f6r, um sie mit dem ToolRig\u2122 G\u00fcrtel an unseren Hosen kompatibel zu machen. Ideal zum Nachr\u00fcsten oder zum Ersetzen einer [&hellip;]<\/p>\n","protected":false},"featured_media":695236,"template":"","meta":[],"product_brand":[],"product_cat":[4209],"product_tag":[],"class_list":{"0":"post-695229","1":"product","2":"type-product","3":"status-publish","4":"has-post-thumbnail","6":"product_cat-zubehoer","7":"pa_brand-blaklaeder","8":"pa_brand-type-workwear","9":"pa_filter-color-schwarz","11":"first","12":"instock","13":"sale","14":"taxable","15":"shipping-taxable","16":"purchasable","17":"product-type-variable","18":"add-to-wishlist-before_image"},"exclude_global_add_ons":[],"addons":[],"acf":[],"_links":{"self":[{"href":"https:\/\/shop.kustom.ch\/en\/wp-json\/wp\/v2\/product\/695229"}],"collection":[{"href":"https:\/\/shop.kustom.ch\/en\/wp-json\/wp\/v2\/product"}],"about":[{"href":"https:\/\/shop.kustom.ch\/en\/wp-json\/wp\/v2\/types\/product"}],"wp:featuredmedia":[{"embeddable":true,"href":"https:\/\/shop.kustom.ch\/en\/wp-json\/wp\/v2\/media\/695236"}],"wp:attachment":[{"href":"https:\/\/shop.kustom.ch\/en\/wp-json\/wp\/v2\/media?parent=695229"}],"wp:term":[{"taxonomy":"product_brand","embeddable":true,"href":"https:\/\/shop.kustom.ch\/en\/wp-json\/wp\/v2\/product_brand?post=695229"},{"taxonomy":"product_cat","embeddable":true,"href":"https:\/\/shop.kustom.ch\/en\/wp-json\/wp\/v2\/product_cat?post=695229"},{"taxonomy":"product_tag","embeddable":true,"href":"https:\/\/shop.kustom.ch\/en\/wp-json\/wp\/v2\/product_tag?post=695229"}],"curies":[{"name":"wp","href":"https:\/\/api.w.org\/{rel}","templated":true}]}}